{"id":8804,"date":"2025-11-20T10:43:51","date_gmt":"2025-11-20T09:43:51","guid":{"rendered":"https:\/\/www.oceanvacances.com\/?page_id=8804"},"modified":"2026-03-11T11:28:44","modified_gmt":"2026-03-11T10:28:44","slug":"mobile-home-rental-royan","status":"publish","type":"page","link":"https:\/\/www.oceanvacances.com\/en\/holiday-rentals-in-saint-georges-de-didonne\/mobile-home-rental-royan\/","title":{"rendered":"Mobile Homes"},"content":{"rendered":"<div id=\"gap-2033825658\" class=\"gap-element clearfix\" style=\"display:block; height:auto;\">\n\t\t\n<style>\n#gap-2033825658 {\n  padding-top: 50px;\n}\n@media (min-width:550px) {\n  #gap-2033825658 {\n    padding-top: 30px;\n  }\n}\n<\/style>\n\t<\/div>\n\t\n\n\t<section class=\"section\" id=\"section_2003750087\">\n\t\t<div class=\"section-bg fill\" >\n\t\t\t<img loading=\"lazy\" decoding=\"async\" width=\"768\" height=\"512\" src=\"https:\/\/www.oceanvacances.com\/wp-content\/uploads\/2026\/01\/camping-charente-maritime-2.png\" class=\"bg attachment-original size-original\" alt=\"Campsite Charente Maritime (2)\" \/>\t\t\t\t\t\t\n\t\t\t\n\n\t\t<\/div>\n\n\t\t\t<div class=\"ux-shape-divider ux-shape-divider--top ux-shape-divider--style-waves-opacity-3\">\n\t\t<svg viewbox=\"0 0 1000 300\" xmlns=\"http:\/\/www.w3.org\/2000\/svg\" preserveaspectratio=\"none\">\n\t<path class=\"ux-shape-fill\" opacity=\"0.05\" d=\"M1014 264V386H206L34 300C34 300 344.42 277.16 436 221C542 156 590 160 704 209C811 255 899.11 214.94 979 346L1014 264Z\"\/>\n\t<path class=\"ux-shape-fill\" opacity=\"0.1\" d=\"M-302 55C-302 55 -66.73 263.25 50 214C178 160 283 116 353 141C445.68 174.1 534.28 256.19 588 249C692.9 235 764.52 75.94 855 131C940.61 183.09 1000 254 1000 254V328L-306 338L-302 55Z\"\/>\n\t<path class=\"ux-shape-fill\" opacity=\"0.15\" d=\"M-286 255C-286 255 -72 152 52 126C176 100 255 155 436 227C581.57 284.91 614.7 277.79 708 227C787 184 1009 3.0001 1093 164C1146 265.63 1031 293 1031 293L924 377L-288 389L-286 255Z\"\/>\n\t<path class=\"ux-shape-fill\" opacity=\"0.3\" d=\"M-24 69C-24 69 275.68 370.66 389 314C397 310 622 316 673 356C690.47 369.7 845 224 890 182C944.8 130.85 1018 92 1078 143C1154.12 207.7 1196 242 1196 242L1184 374L-28 386L-24 69Z\"\/>\n\t<path class=\"ux-shape-fill\" d=\"M-12 201C-12 201 58 284 182 258C306 232 342.29 221.23 456 264C565 305 640.82 288.36 721 249C776 222 837.5 191.31 935 253C984 284 1030 279 1030 279L1024 430L-12 440V201Z\"\/>\n<\/svg>\n\t<\/div>\n\n\t<div class=\"ux-shape-divider ux-shape-divider--bottom ux-shape-divider--style-waves-opacity-2\">\n\t\t<svg viewbox=\"0 0 1000 300\" xmlns=\"http:\/\/www.w3.org\/2000\/svg\" preserveaspectratio=\"none\">\n  <path class=\"ux-shape-fill\" opacity=\"0.15\" d=\"M0 299L-2 19.9998C153 -16.0002 308 155 413 184C515.64 212.35 562 152 645 153C725 154 787 206 874 233C939.54 253.34 975 248 1000 244.61V299H0Z\"\/>\n  <path class=\"ux-shape-fill\" opacity=\"0.3\" d=\"M0 300L-2 34C155 -9.00003 300 178 403 212C504.11 245.38 562 165 645 166C725 167 790.09 220.07 874 253C939.21 278.59 978.07 269.72 1000 263.61V300H0Z\"\/>\n  <path class=\"ux-shape-fill\" d=\"M0 300L-1 69.7099C216 56.9999 299.47 198.86 403 226C506 253 577 196 660 197C740 198 790.09 234.07 874 267C935.23 291 982 282.61 1000 277.61V300H0Z\"\/>\n<\/svg>\n\t<\/div>\n\n\t\t<div class=\"section-content relative\">\n\t\t\t\n<div class=\"row align-right\"  id=\"row-1889041631\">\n\n\t<div id=\"col-160846900\" class=\"col medium-6 small-12 large-6\"  >\n\t\t\t\t<div class=\"col-inner text-center\" style=\"background-color:rgba(255, 255, 255, 0.86);\" >\n\t\t\t\n\t\t\t\n<h1>Mobile home rental in Saint Georges de Didonne<\/h1>\n\t\t<\/div>\n\t\t\t\t\n<style>\n#col-160846900 > .col-inner {\n  padding: 30px 30px 30px 30px;\n  margin: 30px 0px 0px 0px;\n  border-radius: 30px;\n}\n@media (min-width:550px) {\n  #col-160846900 > .col-inner {\n    padding: 30px 30px 30px 30px;\n    margin: 50px 0px 50px 0px;\n  }\n}\n<\/style>\n\t<\/div>\n\n\t\n<\/div>\n\t\t<\/div>\n\n\t\t\n<style>\n#section_2003750087 {\n  padding-top: 50px;\n  padding-bottom: 50px;\n}\n#section_2003750087 .ux-shape-divider--top svg {\n  height: 50px;\n  --divider-top-width: 100%;\n}\n#section_2003750087 .ux-shape-divider--top .ux-shape-fill {\n  fill: rgb(255,255,255);\n}\n#section_2003750087 .ux-shape-divider--bottom svg {\n  height: 150px;\n  --divider-width: 130%;\n}\n#section_2003750087 .ux-shape-divider--bottom .ux-shape-fill {\n  fill: rgb(255, 255, 255);\n}\n@media (min-width:550px) {\n  #section_2003750087 .ux-shape-divider--top svg {\n    height: 200px;\n    --divider-top-width: 100%;\n  }\n}\n<\/style>\n\t<\/section>\n\t\n\n\t<section class=\"section\" id=\"section_871999961\">\n\t\t<div class=\"section-bg fill\" >\n\t\t\t\t\t\t\t\t\t\n\t\t\t\n\n\t\t<\/div>\n\n\t\t\n\n\t\t<div class=\"section-content relative\">\n\t\t\t\n<div class=\"row row-large align-middle align-center\"  id=\"row-1807419501\">\n\n\t<div id=\"col-1275388236\" class=\"col medium-4 small-12 large-4\"  >\n\t\t\t\t<div class=\"col-inner\"  >\n\t\t\t\n\t\t\t\n\t<div class=\"img has-hover x md-x lg-x y md-y lg-y\" id=\"image_1919217657\">\n\t\t\t\t\t\t\t\t<div class=\"img-inner image-cover dark\" style=\"padding-top:300px;\">\n\t\t\t<img loading=\"lazy\" decoding=\"async\" width=\"462\" height=\"411\" src=\"https:\/\/www.oceanvacances.com\/wp-content\/uploads\/2026\/01\/Location-mobil-home-Royan.png\" class=\"attachment-large size-large\" alt=\"Mobile home rental Royan\" srcset=\"https:\/\/www.oceanvacances.com\/wp-content\/uploads\/2026\/01\/Location-mobil-home-Royan.png 462w, https:\/\/www.oceanvacances.com\/wp-content\/uploads\/2026\/01\/Location-mobil-home-Royan-370x329.png 370w, https:\/\/www.oceanvacances.com\/wp-content\/uploads\/2026\/01\/Location-mobil-home-Royan-13x12.png 13w\" sizes=\"auto, (max-width: 462px) 100vw, 462px\" \/>\t\t\t\t\t\t\n\t\t\t\t\t<\/div>\n\t\t\t\t\t\t\t\t\n<style>\n#image_1919217657 {\n  width: 100%;\n}\n<\/style>\n\t<\/div>\n\t\n\t\t<\/div>\n\t\t\t\t\n<style>\n#col-1275388236 > .col-inner {\n  margin: 0px 0px 0px 0px;\n}\n@media (min-width:550px) {\n  #col-1275388236 > .col-inner {\n    margin: 50px 0px 0px 0px;\n  }\n}\n<\/style>\n\t<\/div>\n\n\t\n\n\t<div id=\"col-1492177524\" class=\"col medium-12 small-12 large-8 small-col-first\"  >\n\t\t\t\t<div class=\"col-inner\"  >\n\t\t\t\n\t\t\t\n<p>For your holidays in Charente-Maritime, stay at Camping Oc\u00e9an Vacances**** in Saint-Georges-de-Didonne, <strong><a href=\"https:\/\/www.oceanvacances.com\/en\/camping-charente-maritime\/holidays-in-royan\/\">near Royan<\/a><\/strong>, and enjoy a<a href=\"https:\/\/www.oceanvacances.com\/en\/holiday-rentals-in-saint-georges-de-didonne\/mobile-home-rental-royan\/\"><strong> comfortable mobile home<\/strong><\/a> in an exceptional natural setting, less than a kilometre from the beach.<\/p>\n<p>Our new or renovated accommodation combines comfort, conviviality and nature, for a peaceful stay on the shores of the Atlantic Ocean. In the heart of a hilly, pedestrianised estate, nestling in the Suzac forest, our accommodation is perfect for holidays with family or friends, between sea, sun and relaxation.<\/p>\n\t\t<\/div>\n\t\t\t\t\n<style>\n#col-1492177524 > .col-inner {\n  padding: 0px 0px 0px 0px;\n  margin: 30px 0px 0px 0px;\n}\n@media (min-width:550px) {\n  #col-1492177524 > .col-inner {\n    margin: 50px 0px 0px 0px;\n  }\n}\n<\/style>\n\t<\/div>\n\n\t\n<\/div>\n<div class=\"row row-large align-middle align-center\"  id=\"row-426610860\">\n\n\t<div id=\"col-310427340\" class=\"col medium-12 small-12 large-12 small-col-first\"  >\n\t\t\t\t<div class=\"col-inner\"  >\n\t\t\t\n\t\t\t\n<h2>Rent your mobile home for 1 to 8 people<\/h2>\n\t\t<\/div>\n\t\t\t\t\n<style>\n#col-310427340 > .col-inner {\n  padding: 0px 0 0px 0px;\n  margin: 0px 0px 0px 0px;\n}\n@media (min-width:550px) {\n  #col-310427340 > .col-inner {\n    padding: 0px 10% 0px 0px;\n    margin: 50px 0px 0px 0px;\n  }\n}\n@media (min-width:850px) {\n  #col-310427340 > .col-inner {\n    padding: 0px 0px 0px 0px;\n  }\n}\n<\/style>\n\t<\/div>\n\n\t\n\n\t<div id=\"col-1087430393\" class=\"col medium-12 small-12 large-7 small-col-first\"  >\n\t\t\t\t<div class=\"col-inner\"  >\n\t\t\t\n\t\t\t\n\t<div id=\"text-1683866950\" class=\"text li-check\">\n\t\t\n<p>Book your mobile home rental in Saint-Georges-de-Didonne from a wide range of accommodation for 2 to 8 people, from 24 to 40 m\u00b2. Whether you're travelling as a couple, a family or with friends, you'll find accommodation to suit your needs: from the 1-bedroom mobile home, ideal for a couple, to the large 4-bedroom model for a whole family. All our mobile homes have :<\/p>\n<ul>\n<li>A bright, comfortable lounge with television,<\/li>\n<li>Fully equipped kitchen (fridge, microwave, coffee maker, full set of crockery),<\/li>\n<li>Reversible air conditioning,<\/li>\n<li>One or more bedrooms with storage,<\/li>\n<li>A functional shower room,<\/li>\n<li>And a covered terrace with garden furniture.<\/li>\n<\/ul>\n<p>Set under the pine trees, close to the water park and the campsite's services, our mobile homes offer the perfect balance between comfort and nature. All in a calm, leafy setting that's perfect for relaxing.<\/p>\n\t\t\t<\/div>\n\t\n\t\t<\/div>\n\t\t\t\t\n<style>\n#col-1087430393 > .col-inner {\n  padding: 0px 0 0px 0px;\n  margin: 0px 0px 0px 0px;\n}\n@media (min-width:550px) {\n  #col-1087430393 > .col-inner {\n    padding: 0px 10% 0px 0px;\n    margin: 0px 0px 0px 0px;\n  }\n}\n@media (min-width:850px) {\n  #col-1087430393 > .col-inner {\n    padding: 0px 0px 0px 0px;\n  }\n}\n<\/style>\n\t<\/div>\n\n\t\n\n\t<div id=\"col-1892630613\" class=\"col medium-5 small-12 large-5\"  >\n\t\t\t\t<div class=\"col-inner text-center\"  >\n\t\t\t\n\t\t\t\n\t<div class=\"img has-hover x md-x lg-x y md-y lg-y\" id=\"image_1321635688\">\n\t\t\t\t\t\t\t\t<div class=\"img-inner image-cover dark\" style=\"padding-top:300px;margin:0px 0px 50px 0px;\">\n\t\t\t<img loading=\"lazy\" decoding=\"async\" width=\"370\" height=\"329\" src=\"https:\/\/www.oceanvacances.com\/wp-content\/uploads\/2026\/01\/Camping-Ocean-vacances-Royan-Mobilhome-370x329.png\" class=\"attachment-medium size-medium\" alt=\"Campsite Oc\u00e9an Vacances Royan Mobilhome\" srcset=\"https:\/\/www.oceanvacances.com\/wp-content\/uploads\/2026\/01\/Camping-Ocean-vacances-Royan-Mobilhome-370x329.png 370w, https:\/\/www.oceanvacances.com\/wp-content\/uploads\/2026\/01\/Camping-Ocean-vacances-Royan-Mobilhome-13x12.png 13w, https:\/\/www.oceanvacances.com\/wp-content\/uploads\/2026\/01\/Camping-Ocean-vacances-Royan-Mobilhome.png 462w\" sizes=\"auto, (max-width: 370px) 100vw, 370px\" \/>\t\t\t\t\t\t\n\t\t\t\t\t<\/div>\n\t\t\t\t\t\t\t\t\n<style>\n#image_1321635688 {\n  width: 100%;\n}\n<\/style>\n\t<\/div>\n\t\n<a href=\"https:\/\/www.oceanvacances.com\/en\/accommodation\/mobile-homes-2\/\" class=\"button primary\" >\n\t\t<span>I choose my mobile home<\/span>\n\t<\/a>\n\n\t\t<\/div>\n\t\t\t\t\n<style>\n#col-1892630613 > .col-inner {\n  margin: 0px 0px 0px 0px;\n}\n<\/style>\n\t<\/div>\n\n\t\n<\/div>\n<div class=\"row row-large align-center\"  id=\"row-1677061187\">\n\n\t<div id=\"col-1072518325\" class=\"col medium-12 small-12 large-12 small-col-first\"  >\n\t\t\t\t<div class=\"col-inner\"  >\n\t\t\t\n\t\t\t\n<h2>Several unique models to suit you<\/h2>\n\t<div id=\"text-3793785753\" class=\"text li-check\">\n\t\t\n<p>At the Oc\u00e9an Vacances** campsite, every holidaymaker will find the mobile home that's right for them. Our mobile home models have been designed to suit all tastes and budgets:<br \/>\n\t\t\t<\/div>\n\t\n\t\t<\/div>\n\t\t\t\t\n<style>\n#col-1072518325 > .col-inner {\n  padding: 0px 0 0px 0px;\n  margin: 0px 0px 0px 0px;\n}\n@media (min-width:550px) {\n  #col-1072518325 > .col-inner {\n    padding: 0px 10% 0px 0px;\n    margin: 50px 0px 0px 0px;\n  }\n}\n@media (min-width:850px) {\n  #col-1072518325 > .col-inner {\n    padding: 0px 0px 0px 0px;\n  }\n}\n<\/style>\n\t<\/div>\n\n\t\n\n\t<div id=\"col-1864018374\" class=\"col medium-12 small-12 large-6 small-col-first\"  >\n\t\t\t\t<div class=\"col-inner\"  >\n\t\t\t\n\t\t\t\n\t<div id=\"text-392233676\" class=\"text li-check\">\n\t\t\n<ul>\n<li>\n<h3><span style=\"font-weight: 400;\">Mobile home Nautilus****<\/span><\/h3>\n<\/li>\n<\/ul>\n<p>The two-bedroom mobile home Nautilus**** sleeps up to 4 people. With air conditioning and an enclosed semi-covered terrace, it's the perfect accommodation for a peaceful, comfortable holiday.<\/p>\n<ul>\n<li>\n<h3><span style=\"font-weight: 400;\">Mobile home Lagune****<\/span><\/h3>\n<\/li>\n<\/ul>\n<p>The Lagune mobile home can sleep up to 6 people in its three bedrooms. Air-conditioned and equipped with a television, it also has a covered or semi-covered wooden terrace, ideal for making the most of balmy summer evenings.<\/p>\n<ul>\n<li>\n<h3>Mobile home Abysse****<\/h3>\n<\/li>\n<\/ul>\n<p>The two-bedroom Abysse mobile home sleeps up to 4 people. It has air conditioning, a television and a semi-covered wooden terrace, ideal for relaxing outdoors.<br \/>\n\t\t\t<\/div>\n\t\n\t\t<\/div>\n\t\t\t\t\n<style>\n#col-1864018374 > .col-inner {\n  padding: 0px 0 0px 0px;\n  margin: 0px 0px 0px 0px;\n}\n@media (min-width:550px) {\n  #col-1864018374 > .col-inner {\n    padding: 0px 10% 0px 0px;\n    margin: 0px 0px 0px 0px;\n  }\n}\n@media (min-width:850px) {\n  #col-1864018374 > .col-inner {\n    padding: 0px 0px 0px 0px;\n  }\n}\n<\/style>\n\t<\/div>\n\n\t\n\n\t<div id=\"col-1880049412\" class=\"col medium-5 small-12 large-5\"  >\n\t\t\t\t<div class=\"col-inner\"  >\n\t\t\t\n\t\t\t\n\t<div class=\"img has-hover x md-x lg-x y md-y lg-y\" id=\"image_87810285\">\n\t\t\t\t\t\t\t\t<div class=\"img-inner dark\" >\n\t\t\t<img loading=\"lazy\" decoding=\"async\" width=\"462\" height=\"411\" src=\"https:\/\/www.oceanvacances.com\/wp-content\/uploads\/2026\/01\/Camping-4-etoiles-a-Saint-Georges-de-Didonne.png\" class=\"attachment-large size-large\" alt=\"4-star campsite in Saint Georges De Didonne\" srcset=\"https:\/\/www.oceanvacances.com\/wp-content\/uploads\/2026\/01\/Camping-4-etoiles-a-Saint-Georges-de-Didonne.png 462w, https:\/\/www.oceanvacances.com\/wp-content\/uploads\/2026\/01\/Camping-4-etoiles-a-Saint-Georges-de-Didonne-370x329.png 370w, https:\/\/www.oceanvacances.com\/wp-content\/uploads\/2026\/01\/Camping-4-etoiles-a-Saint-Georges-de-Didonne-13x12.png 13w\" sizes=\"auto, (max-width: 462px) 100vw, 462px\" \/>\t\t\t\t\t\t\n\t\t\t\t\t<\/div>\n\t\t\t\t\t\t\t\t\n<style>\n#image_87810285 {\n  width: 100%;\n}\n<\/style>\n\t<\/div>\n\t\n\t\t<\/div>\n\t\t\t\t\t<\/div>\n\n\t\n<\/div>\n<div class=\"row row-large align-center\"  id=\"row-1337309283\">\n\n\t<div id=\"col-273936355\" class=\"col medium-12 small-12 large-12 small-col-first\"  >\n\t\t\t\t<div class=\"col-inner\"  >\n\t\t\t\n\t\t\t\n<p><strong>Examples of models available:<\/strong><\/p>\n\t\n  \n    <div class=\"row large-columns-3 medium-columns- small-columns-2 row-large\" >\n  \n\t     <div class=\"col\" >\n\t\t\t\t\t\t<div class=\"col-inner\">\n\t\t\t\t\t\t\n<div class=\"badge-container absolute left top z-1\">\n\n<\/div>\n\t\t\t\t\t\t<div class=\"product-small box has-hover box-normal box-text-bottom\">\n\t\t\t\t\t\t\t<div class=\"box-image\" >\n\t\t\t\t\t\t\t\t<div class=\"image-cover\" style=\"padding-top:80%;\">\n\t\t\t\t\t\t\t\t\t<a href=\"https:\/\/www.oceanvacances.com\/en\/accommodations\/mobile-homes-2\/nautilus-2\/\" aria-label=\"Nautilus\">\n\t\t\t\t\t\t\t\t\t\t<img loading=\"lazy\" decoding=\"async\" width=\"247\" height=\"296\" src=\"https:\/\/www.oceanvacances.com\/wp-content\/uploads\/2025\/10\/salon-mobil-home-nautilus-avec-2-chambres-Camping-Ocean-Vacances-a-Saint-Georges-de-Didonne-247x296.jpg\" class=\"show-on-hover absolute fill hide-for-small back-image\" alt=\"Salon Mobil Home Nautilus Avec 2 Chambres Camping Oc\u00e9an Vacances \u00e0 Saint Georges De Didonne\" aria-hidden=\"true\" \/><img loading=\"lazy\" decoding=\"async\" width=\"768\" height=\"512\" src=\"https:\/\/www.oceanvacances.com\/wp-content\/uploads\/2025\/10\/mobil-home-nautilus-avec-2-chambres-Camping-Ocean-Vacances-a-Saint-Georges-de-Didonne-768x512.png\" class=\"attachment-medium_large size-medium_large\" alt=\"Mobil Home Nautilus With 2 Bedrooms Camping Oc\u00e9an Vacances \u00e0 Saint Georges De Didonne\" srcset=\"https:\/\/www.oceanvacances.com\/wp-content\/uploads\/2025\/10\/mobil-home-nautilus-avec-2-chambres-Camping-Ocean-Vacances-a-Saint-Georges-de-Didonne-768x512.png 768w, https:\/\/www.oceanvacances.com\/wp-content\/uploads\/2025\/10\/mobil-home-nautilus-avec-2-chambres-Camping-Ocean-Vacances-a-Saint-Georges-de-Didonne-370x247.png 370w, https:\/\/www.oceanvacances.com\/wp-content\/uploads\/2025\/10\/mobil-home-nautilus-avec-2-chambres-Camping-Ocean-Vacances-a-Saint-Georges-de-Didonne-1020x680.png 1020w, https:\/\/www.oceanvacances.com\/wp-content\/uploads\/2025\/10\/mobil-home-nautilus-avec-2-chambres-Camping-Ocean-Vacances-a-Saint-Georges-de-Didonne-18x12.png 18w, https:\/\/www.oceanvacances.com\/wp-content\/uploads\/2025\/10\/mobil-home-nautilus-avec-2-chambres-Camping-Ocean-Vacances-a-Saint-Georges-de-Didonne-510x340.png 510w, https:\/\/www.oceanvacances.com\/wp-content\/uploads\/2025\/10\/mobil-home-nautilus-avec-2-chambres-Camping-Ocean-Vacances-a-Saint-Georges-de-Didonne.png 1200w\" sizes=\"auto, (max-width: 768px) 100vw, 768px\" \/>\t\t\t\t\t\t\t\t\t<\/a>\n\t\t\t\t\t\t\t\t\t\t\t\t\t\t\t\t\t\t \t\t\t\t\t\t\t\t<\/div>\n\t\t\t\t\t\t\t\t<div class=\"image-tools top right show-on-hover\">\n\t\t\t\t\t\t\t\t\t\t\t\t\t\t\t\t\t<\/div>\n\t\t\t\t\t\t\t\t\t\t\t\t\t\t\t\t\t<div class=\"image-tools grid-tools text-center hide-for-small bottom hover-slide-in show-on-hover\">\n\t\t\t\t\t\t\t\t\t\t\t\t\t\t\t\t\t\t\t<\/div>\n\t\t\t\t\t\t\t\t\t\t\t\t\t\t\t\t\t\t\t\t\t\t\t<\/div>\n\n\t\t\t\t\t\t\t<div class=\"box-text text-left\" >\n\t\t\t\t\t\t\t\t<div class=\"title-wrapper\">\t\t<p class=\"category uppercase is-smaller no-text-overflow product-cat op-8\">\n\t\t\tFor 4 people\t\t<\/p>\n\t<p class=\"name product-title woocommerce-loop-product__title\"><a href=\"https:\/\/www.oceanvacances.com\/en\/accommodations\/mobile-homes-2\/nautilus-2\/\" class=\"woocommerce-LoopProduct-link woocommerce-loop-product__link\">Nautilus<\/a><\/p><span class=\"soleils-item-inline\">\u263c \u263c \u263c \u263c<\/span><\/div><div class=\"price-wrapper\"><\/div>\t\t\t\t\t\t\t<\/div>\n\t\t\t\t\t\t<\/div>\n\t\t\t\t\t\t<\/div>\n\t\t\t\t\t<\/div><div class=\"col\" >\n\t\t\t\t\t\t<div class=\"col-inner\">\n\t\t\t\t\t\t\n<div class=\"badge-container absolute left top z-1\">\n\n<\/div>\n\t\t\t\t\t\t<div class=\"product-small box has-hover box-normal box-text-bottom\">\n\t\t\t\t\t\t\t<div class=\"box-image\" >\n\t\t\t\t\t\t\t\t<div class=\"image-cover\" style=\"padding-top:80%;\">\n\t\t\t\t\t\t\t\t\t<a href=\"https:\/\/www.oceanvacances.com\/en\/accommodations\/mobile-homes-2\/lagoon-2\/\" aria-label=\"Lagoon\">\n\t\t\t\t\t\t\t\t\t\t<img loading=\"lazy\" decoding=\"async\" width=\"247\" height=\"296\" src=\"https:\/\/www.oceanvacances.com\/wp-content\/uploads\/2025\/10\/salon-lagune-4-247x296.jpg\" class=\"show-on-hover absolute fill hide-for-small back-image\" alt=\"Salon Lagune 4\" aria-hidden=\"true\" \/><img loading=\"lazy\" decoding=\"async\" width=\"768\" height=\"512\" src=\"https:\/\/www.oceanvacances.com\/wp-content\/uploads\/2025\/10\/mobil-home-lagune-pour-6-personnes-au-camping-Ocean-Vacances-saint-georges-de-didonne-768x512.png\" class=\"attachment-medium_large size-medium_large\" alt=\"Mobil Home Lagune For 6 People At Camping Oc\u00e9an Vacances Saint Georges De Didonne\" srcset=\"https:\/\/www.oceanvacances.com\/wp-content\/uploads\/2025\/10\/mobil-home-lagune-pour-6-personnes-au-camping-Ocean-Vacances-saint-georges-de-didonne-768x512.png 768w, https:\/\/www.oceanvacances.com\/wp-content\/uploads\/2025\/10\/mobil-home-lagune-pour-6-personnes-au-camping-Ocean-Vacances-saint-georges-de-didonne-370x247.png 370w, https:\/\/www.oceanvacances.com\/wp-content\/uploads\/2025\/10\/mobil-home-lagune-pour-6-personnes-au-camping-Ocean-Vacances-saint-georges-de-didonne-1020x680.png 1020w, https:\/\/www.oceanvacances.com\/wp-content\/uploads\/2025\/10\/mobil-home-lagune-pour-6-personnes-au-camping-Ocean-Vacances-saint-georges-de-didonne-18x12.png 18w, https:\/\/www.oceanvacances.com\/wp-content\/uploads\/2025\/10\/mobil-home-lagune-pour-6-personnes-au-camping-Ocean-Vacances-saint-georges-de-didonne-510x340.png 510w, https:\/\/www.oceanvacances.com\/wp-content\/uploads\/2025\/10\/mobil-home-lagune-pour-6-personnes-au-camping-Ocean-Vacances-saint-georges-de-didonne.png 1200w\" sizes=\"auto, (max-width: 768px) 100vw, 768px\" \/>\t\t\t\t\t\t\t\t\t<\/a>\n\t\t\t\t\t\t\t\t\t\t\t\t\t\t\t\t\t\t \t\t\t\t\t\t\t\t<\/div>\n\t\t\t\t\t\t\t\t<div class=\"image-tools top right show-on-hover\">\n\t\t\t\t\t\t\t\t\t\t\t\t\t\t\t\t\t<\/div>\n\t\t\t\t\t\t\t\t\t\t\t\t\t\t\t\t\t<div class=\"image-tools grid-tools text-center hide-for-small bottom hover-slide-in show-on-hover\">\n\t\t\t\t\t\t\t\t\t\t\t\t\t\t\t\t\t\t\t<\/div>\n\t\t\t\t\t\t\t\t\t\t\t\t\t\t\t\t\t\t\t\t\t\t\t<\/div>\n\n\t\t\t\t\t\t\t<div class=\"box-text text-left\" >\n\t\t\t\t\t\t\t\t<div class=\"title-wrapper\">\t\t<p class=\"category uppercase is-smaller no-text-overflow product-cat op-8\">\n\t\t\tFor 6 people\t\t<\/p>\n\t<p class=\"name product-title woocommerce-loop-product__title\"><a href=\"https:\/\/www.oceanvacances.com\/en\/accommodations\/mobile-homes-2\/lagoon-2\/\" class=\"woocommerce-LoopProduct-link woocommerce-loop-product__link\">Lagoon<\/a><\/p><span class=\"soleils-item-inline\">\u263c \u263c \u263c \u263c<\/span><\/div><div class=\"price-wrapper\"><\/div>\t\t\t\t\t\t\t<\/div>\n\t\t\t\t\t\t<\/div>\n\t\t\t\t\t\t<\/div>\n\t\t\t\t\t<\/div><div class=\"col\" >\n\t\t\t\t\t\t<div class=\"col-inner\">\n\t\t\t\t\t\t\n<div class=\"badge-container absolute left top z-1\">\n\n<\/div>\n\t\t\t\t\t\t<div class=\"product-small box has-hover box-normal box-text-bottom\">\n\t\t\t\t\t\t\t<div class=\"box-image\" >\n\t\t\t\t\t\t\t\t<div class=\"image-cover\" style=\"padding-top:80%;\">\n\t\t\t\t\t\t\t\t\t<a href=\"https:\/\/www.oceanvacances.com\/en\/accommodations\/mobile-homes-2\/abyss\/\" aria-label=\"Abyss\">\n\t\t\t\t\t\t\t\t\t\t<img loading=\"lazy\" decoding=\"async\" width=\"247\" height=\"296\" src=\"https:\/\/www.oceanvacances.com\/wp-content\/uploads\/2025\/10\/mobil-home-abysse-247x296.jpg\" class=\"show-on-hover absolute fill hide-for-small back-image\" alt=\"Mobil Home Abysse\" aria-hidden=\"true\" \/><img loading=\"lazy\" decoding=\"async\" width=\"768\" height=\"512\" src=\"https:\/\/www.oceanvacances.com\/wp-content\/uploads\/2025\/10\/mobil-home-abysse-au-camping-ocean-vacances-pres-de-royan-768x512.png\" class=\"attachment-medium_large size-medium_large\" alt=\"Mobil Home Abysse Au Camping Oc\u00e9an Vacances Pr\u00e8s De Royan\" srcset=\"https:\/\/www.oceanvacances.com\/wp-content\/uploads\/2025\/10\/mobil-home-abysse-au-camping-ocean-vacances-pres-de-royan-768x512.png 768w, https:\/\/www.oceanvacances.com\/wp-content\/uploads\/2025\/10\/mobil-home-abysse-au-camping-ocean-vacances-pres-de-royan-370x247.png 370w, https:\/\/www.oceanvacances.com\/wp-content\/uploads\/2025\/10\/mobil-home-abysse-au-camping-ocean-vacances-pres-de-royan-1020x680.png 1020w, https:\/\/www.oceanvacances.com\/wp-content\/uploads\/2025\/10\/mobil-home-abysse-au-camping-ocean-vacances-pres-de-royan-18x12.png 18w, https:\/\/www.oceanvacances.com\/wp-content\/uploads\/2025\/10\/mobil-home-abysse-au-camping-ocean-vacances-pres-de-royan-510x340.png 510w, https:\/\/www.oceanvacances.com\/wp-content\/uploads\/2025\/10\/mobil-home-abysse-au-camping-ocean-vacances-pres-de-royan.png 1200w\" sizes=\"auto, (max-width: 768px) 100vw, 768px\" \/>\t\t\t\t\t\t\t\t\t<\/a>\n\t\t\t\t\t\t\t\t\t\t\t\t\t\t\t\t\t\t \t\t\t\t\t\t\t\t<\/div>\n\t\t\t\t\t\t\t\t<div class=\"image-tools top right show-on-hover\">\n\t\t\t\t\t\t\t\t\t\t\t\t\t\t\t\t\t<\/div>\n\t\t\t\t\t\t\t\t\t\t\t\t\t\t\t\t\t<div class=\"image-tools grid-tools text-center hide-for-small bottom hover-slide-in show-on-hover\">\n\t\t\t\t\t\t\t\t\t\t\t\t\t\t\t\t\t\t\t<\/div>\n\t\t\t\t\t\t\t\t\t\t\t\t\t\t\t\t\t\t\t\t\t\t\t<\/div>\n\n\t\t\t\t\t\t\t<div class=\"box-text text-left\" >\n\t\t\t\t\t\t\t\t<div class=\"title-wrapper\">\t\t<p class=\"category uppercase is-smaller no-text-overflow product-cat op-8\">\n\t\t\tFor 4 people\t\t<\/p>\n\t<p class=\"name product-title woocommerce-loop-product__title\"><a href=\"https:\/\/www.oceanvacances.com\/en\/accommodations\/mobile-homes-2\/abyss\/\" class=\"woocommerce-LoopProduct-link woocommerce-loop-product__link\">Abyss<\/a><\/p><span class=\"soleils-item-inline\">\u263c \u263c \u263c \u263c<\/span><\/div><div class=\"price-wrapper\"><\/div>\t\t\t\t\t\t\t<\/div>\n\t\t\t\t\t\t<\/div>\n\t\t\t\t\t\t<\/div>\n\t\t\t\t\t<\/div><\/div>\n\t\t<\/div>\n\t\t\t\t\n<style>\n#col-273936355 > .col-inner {\n  padding: 0px 0 0px 0px;\n  margin: 0px 0px 0px 0px;\n}\n@media (min-width:550px) {\n  #col-273936355 > .col-inner {\n    padding: 0px 10% 0px 0px;\n    margin: 0px 0px 0px 0px;\n  }\n}\n@media (min-width:850px) {\n  #col-273936355 > .col-inner {\n    padding: 0px 0px 0px 0px;\n  }\n}\n<\/style>\n\t<\/div>\n\n\t\n<\/div>\n<div class=\"row row-large\"  id=\"row-1127770311\">\n\n\t<div id=\"col-1209565953\" class=\"col medium-12 small-12 large-12 small-col-first\"  >\n\t\t\t\t<div class=\"col-inner\"  >\n\t\t\t\n\t\t\t\n<h2>Mobile homes in Charente-Maritime with terrace<\/h2>\n\t\t<\/div>\n\t\t\t\t\n<style>\n#col-1209565953 > .col-inner {\n  padding: 0px 0 0px 0px;\n  margin: 0px 0px 0px 0px;\n}\n@media (min-width:550px) {\n  #col-1209565953 > .col-inner {\n    padding: 0px 10% 0px 0px;\n    margin: 50px 0px 0px 0px;\n  }\n}\n@media (min-width:850px) {\n  #col-1209565953 > .col-inner {\n    padding: 0px 0px 0px 0px;\n  }\n}\n<\/style>\n\t<\/div>\n\n\t\n\n\t<div id=\"col-1053808386\" class=\"col medium-12 small-12 large-12 small-col-first\"  >\n\t\t\t\t<div class=\"col-inner\"  >\n\t\t\t\n\t\t\t\n\t<div id=\"text-2111493002\" class=\"text li-check\">\n\t\t\n<p>Because holidays are also spent outdoors, all our mobile homes have a covered terrace with garden furniture. It's the perfect place to enjoy breakfast in the sun or a convivial meal with the family. <a href=\"https:\/\/www.oceanvacances.com\/en\/markets-in-charente-maritime\/\"><strong>to the return of the market<\/strong><\/a> or relax in the shade of the pine trees. Thanks to Charente-Maritime's mild climate, you can enjoy the great outdoors all season long, from spring to autumn. Some terraces are semi-covered or shaded, to suit your preferences.<\/p>\n\t\t\t<\/div>\n\t\n\t\t<\/div>\n\t\t\t\t\n<style>\n#col-1053808386 > .col-inner {\n  padding: 0px 0 0px 0px;\n  margin: 0px 0px 0px 0px;\n}\n@media (min-width:550px) {\n  #col-1053808386 > .col-inner {\n    padding: 0px 10% 0px 0px;\n    margin: 0px 0px 0px 0px;\n  }\n}\n@media (min-width:850px) {\n  #col-1053808386 > .col-inner {\n    padding: 0px 0px 0px 0px;\n  }\n}\n<\/style>\n\t<\/div>\n\n\t\n<\/div>\n<div class=\"row row-large\"  id=\"row-1865019779\">\n\n\t<div id=\"col-540477516\" class=\"col medium-12 small-12 large-12 small-col-first\"  >\n\t\t\t\t<div class=\"col-inner\"  >\n\t\t\t\n\t\t\t\n<h2>The advantages of our rentals<\/h2>\n\t\t<\/div>\n\t\t\t\t\n<style>\n#col-540477516 > .col-inner {\n  padding: 0px 0 0px 0px;\n  margin: 0px 0px 0px 0px;\n}\n@media (min-width:550px) {\n  #col-540477516 > .col-inner {\n    padding: 0px 10% 0px 0px;\n    margin: 50px 0px 0px 0px;\n  }\n}\n@media (min-width:850px) {\n  #col-540477516 > .col-inner {\n    padding: 0px 0px 0px 0px;\n  }\n}\n<\/style>\n\t<\/div>\n\n\t\n\n\t<div id=\"col-1949105441\" class=\"col medium-12 small-12 large-6 small-col-first\"  >\n\t\t\t\t<div class=\"col-inner\"  >\n\t\t\t\n\t\t\t\n\t<div id=\"text-2202393969\" class=\"text li-check\">\n\t\t\n<ul>\n<li>Proximity to the beach: less than a kilometre from the seafront.<\/li>\n<li>Access to all the campsite facilities: heated swimming pool, waterslides, wellness area, entertainment.<\/li>\n<li>Modern, comfortable accommodation, serviced every season.<\/li>\n<li>Covered terraces for indoor\/outdoor living.<\/li>\n<li>Comfort options depending on model: air conditioning, dishwasher, TV, double bathroom.<\/li>\n<li>Quiet, wooded setting in the heart of the Suzac forest.<\/li>\n<\/ul>\n\t\t\t<\/div>\n\t\n\t\t<\/div>\n\t\t\t\t\n<style>\n#col-1949105441 > .col-inner {\n  padding: 0px 0 0px 0px;\n  margin: 0px 0px 0px 0px;\n}\n@media (min-width:550px) {\n  #col-1949105441 > .col-inner {\n    padding: 0px 10% 0px 0px;\n    margin: 0px 0px 0px 0px;\n  }\n}\n@media (min-width:850px) {\n  #col-1949105441 > .col-inner {\n    padding: 0px 0px 0px 0px;\n  }\n}\n<\/style>\n\t<\/div>\n\n\t\n\n\t<div id=\"col-148728566\" class=\"col medium-5 small-12 large-5\"  >\n\t\t\t\t<div class=\"col-inner text-center\"  >\n\t\t\t\n\t\t\t\n\t<div class=\"img has-hover x md-x lg-x y md-y lg-y\" id=\"image_16531932\">\n\t\t\t\t\t\t\t\t<div class=\"img-inner image-cover dark\" style=\"padding-top:300px;\">\n\t\t\t<img loading=\"lazy\" decoding=\"async\" width=\"424\" height=\"449\" src=\"https:\/\/www.oceanvacances.com\/wp-content\/uploads\/2026\/01\/Location-MobilHome-Royan.png\" class=\"attachment-large size-large\" alt=\"Mobile home rental Royan\" srcset=\"https:\/\/www.oceanvacances.com\/wp-content\/uploads\/2026\/01\/Location-MobilHome-Royan.png 424w, https:\/\/www.oceanvacances.com\/wp-content\/uploads\/2026\/01\/Location-MobilHome-Royan-370x392.png 370w, https:\/\/www.oceanvacances.com\/wp-content\/uploads\/2026\/01\/Location-MobilHome-Royan-11x12.png 11w\" sizes=\"auto, (max-width: 424px) 100vw, 424px\" \/>\t\t\t\t\t\t\n\t\t\t\t\t<\/div>\n\t\t\t\t\t\t\t\t\n<style>\n#image_16531932 {\n  width: 100%;\n}\n<\/style>\n\t<\/div>\n\t\n\t\t<\/div>\n\t\t\t\t\n<style>\n#col-148728566 > .col-inner {\n  margin: 0px 0px 0px 0px;\n}\n<\/style>\n\t<\/div>\n\n\t\n<\/div>\n\t\t<\/div>\n\n\t\t\n<style>\n#section_871999961 {\n  padding-top: 0px;\n  padding-bottom: 0px;\n}\n<\/style>\n\t<\/section>\n\t\n\n\t<section class=\"section\" id=\"section_52242733\">\n\t\t<div class=\"section-bg fill\" >\n\t\t\t\t\t\t\t\t\t\n\t\t\t\n\t<div class=\"is-border\"\n\t\tstyle=\"border-width:0px 0px 0px 0px;\">\n\t<\/div>\n\n\t\t<\/div>\n\n\t\t\n\n\t\t<div class=\"section-content relative\">\n\t\t\t\n<div class=\"row align-center\"  id=\"row-1660501525\">\n\n\t<div id=\"col-1110953941\" class=\"col medium-10 small-12 large-10\"  >\n\t\t\t\t<div class=\"col-inner\"  >\n\t\t\t\n\t\t\t\n<h2 style=\"margin-bottom: 30px;\">Questions about our mobile homes<\/h2>\n<div class=\"accordion\">\n\t<div id=\"accordion-1150290968\" class=\"accordion-item\">\n\t\t<a id=\"accordion-1150290968-label\" class=\"accordion-title plain\" href=\"#accordion-item-est-ce-que-les-animaux-sont-autoris\u00e9s-dans-le-mobil-home-?\" aria-expanded=\"false\" aria-controls=\"accordion-1150290968-content\">\n\t\t\t<button class=\"toggle\" aria-label=\"Toggle\"><i class=\"icon-angle-down\" aria-hidden=\"true\"><\/i><\/button>\n\t\t\t<span>Are pets allowed in the mobile home?<\/span>\n\t\t<\/a>\n\t\t<div id=\"accordion-1150290968-content\" class=\"accordion-inner\" aria-labelledby=\"accordion-1150290968-label\">\n\t\t\t\n<p>Yes, pets are accepted in most of our mobile homes (except category 1 dogs). Please let us know when you make your reservation so that we can welcome you in the best possible conditions.<\/p>\n\t\t<\/div>\n\t<\/div>\n\t\n\t<div id=\"accordion-2381026546\" class=\"accordion-item\">\n\t\t<a id=\"accordion-2381026546-label\" class=\"accordion-title plain\" href=\"#accordion-item-chaque-mobil-home-est-il-\u00e9quip\u00e9-d&#039;une-terrasse-?\" aria-expanded=\"false\" aria-controls=\"accordion-2381026546-content\">\n\t\t\t<button class=\"toggle\" aria-label=\"Toggle\"><i class=\"icon-angle-down\" aria-hidden=\"true\"><\/i><\/button>\n\t\t\t<span>Does each mobile home have a terrace?<\/span>\n\t\t<\/a>\n\t\t<div id=\"accordion-2381026546-content\" class=\"accordion-inner\" aria-labelledby=\"accordion-2381026546-label\">\n\t\t\t\n<p>Yes, all our mobile homes have a covered terrace with garden furniture. Ideal for sharing meals, reading a book in the shade or enjoying an aperitif at sunset. A real plus for a convivial holiday in Charente-Maritime!<\/p>\n\t\t<\/div>\n\t<\/div>\n\t\n\t<div id=\"accordion-1326896131\" class=\"accordion-item\">\n\t\t<a id=\"accordion-1326896131-label\" class=\"accordion-title plain\" href=\"#accordion-item-est-ce-que-je-peux-choisir-l&#039;emplacement-de-mon-mobil-home-?\" aria-expanded=\"false\" aria-controls=\"accordion-1326896131-content\">\n\t\t\t<button class=\"toggle\" aria-label=\"Toggle\"><i class=\"icon-angle-down\" aria-hidden=\"true\"><\/i><\/button>\n\t\t\t<span>Can I choose the pitch for my mobile home?<\/span>\n\t\t<\/a>\n\t\t<div id=\"accordion-1326896131-content\" class=\"accordion-inner\" aria-labelledby=\"accordion-1326896131-label\">\n\t\t\t\n<p>When you make your reservation, you can indicate a location preference (proximity to the water park, shady area, quiet neighbourhood, etc.). Our team will do its utmost to meet your requirements, subject to availability.<\/p>\n\t\t<\/div>\n\t<\/div>\n\t\n<\/div>\n\t\t<\/div>\n\t\t\t\t\n<style>\n#col-1110953941 > .col-inner {\n  margin: 0px 0px 0px 0px;\n}\n@media (min-width:550px) {\n  #col-1110953941 > .col-inner {\n    margin: 50px 0px 0px 0px;\n  }\n}\n<\/style>\n\t<\/div>\n\n\t\n<\/div>\n\t\t<\/div>\n\n\t\t\n<style>\n#section_52242733 {\n  padding-top: 30px;\n  padding-bottom: 30px;\n}\n<\/style>\n\t<\/section>","protected":false},"excerpt":{"rendered":"","protected":false},"author":7,"featured_media":0,"parent":8815,"menu_order":0,"comment_status":"closed","ping_status":"closed","template":"page-blank.php","meta":{"_acf_changed":false,"inline_featured_image":false,"footnotes":""},"class_list":["post-8804","page","type-page","status-publish","hentry"],"acf":[],"yoast_head":"<!-- This site is optimized with the Yoast SEO plugin v27.5 - https:\/\/yoast.com\/product\/yoast-seo-wordpress\/ -->\n<title>Location de mobil-home Charente Maritime \u00e0 Saint Georges de Didonne<\/title>\n<meta name=\"description\" content=\"R\u00e9servez votre mobil-home tout confort \u00e0 Saint Georges de Didonne et profitez des plages et activit\u00e9s de Charente-Maritime en famille !\" \/>\n<meta name=\"robots\" content=\"index, follow, max-snippet:-1, max-image-preview:large, max-video-preview:-1\" \/>\n<link rel=\"canonical\" href=\"https:\/\/www.oceanvacances.com\/en\/holiday-rentals-in-saint-georges-de-didonne\/mobile-home-rental-royan\/\" \/>\n<meta property=\"og:locale\" content=\"en_GB\" \/>\n<meta property=\"og:type\" content=\"article\" \/>\n<meta property=\"og:title\" content=\"Location de mobil-home Charente Maritime \u00e0 Saint Georges de Didonne\" \/>\n<meta property=\"og:description\" content=\"R\u00e9servez votre mobil-home tout confort \u00e0 Saint Georges de Didonne et profitez des plages et activit\u00e9s de Charente-Maritime en famille !\" \/>\n<meta property=\"og:url\" content=\"https:\/\/www.oceanvacances.com\/en\/holiday-rentals-in-saint-georges-de-didonne\/mobile-home-rental-royan\/\" \/>\n<meta property=\"og:site_name\" content=\"Oc\u00e9an Vacances\" \/>\n<meta property=\"article:publisher\" content=\"https:\/\/www.facebook.com\/oceanvacances\/\" \/>\n<meta property=\"article:modified_time\" content=\"2026-03-11T10:28:44+00:00\" \/>\n<meta name=\"twitter:card\" content=\"summary_large_image\" \/>\n<meta name=\"twitter:label1\" content=\"Estimated reading time\" \/>\n\t<meta name=\"twitter:data1\" content=\"6 minutes\" \/>\n<script type=\"application\/ld+json\" class=\"yoast-schema-graph\">{\"@context\":\"https:\\\/\\\/schema.org\",\"@graph\":[{\"@type\":\"WebPage\",\"@id\":\"https:\\\/\\\/www.oceanvacances.com\\\/location-de-vacances-a-saint-georges-de-didonne\\\/location-mobil-home-royan\\\/\",\"url\":\"https:\\\/\\\/www.oceanvacances.com\\\/location-de-vacances-a-saint-georges-de-didonne\\\/location-mobil-home-royan\\\/\",\"name\":\"Location de mobil-home Charente Maritime \u00e0 Saint Georges de Didonne\",\"isPartOf\":{\"@id\":\"https:\\\/\\\/www.oceanvacances.com\\\/#website\"},\"datePublished\":\"2025-11-20T09:43:51+00:00\",\"dateModified\":\"2026-03-11T10:28:44+00:00\",\"description\":\"R\u00e9servez votre mobil-home tout confort \u00e0 Saint Georges de Didonne et profitez des plages et activit\u00e9s de Charente-Maritime en famille !\",\"breadcrumb\":{\"@id\":\"https:\\\/\\\/www.oceanvacances.com\\\/location-de-vacances-a-saint-georges-de-didonne\\\/location-mobil-home-royan\\\/#breadcrumb\"},\"inLanguage\":\"en-GB\",\"potentialAction\":[{\"@type\":\"ReadAction\",\"target\":[\"https:\\\/\\\/www.oceanvacances.com\\\/location-de-vacances-a-saint-georges-de-didonne\\\/location-mobil-home-royan\\\/\"]}]},{\"@type\":\"BreadcrumbList\",\"@id\":\"https:\\\/\\\/www.oceanvacances.com\\\/location-de-vacances-a-saint-georges-de-didonne\\\/location-mobil-home-royan\\\/#breadcrumb\",\"itemListElement\":[{\"@type\":\"ListItem\",\"position\":1,\"name\":\"Home\",\"item\":\"https:\\\/\\\/www.oceanvacances.com\\\/\"},{\"@type\":\"ListItem\",\"position\":2,\"name\":\"Location\",\"item\":\"https:\\\/\\\/www.oceanvacances.com\\\/location-de-vacances-a-saint-georges-de-didonne\\\/\"},{\"@type\":\"ListItem\",\"position\":3,\"name\":\"Mobil Homes\"}]},{\"@type\":\"WebSite\",\"@id\":\"https:\\\/\\\/www.oceanvacances.com\\\/#website\",\"url\":\"https:\\\/\\\/www.oceanvacances.com\\\/\",\"name\":\"Oc\u00e9an Vacances\",\"description\":\"Votre village vacances pr\u00e8s de Royan\",\"publisher\":{\"@id\":\"https:\\\/\\\/www.oceanvacances.com\\\/#organization\"},\"alternateName\":\"Camping les Embruns d'Ol\u00e9ron\",\"potentialAction\":[{\"@type\":\"SearchAction\",\"target\":{\"@type\":\"EntryPoint\",\"urlTemplate\":\"https:\\\/\\\/www.oceanvacances.com\\\/?s={search_term_string}\"},\"query-input\":{\"@type\":\"PropertyValueSpecification\",\"valueRequired\":true,\"valueName\":\"search_term_string\"}}],\"inLanguage\":\"en-GB\"},{\"@type\":\"Organization\",\"@id\":\"https:\\\/\\\/www.oceanvacances.com\\\/#organization\",\"name\":\"Oc\u00e9an Vacances\",\"url\":\"https:\\\/\\\/www.oceanvacances.com\\\/\",\"logo\":{\"@type\":\"ImageObject\",\"inLanguage\":\"en-GB\",\"@id\":\"https:\\\/\\\/www.oceanvacances.com\\\/#\\\/schema\\\/logo\\\/image\\\/\",\"url\":\"https:\\\/\\\/www.oceanvacances.com\\\/wp-content\\\/uploads\\\/2025\\\/10\\\/ocean-vacances-logo-color.svg\",\"contentUrl\":\"https:\\\/\\\/www.oceanvacances.com\\\/wp-content\\\/uploads\\\/2025\\\/10\\\/ocean-vacances-logo-color.svg\",\"width\":457,\"height\":201,\"caption\":\"Oc\u00e9an Vacances\"},\"image\":{\"@id\":\"https:\\\/\\\/www.oceanvacances.com\\\/#\\\/schema\\\/logo\\\/image\\\/\"},\"sameAs\":[\"https:\\\/\\\/www.facebook.com\\\/oceanvacances\\\/\",\"https:\\\/\\\/www.youtube.com\\\/@Campaldia\",\"https:\\\/\\\/www.instagram.com\\\/campingoceanvacances\\\/\"]}]}<\/script>\n<!-- \/ Yoast SEO plugin. -->","yoast_head_json":{"title":"Mobile home rental Charente Maritime in Saint Georges de Didonne","description":"Book your comfortable mobile home in Saint Georges de Didonne and enjoy the beaches and activities of Charente-Maritime with your family!","robots":{"index":"index","follow":"follow","max-snippet":"max-snippet:-1","max-image-preview":"max-image-preview:large","max-video-preview":"max-video-preview:-1"},"canonical":"https:\/\/www.oceanvacances.com\/en\/holiday-rentals-in-saint-georges-de-didonne\/mobile-home-rental-royan\/","og_locale":"en_GB","og_type":"article","og_title":"Location de mobil-home Charente Maritime \u00e0 Saint Georges de Didonne","og_description":"R\u00e9servez votre mobil-home tout confort \u00e0 Saint Georges de Didonne et profitez des plages et activit\u00e9s de Charente-Maritime en famille !","og_url":"https:\/\/www.oceanvacances.com\/en\/holiday-rentals-in-saint-georges-de-didonne\/mobile-home-rental-royan\/","og_site_name":"Oc\u00e9an Vacances","article_publisher":"https:\/\/www.facebook.com\/oceanvacances\/","article_modified_time":"2026-03-11T10:28:44+00:00","twitter_card":"summary_large_image","twitter_misc":{"Estimated reading time":"6 minutes"},"schema":{"@context":"https:\/\/schema.org","@graph":[{"@type":"WebPage","@id":"https:\/\/www.oceanvacances.com\/location-de-vacances-a-saint-georges-de-didonne\/location-mobil-home-royan\/","url":"https:\/\/www.oceanvacances.com\/location-de-vacances-a-saint-georges-de-didonne\/location-mobil-home-royan\/","name":"Mobile home rental Charente Maritime in Saint Georges de Didonne","isPartOf":{"@id":"https:\/\/www.oceanvacances.com\/#website"},"datePublished":"2025-11-20T09:43:51+00:00","dateModified":"2026-03-11T10:28:44+00:00","description":"Book your comfortable mobile home in Saint Georges de Didonne and enjoy the beaches and activities of Charente-Maritime with your family!","breadcrumb":{"@id":"https:\/\/www.oceanvacances.com\/location-de-vacances-a-saint-georges-de-didonne\/location-mobil-home-royan\/#breadcrumb"},"inLanguage":"en-GB","potentialAction":[{"@type":"ReadAction","target":["https:\/\/www.oceanvacances.com\/location-de-vacances-a-saint-georges-de-didonne\/location-mobil-home-royan\/"]}]},{"@type":"BreadcrumbList","@id":"https:\/\/www.oceanvacances.com\/location-de-vacances-a-saint-georges-de-didonne\/location-mobil-home-royan\/#breadcrumb","itemListElement":[{"@type":"ListItem","position":1,"name":"Home","item":"https:\/\/www.oceanvacances.com\/"},{"@type":"ListItem","position":2,"name":"Location","item":"https:\/\/www.oceanvacances.com\/location-de-vacances-a-saint-georges-de-didonne\/"},{"@type":"ListItem","position":3,"name":"Mobil Homes"}]},{"@type":"WebSite","@id":"https:\/\/www.oceanvacances.com\/#website","url":"https:\/\/www.oceanvacances.com\/","name":"Oc\u00e9an Vacances","description":"Your holiday village near Royan","publisher":{"@id":"https:\/\/www.oceanvacances.com\/#organization"},"alternateName":"Camping les Embruns d'Ol\u00e9ron","potentialAction":[{"@type":"SearchAction","target":{"@type":"EntryPoint","urlTemplate":"https:\/\/www.oceanvacances.com\/?s={search_term_string}"},"query-input":{"@type":"PropertyValueSpecification","valueRequired":true,"valueName":"search_term_string"}}],"inLanguage":"en-GB"},{"@type":"Organization","@id":"https:\/\/www.oceanvacances.com\/#organization","name":"Oc\u00e9an Vacances","url":"https:\/\/www.oceanvacances.com\/","logo":{"@type":"ImageObject","inLanguage":"en-GB","@id":"https:\/\/www.oceanvacances.com\/#\/schema\/logo\/image\/","url":"https:\/\/www.oceanvacances.com\/wp-content\/uploads\/2025\/10\/ocean-vacances-logo-color.svg","contentUrl":"https:\/\/www.oceanvacances.com\/wp-content\/uploads\/2025\/10\/ocean-vacances-logo-color.svg","width":457,"height":201,"caption":"Oc\u00e9an Vacances"},"image":{"@id":"https:\/\/www.oceanvacances.com\/#\/schema\/logo\/image\/"},"sameAs":["https:\/\/www.facebook.com\/oceanvacances\/","https:\/\/www.youtube.com\/@Campaldia","https:\/\/www.instagram.com\/campingoceanvacances\/"]}]}},"_links":{"self":[{"href":"https:\/\/www.oceanvacances.com\/en\/wp-json\/wp\/v2\/pages\/8804","targetHints":{"allow":["GET"]}}],"collection":[{"href":"https:\/\/www.oceanvacances.com\/en\/wp-json\/wp\/v2\/pages"}],"about":[{"href":"https:\/\/www.oceanvacances.com\/en\/wp-json\/wp\/v2\/types\/page"}],"author":[{"embeddable":true,"href":"https:\/\/www.oceanvacances.com\/en\/wp-json\/wp\/v2\/users\/7"}],"replies":[{"embeddable":true,"href":"https:\/\/www.oceanvacances.com\/en\/wp-json\/wp\/v2\/comments?post=8804"}],"version-history":[{"count":22,"href":"https:\/\/www.oceanvacances.com\/en\/wp-json\/wp\/v2\/pages\/8804\/revisions"}],"predecessor-version":[{"id":9704,"href":"https:\/\/www.oceanvacances.com\/en\/wp-json\/wp\/v2\/pages\/8804\/revisions\/9704"}],"up":[{"embeddable":true,"href":"https:\/\/www.oceanvacances.com\/en\/wp-json\/wp\/v2\/pages\/8815"}],"wp:attachment":[{"href":"https:\/\/www.oceanvacances.com\/en\/wp-json\/wp\/v2\/media?parent=8804"}],"curies":[{"name":"wp","href":"https:\/\/api.w.org\/{rel}","templated":true}]}}