{"id":9257,"date":"2025-12-08T10:15:09","date_gmt":"2025-12-08T09:15:09","guid":{"rendered":"https:\/\/www.oceanvacances.com\/?page_id=9257"},"modified":"2026-01-09T16:21:35","modified_gmt":"2026-01-09T15:21:35","slug":"vaux-sur-mer","status":"publish","type":"page","link":"https:\/\/www.oceanvacances.com\/de\/camping-am-meer-royan\/vaux-sur-mer\/","title":{"rendered":"Vaux sur Mer"},"content":{"rendered":"<div id=\"gap-199397628\" class=\"gap-element clearfix\" style=\"display:block; height:auto;\">\n\t\t\n<style>\n#gap-199397628 {\n  padding-top: 50px;\n}\n@media (min-width:550px) {\n  #gap-199397628 {\n    padding-top: 30px;\n  }\n}\n<\/style>\n\t<\/div>\n\t\n\n\t<section class=\"section\" id=\"section_257270073\">\n\t\t<div class=\"section-bg fill\" >\n\t\t\t<img loading=\"lazy\" decoding=\"async\" width=\"2048\" height=\"1536\" src=\"https:\/\/www.oceanvacances.com\/wp-content\/uploads\/2026\/01\/Eglise_de_Vaux_sur_mer.jpg\" class=\"bg attachment-original size-original\" alt=\"Kirche Von Vaux Sur Mer\" \/>\t\t\t\t\t\t\n\t\t\t\n\n\t\t<\/div>\n\n\t\t\t<div class=\"ux-shape-divider ux-shape-divider--top ux-shape-divider--style-waves-opacity-3\">\n\t\t<svg viewbox=\"0 0 1000 300\" xmlns=\"http:\/\/www.w3.org\/2000\/svg\" preserveaspectratio=\"none\">\n\t<path class=\"ux-shape-fill\" opacity=\"0.05\" d=\"M1014 264V386H206L34 300C34 300 344.42 277.16 436 221C542 156 590 160 704 209C811 255 899.11 214.94 979 346L1014 264Z\"\/>\n\t<path class=\"ux-shape-fill\" opacity=\"0.1\" d=\"M-302 55C-302 55 -66.73 263.25 50 214C178 160 283 116 353 141C445.68 174.1 534.28 256.19 588 249C692.9 235 764.52 75.94 855 131C940.61 183.09 1000 254 1000 254V328L-306 338L-302 55Z\"\/>\n\t<path class=\"ux-shape-fill\" opacity=\"0.15\" d=\"M-286 255C-286 255 -72 152 52 126C176 100 255 155 436 227C581.57 284.91 614.7 277.79 708 227C787 184 1009 3.0001 1093 164C1146 265.63 1031 293 1031 293L924 377L-288 389L-286 255Z\"\/>\n\t<path class=\"ux-shape-fill\" opacity=\"0.3\" d=\"M-24 69C-24 69 275.68 370.66 389 314C397 310 622 316 673 356C690.47 369.7 845 224 890 182C944.8 130.85 1018 92 1078 143C1154.12 207.7 1196 242 1196 242L1184 374L-28 386L-24 69Z\"\/>\n\t<path class=\"ux-shape-fill\" d=\"M-12 201C-12 201 58 284 182 258C306 232 342.29 221.23 456 264C565 305 640.82 288.36 721 249C776 222 837.5 191.31 935 253C984 284 1030 279 1030 279L1024 430L-12 440V201Z\"\/>\n<\/svg>\n\t<\/div>\n\n\t<div class=\"ux-shape-divider ux-shape-divider--bottom ux-shape-divider--style-waves-opacity-2\">\n\t\t<svg viewbox=\"0 0 1000 300\" xmlns=\"http:\/\/www.w3.org\/2000\/svg\" preserveaspectratio=\"none\">\n  <path class=\"ux-shape-fill\" opacity=\"0.15\" d=\"M0 299L-2 19.9998C153 -16.0002 308 155 413 184C515.64 212.35 562 152 645 153C725 154 787 206 874 233C939.54 253.34 975 248 1000 244.61V299H0Z\"\/>\n  <path class=\"ux-shape-fill\" opacity=\"0.3\" d=\"M0 300L-2 34C155 -9.00003 300 178 403 212C504.11 245.38 562 165 645 166C725 167 790.09 220.07 874 253C939.21 278.59 978.07 269.72 1000 263.61V300H0Z\"\/>\n  <path class=\"ux-shape-fill\" d=\"M0 300L-1 69.7099C216 56.9999 299.47 198.86 403 226C506 253 577 196 660 197C740 198 790.09 234.07 874 267C935.23 291 982 282.61 1000 277.61V300H0Z\"\/>\n<\/svg>\n\t<\/div>\n\n\t\t<div class=\"section-content relative\">\n\t\t\t\n<div class=\"row align-right\"  id=\"row-1594845024\">\n\n\t<div id=\"col-1809680390\" class=\"col medium-6 small-12 large-6\"  >\n\t\t\t\t<div class=\"col-inner text-center\" style=\"background-color:rgba(255, 255, 255, 0.86);\" >\n\t\t\t\n\t\t\t\n<h1>Die wichtigsten Sehensw\u00fcrdigkeiten in Vaux sur Mer<\/h1>\n<p>Der charmante Badeort Vaux-sur-Mer mit seinem d\u00f6rflichen Charakter l\u00e4dt sowohl seine Bewohner als auch seine Besucher ein, Momente des Spazierens zu genie\u00dfen, sei es entlang des K\u00fcstenpfades oder im Herzen seines lebendigen Ortskerns.<\/p>\n\t\t<\/div>\n\t\t\t\t\n<style>\n#col-1809680390 > .col-inner {\n  padding: 30px 30px 30px 30px;\n  margin: 30px 0px 0px 0px;\n  border-radius: 30px;\n}\n@media (min-width:550px) {\n  #col-1809680390 > .col-inner {\n    padding: 30px 30px 30px 30px;\n    margin: 50px 0px 0px 0px;\n  }\n}\n<\/style>\n\t<\/div>\n\n\t\n<\/div>\n\t\t<\/div>\n\n\t\t\n<style>\n#section_257270073 {\n  padding-top: 50px;\n  padding-bottom: 50px;\n}\n#section_257270073 .ux-shape-divider--top svg {\n  height: 100px;\n  --divider-top-width: 100%;\n}\n#section_257270073 .ux-shape-divider--bottom svg {\n  height: 150px;\n  --divider-width: 130%;\n}\n@media (min-width:550px) {\n  #section_257270073 .ux-shape-divider--top svg {\n    height: 200px;\n    --divider-top-width: 100%;\n  }\n}\n<\/style>\n\t<\/section>\n\t\n<div class=\"row row-large align-middle\"  id=\"row-1562163489\">\n\n\t<div id=\"col-648108856\" class=\"col medium-5 small-12 large-5 small-col-first\"  data-animate=\"fadeInLeft\">\n\t\t\t\t<div class=\"col-inner\"  >\n\t\t\t\n\t<div class=\"is-border\"\n\t\tstyle=\"border-width:0px 0px 0px 0px;margin:0px 0px 0px 0px;\">\n\t<\/div>\n\t\t\t\n<h2>Der Z\u00f6llnerpfad<\/h2>\n<p>Der Sentier des Douaniers folgt der K\u00fcste und durchquert die vier Conchen von Vaux-sur-Mer. Im Schutz des Bois des F\u00e9es mit seinen einzigartigen Steineichen \u00f6ffnet sich der Weg auf halber Strecke zum Conche du Conseil, der trotz seiner N\u00e4he zur Stadt ruhig ist. Sobald Sie das Unterholz verlassen haben, f\u00fchrt der Weg zu den beiden Zwillings-Conches Saint-Sordelin und Gilet, die wahre Oasen der Ruhe am Ozean sind.<\/p>\n\t\t<\/div>\n\t\t\t\t\n<style>\n#col-648108856 > .col-inner {\n  margin: 0px 0px -20px 0px;\n}\n@media (min-width:550px) {\n  #col-648108856 > .col-inner {\n    margin: 50px 0px 50px 0px;\n  }\n}\n<\/style>\n\t<\/div>\n\n\t\n\n\t<div id=\"col-2146925419\" class=\"col medium-6 small-12 large-6 small-col-first\"  data-animate=\"fadeInRight\">\n\t\t\t\t<div class=\"col-inner\"  >\n\t\t\t\n\t\t\t\n\t<div class=\"img has-hover x md-x lg-x y md-y lg-y\" id=\"image_1254870286\">\n\t\t\t\t\t\t\t\t<div class=\"img-inner image-cover dark\" style=\"padding-top:70%;\">\n\t\t\t<img loading=\"lazy\" decoding=\"async\" width=\"768\" height=\"1069\" src=\"https:\/\/www.oceanvacances.com\/wp-content\/uploads\/2025\/12\/plage-conseil-2-a-thierry-avan-768x1069.jpg\" class=\"attachment-medium_large size-medium_large\" alt=\"Strand Rat 2 A Thierry Avan\" srcset=\"https:\/\/www.oceanvacances.com\/wp-content\/uploads\/2025\/12\/plage-conseil-2-a-thierry-avan-768x1069.jpg 768w, https:\/\/www.oceanvacances.com\/wp-content\/uploads\/2025\/12\/plage-conseil-2-a-thierry-avan-370x515.jpg 370w, https:\/\/www.oceanvacances.com\/wp-content\/uploads\/2025\/12\/plage-conseil-2-a-thierry-avan-732x1020.jpg 732w, https:\/\/www.oceanvacances.com\/wp-content\/uploads\/2025\/12\/plage-conseil-2-a-thierry-avan-1103x1536.jpg 1103w, https:\/\/www.oceanvacances.com\/wp-content\/uploads\/2025\/12\/plage-conseil-2-a-thierry-avan-9x12.jpg 9w, https:\/\/www.oceanvacances.com\/wp-content\/uploads\/2025\/12\/plage-conseil-2-a-thierry-avan-510x710.jpg 510w, https:\/\/www.oceanvacances.com\/wp-content\/uploads\/2025\/12\/plage-conseil-2-a-thierry-avan.jpg 1149w\" sizes=\"auto, (max-width: 768px) 100vw, 768px\" \/>\t\t\t\t\t\t\n\t\t\t\t\t<\/div>\n\t\t\t\t\t\t\t\t\n<style>\n#image_1254870286 {\n  width: 100%;\n}\n<\/style>\n\t<\/div>\n\t\n\t\t<\/div>\n\t\t\t\t\n<style>\n#col-2146925419 > .col-inner {\n  margin: 0px 0px 0px 0px;\n}\n@media (min-width:550px) {\n  #col-2146925419 > .col-inner {\n    margin: 50px 0px 50px 0px;\n  }\n}\n<\/style>\n\t<\/div>\n\n\t\n<\/div>\n<div class=\"row row-large align-middle\"  id=\"row-1378154652\">\n\n\t<div id=\"col-1241127065\" class=\"col medium-5 small-12 large-5 small-col-first\"  data-animate=\"fadeInRight\">\n\t\t\t\t<div class=\"col-inner\"  >\n\t\t\t\n\t<div class=\"is-border\"\n\t\tstyle=\"border-width:0px 0px 0px 0px;margin:0px 0px 0px 0px;\">\n\t<\/div>\n\t\t\t\n<h2>Domaine des F\u00e9es<\/h2>\n<p>Die Domaine des F\u00e9es ist ein beliebter Naturraum f\u00fcr Spazierg\u00e4nger und bietet eine gr\u00fcne Umgebung, die zum Entspannen einl\u00e4dt. Die schattigen Wege laden zu Spazierg\u00e4ngen oder Radtouren inmitten einer friedlichen und gesch\u00fctzten Natur ein.<\/p>\n\t\t<\/div>\n\t\t\t\t\n<style>\n#col-1241127065 > .col-inner {\n  margin: 0px 0px -20px 0px;\n}\n@media (min-width:550px) {\n  #col-1241127065 > .col-inner {\n    margin: 50px 0px 50px 0px;\n  }\n}\n<\/style>\n\t<\/div>\n\n\t\n<\/div>\n<div class=\"row row-large align-middle\"  id=\"row-1922193257\">\n\n\t<div id=\"col-760385316\" class=\"col medium-5 small-12 large-5 small-col-first\"  data-animate=\"fadeInLeft\">\n\t\t\t\t<div class=\"col-inner\"  >\n\t\t\t\n\t<div class=\"is-border\"\n\t\tstyle=\"border-width:0px 0px 0px 0px;margin:0px 0px 0px 0px;\">\n\t<\/div>\n\t\t\t\n\t\t<\/div>\n\t\t\t\t\n<style>\n#col-760385316 > .col-inner {\n  margin: 0px 0px -20px 0px;\n}\n@media (min-width:550px) {\n  #col-760385316 > .col-inner {\n    margin: 50px 0px 50px 0px;\n  }\n}\n<\/style>\n\t<\/div>\n\n\t\n\n\t<div id=\"col-792509493\" class=\"col medium-6 small-12 large-6 small-col-first\"  data-animate=\"fadeInRight\">\n\t\t\t\t<div class=\"col-inner\"  >\n\t\t\t\n\t\t\t\n<h2>Str\u00e4nde von Vaux-sur-Mer<\/h2>\n<p>Die Str\u00e4nde von Vaux-sur-Mer, die f\u00fcr ihren Charme und ihre Zug\u00e4nglichkeit bekannt sind, wechseln sich mit intimen Buchten und langen Sandstr\u00e4nden ab. Sie sind ideal zum Baden, Faulenzen oder f\u00fcr Wassersportaktivit\u00e4ten und begeistern Familien und Strandliebhaber gleicherma\u00dfen.<\/p>\n\t\t<\/div>\n\t\t\t\t\n<style>\n#col-792509493 > .col-inner {\n  margin: 0px 0px 0px 0px;\n}\n@media (min-width:550px) {\n  #col-792509493 > .col-inner {\n    margin: 50px 0px 50px 0px;\n  }\n}\n<\/style>\n\t<\/div>\n\n\t\n<\/div>\n<div class=\"row row-large align-middle\"  id=\"row-1148879751\">\n\n\t<div id=\"col-2006187065\" class=\"col medium-6 small-12 large-6\"  data-animate=\"fadeInLeft\">\n\t\t\t\t<div class=\"col-inner\"  >\n\t\t\t\n\t<div class=\"is-border\"\n\t\tstyle=\"border-width:0px 0px 0px 0px;margin:0px 0px 0px 0px;\">\n\t<\/div>\n\t\t\t\n<h2>Stadtzentrum von Vaux-sur-Mer<\/h2>\n<p>Im geselligen und lebhaften Ortskern von Vaux-sur-Mer finden Sie lokale Gesch\u00e4fte, M\u00e4rkte und einladende Terrassen. Ein angenehmer Ort, um zu bummeln, lokale Spezialit\u00e4ten zu entdecken und die authentische Atmosph\u00e4re des Ortes zu genie\u00dfen.<\/p>\n\t\t<\/div>\n\t\t\t\t\n<style>\n#col-2006187065 > .col-inner {\n  margin: 0px 0px 20px 0px;\n}\n@media (min-width:550px) {\n  #col-2006187065 > .col-inner {\n    margin: 50px 0px 50px 0px;\n  }\n}\n<\/style>\n\t<\/div>\n\n\t\n\n\t<div id=\"col-1518268714\" class=\"col medium-5 small-12 large-5 small-col-first\"  data-animate=\"fadeInRight\">\n\t\t\t\t<div class=\"col-inner\"  >\n\t\t\t\n\t<div class=\"is-border\"\n\t\tstyle=\"border-width:0px 0px 0px 0px;margin:0px 0px 0px 0px;\">\n\t<\/div>\n\t\t\t\n\t\t<\/div>\n\t\t\t\t\n<style>\n#col-1518268714 > .col-inner {\n  margin: 0px 0px -20px 0px;\n}\n@media (min-width:550px) {\n  #col-1518268714 > .col-inner {\n    margin: 50px 0px 50px 0px;\n  }\n}\n<\/style>\n\t<\/div>\n\n\t\n<\/div>\n<div class=\"row row-large align-middle align-center\"  id=\"row-824193905\">\n\n\t<div id=\"col-972142832\" class=\"col medium-10 small-12 large-10 small-col-first\"  data-animate=\"fadeInRight\">\n\t\t\t\t<div class=\"col-inner text-center\"  >\n\t\t\t\n\t\t\t\n<h2>Ihr Campingplatz in der N\u00e4he von Vaux-sur-Mer<\/h2>\n<p>Ein Aufenthalt auf dem Campingplatz Oc\u00e9an Vacances bedeutet, dass Sie eine komfortable Unterkunft in unmittelbarer N\u00e4he von Vaux-sur-Mer genie\u00dfen k\u00f6nnen. Moderne Mobilheime, ein beheiztes Schwimmbad, ein Restaurant und Animationen f\u00fcr die ganze Familie: Alles ist vorhanden, um einen gelungenen Urlaub zwischen Entspannung auf dem Campingplatz und Entdeckungen in der Umgebung zu erleben. Ein idealer Ausgangspunkt, um die Charente-Maritime zu durchstreifen und ihre zahlreichen Sch\u00e4tze zu bewundern.<\/p>\n<a href=\"https:\/\/www.oceanvacances.com\/de\/unterkunft\/\" class=\"button primary\" >\n\t\t<span>Ich w\u00e4hle meine Unterkunft<\/span>\n\t<\/a>\n\n\t\t<\/div>\n\t\t\t\t\n<style>\n#col-972142832 > .col-inner {\n  margin: 0px 0px 0px 0px;\n}\n@media (min-width:550px) {\n  #col-972142832 > .col-inner {\n    margin: 0px 0px 50px 0px;\n  }\n}\n<\/style>\n\t<\/div>\n\n\t\n<\/div>","protected":false},"excerpt":{"rendered":"","protected":false},"author":11,"featured_media":0,"parent":8811,"menu_order":0,"comment_status":"closed","ping_status":"closed","template":"page-blank.php","meta":{"_acf_changed":false,"inline_featured_image":false,"footnotes":""},"class_list":["post-9257","page","type-page","status-publish","hentry"],"acf":[],"yoast_head":"<!-- This site is optimized with the Yoast SEO plugin v27.5 - https:\/\/yoast.com\/product\/yoast-seo-wordpress\/ -->\n<title>Vaux sur Mer - Oc\u00e9an Vacances<\/title>\n<meta name=\"robots\" content=\"index, follow, max-snippet:-1, max-image-preview:large, max-video-preview:-1\" \/>\n<link rel=\"canonical\" href=\"https:\/\/www.oceanvacances.com\/de\/camping-am-meer-royan\/vaux-sur-mer\/\" \/>\n<meta property=\"og:locale\" content=\"de_DE\" \/>\n<meta property=\"og:type\" content=\"article\" \/>\n<meta property=\"og:title\" content=\"Vaux sur Mer - Oc\u00e9an Vacances\" \/>\n<meta property=\"og:url\" content=\"https:\/\/www.oceanvacances.com\/de\/camping-am-meer-royan\/vaux-sur-mer\/\" \/>\n<meta property=\"og:site_name\" content=\"Oc\u00e9an Vacances\" \/>\n<meta property=\"article:publisher\" content=\"https:\/\/www.facebook.com\/oceanvacances\/\" \/>\n<meta property=\"article:modified_time\" content=\"2026-01-09T15:21:35+00:00\" \/>\n<meta name=\"twitter:card\" content=\"summary_large_image\" \/>\n<meta name=\"twitter:label1\" content=\"Gesch\u00e4tzte Lesezeit\" \/>\n\t<meta name=\"twitter:data1\" content=\"2\u00a0Minuten\" \/>\n<script type=\"application\/ld+json\" class=\"yoast-schema-graph\">{\"@context\":\"https:\\\/\\\/schema.org\",\"@graph\":[{\"@type\":\"WebPage\",\"@id\":\"https:\\\/\\\/www.oceanvacances.com\\\/camping-bord-de-mer-royan\\\/vaux-sur-mer\\\/\",\"url\":\"https:\\\/\\\/www.oceanvacances.com\\\/camping-bord-de-mer-royan\\\/vaux-sur-mer\\\/\",\"name\":\"Vaux sur Mer - Oc\u00e9an Vacances\",\"isPartOf\":{\"@id\":\"https:\\\/\\\/www.oceanvacances.com\\\/#website\"},\"datePublished\":\"2025-12-08T09:15:09+00:00\",\"dateModified\":\"2026-01-09T15:21:35+00:00\",\"breadcrumb\":{\"@id\":\"https:\\\/\\\/www.oceanvacances.com\\\/camping-bord-de-mer-royan\\\/vaux-sur-mer\\\/#breadcrumb\"},\"inLanguage\":\"de\",\"potentialAction\":[{\"@type\":\"ReadAction\",\"target\":[\"https:\\\/\\\/www.oceanvacances.com\\\/camping-bord-de-mer-royan\\\/vaux-sur-mer\\\/\"]}]},{\"@type\":\"BreadcrumbList\",\"@id\":\"https:\\\/\\\/www.oceanvacances.com\\\/camping-bord-de-mer-royan\\\/vaux-sur-mer\\\/#breadcrumb\",\"itemListElement\":[{\"@type\":\"ListItem\",\"position\":1,\"name\":\"Home\",\"item\":\"https:\\\/\\\/www.oceanvacances.com\\\/\"},{\"@type\":\"ListItem\",\"position\":2,\"name\":\"Camping bord de mer\",\"item\":\"https:\\\/\\\/www.oceanvacances.com\\\/camping-bord-de-mer-royan\\\/\"},{\"@type\":\"ListItem\",\"position\":3,\"name\":\"Vaux sur Mer\"}]},{\"@type\":\"WebSite\",\"@id\":\"https:\\\/\\\/www.oceanvacances.com\\\/#website\",\"url\":\"https:\\\/\\\/www.oceanvacances.com\\\/\",\"name\":\"Oc\u00e9an Vacances\",\"description\":\"Votre village vacances pr\u00e8s de Royan\",\"publisher\":{\"@id\":\"https:\\\/\\\/www.oceanvacances.com\\\/#organization\"},\"alternateName\":\"Camping les Embruns d'Ol\u00e9ron\",\"potentialAction\":[{\"@type\":\"SearchAction\",\"target\":{\"@type\":\"EntryPoint\",\"urlTemplate\":\"https:\\\/\\\/www.oceanvacances.com\\\/?s={search_term_string}\"},\"query-input\":{\"@type\":\"PropertyValueSpecification\",\"valueRequired\":true,\"valueName\":\"search_term_string\"}}],\"inLanguage\":\"de\"},{\"@type\":\"Organization\",\"@id\":\"https:\\\/\\\/www.oceanvacances.com\\\/#organization\",\"name\":\"Oc\u00e9an Vacances\",\"url\":\"https:\\\/\\\/www.oceanvacances.com\\\/\",\"logo\":{\"@type\":\"ImageObject\",\"inLanguage\":\"de\",\"@id\":\"https:\\\/\\\/www.oceanvacances.com\\\/#\\\/schema\\\/logo\\\/image\\\/\",\"url\":\"https:\\\/\\\/www.oceanvacances.com\\\/wp-content\\\/uploads\\\/2025\\\/10\\\/ocean-vacances-logo-color.svg\",\"contentUrl\":\"https:\\\/\\\/www.oceanvacances.com\\\/wp-content\\\/uploads\\\/2025\\\/10\\\/ocean-vacances-logo-color.svg\",\"width\":457,\"height\":201,\"caption\":\"Oc\u00e9an Vacances\"},\"image\":{\"@id\":\"https:\\\/\\\/www.oceanvacances.com\\\/#\\\/schema\\\/logo\\\/image\\\/\"},\"sameAs\":[\"https:\\\/\\\/www.facebook.com\\\/oceanvacances\\\/\",\"https:\\\/\\\/www.youtube.com\\\/@Campaldia\",\"https:\\\/\\\/www.instagram.com\\\/campingoceanvacances\\\/\"]}]}<\/script>\n<!-- \/ Yoast SEO plugin. -->","yoast_head_json":{"title":"Vaux sur Mer - Oc\u00e9an Vacances","robots":{"index":"index","follow":"follow","max-snippet":"max-snippet:-1","max-image-preview":"max-image-preview:large","max-video-preview":"max-video-preview:-1"},"canonical":"https:\/\/www.oceanvacances.com\/de\/camping-am-meer-royan\/vaux-sur-mer\/","og_locale":"de_DE","og_type":"article","og_title":"Vaux sur Mer - Oc\u00e9an Vacances","og_url":"https:\/\/www.oceanvacances.com\/de\/camping-am-meer-royan\/vaux-sur-mer\/","og_site_name":"Oc\u00e9an Vacances","article_publisher":"https:\/\/www.facebook.com\/oceanvacances\/","article_modified_time":"2026-01-09T15:21:35+00:00","twitter_card":"summary_large_image","twitter_misc":{"Gesch\u00e4tzte Lesezeit":"2\u00a0Minuten"},"schema":{"@context":"https:\/\/schema.org","@graph":[{"@type":"WebPage","@id":"https:\/\/www.oceanvacances.com\/camping-bord-de-mer-royan\/vaux-sur-mer\/","url":"https:\/\/www.oceanvacances.com\/camping-bord-de-mer-royan\/vaux-sur-mer\/","name":"Vaux sur Mer - Oc\u00e9an Vacances","isPartOf":{"@id":"https:\/\/www.oceanvacances.com\/#website"},"datePublished":"2025-12-08T09:15:09+00:00","dateModified":"2026-01-09T15:21:35+00:00","breadcrumb":{"@id":"https:\/\/www.oceanvacances.com\/camping-bord-de-mer-royan\/vaux-sur-mer\/#breadcrumb"},"inLanguage":"de","potentialAction":[{"@type":"ReadAction","target":["https:\/\/www.oceanvacances.com\/camping-bord-de-mer-royan\/vaux-sur-mer\/"]}]},{"@type":"BreadcrumbList","@id":"https:\/\/www.oceanvacances.com\/camping-bord-de-mer-royan\/vaux-sur-mer\/#breadcrumb","itemListElement":[{"@type":"ListItem","position":1,"name":"Home","item":"https:\/\/www.oceanvacances.com\/"},{"@type":"ListItem","position":2,"name":"Camping bord de mer","item":"https:\/\/www.oceanvacances.com\/camping-bord-de-mer-royan\/"},{"@type":"ListItem","position":3,"name":"Vaux sur Mer"}]},{"@type":"WebSite","@id":"https:\/\/www.oceanvacances.com\/#website","url":"https:\/\/www.oceanvacances.com\/","name":"Ocean Vacances","description":"Ihr Feriendorf in der N\u00e4he von Royan","publisher":{"@id":"https:\/\/www.oceanvacances.com\/#organization"},"alternateName":"Camping les Embruns d'Ol\u00e9ron","potentialAction":[{"@type":"SearchAction","target":{"@type":"EntryPoint","urlTemplate":"https:\/\/www.oceanvacances.com\/?s={search_term_string}"},"query-input":{"@type":"PropertyValueSpecification","valueRequired":true,"valueName":"search_term_string"}}],"inLanguage":"de"},{"@type":"Organization","@id":"https:\/\/www.oceanvacances.com\/#organization","name":"Ocean Vacances","url":"https:\/\/www.oceanvacances.com\/","logo":{"@type":"ImageObject","inLanguage":"de","@id":"https:\/\/www.oceanvacances.com\/#\/schema\/logo\/image\/","url":"https:\/\/www.oceanvacances.com\/wp-content\/uploads\/2025\/10\/ocean-vacances-logo-color.svg","contentUrl":"https:\/\/www.oceanvacances.com\/wp-content\/uploads\/2025\/10\/ocean-vacances-logo-color.svg","width":457,"height":201,"caption":"Oc\u00e9an Vacances"},"image":{"@id":"https:\/\/www.oceanvacances.com\/#\/schema\/logo\/image\/"},"sameAs":["https:\/\/www.facebook.com\/oceanvacances\/","https:\/\/www.youtube.com\/@Campaldia","https:\/\/www.instagram.com\/campingoceanvacances\/"]}]}},"_links":{"self":[{"href":"https:\/\/www.oceanvacances.com\/de\/wp-json\/wp\/v2\/pages\/9257","targetHints":{"allow":["GET"]}}],"collection":[{"href":"https:\/\/www.oceanvacances.com\/de\/wp-json\/wp\/v2\/pages"}],"about":[{"href":"https:\/\/www.oceanvacances.com\/de\/wp-json\/wp\/v2\/types\/page"}],"author":[{"embeddable":true,"href":"https:\/\/www.oceanvacances.com\/de\/wp-json\/wp\/v2\/users\/11"}],"replies":[{"embeddable":true,"href":"https:\/\/www.oceanvacances.com\/de\/wp-json\/wp\/v2\/comments?post=9257"}],"version-history":[{"count":5,"href":"https:\/\/www.oceanvacances.com\/de\/wp-json\/wp\/v2\/pages\/9257\/revisions"}],"predecessor-version":[{"id":9436,"href":"https:\/\/www.oceanvacances.com\/de\/wp-json\/wp\/v2\/pages\/9257\/revisions\/9436"}],"up":[{"embeddable":true,"href":"https:\/\/www.oceanvacances.com\/de\/wp-json\/wp\/v2\/pages\/8811"}],"wp:attachment":[{"href":"https:\/\/www.oceanvacances.com\/de\/wp-json\/wp\/v2\/media?parent=9257"}],"curies":[{"name":"wp","href":"https:\/\/api.w.org\/{rel}","templated":true}]}}