{"id":9208,"date":"2025-12-05T15:55:04","date_gmt":"2025-12-05T14:55:04","guid":{"rendered":"https:\/\/www.oceanvacances.com\/?page_id=9208"},"modified":"2026-03-20T14:55:52","modified_gmt":"2026-03-20T13:55:52","slug":"urlaub-royan","status":"publish","type":"page","link":"https:\/\/www.oceanvacances.com\/de\/camping-charente-maritime\/urlaub-royan\/","title":{"rendered":"Royan"},"content":{"rendered":"<div id=\"gap-238255387\" class=\"gap-element clearfix\" style=\"display:block; height:auto;\">\n\t\t\n<style>\n#gap-238255387 {\n  padding-top: 50px;\n}\n@media (min-width:550px) {\n  #gap-238255387 {\n    padding-top: 30px;\n  }\n}\n<\/style>\n\t<\/div>\n\t\n\n\t<section class=\"section\" id=\"section_1130615776\">\n\t\t<div class=\"section-bg fill\" >\n\t\t\t<img loading=\"lazy\" decoding=\"async\" width=\"1200\" height=\"800\" src=\"https:\/\/www.oceanvacances.com\/wp-content\/uploads\/2025\/11\/vacances-en-famille-a-saint-georges-de-didonne-1-1.svg\" class=\"bg attachment-original size-original\" alt=\"Familienurlaub In Saint Georges De Didonne 1 1\" \/>\t\t\t\t\t\t\n\t\t\t\n\n\t\t<\/div>\n\n\t\t\t<div class=\"ux-shape-divider ux-shape-divider--top ux-shape-divider--style-waves-opacity-3\">\n\t\t<svg viewbox=\"0 0 1000 300\" xmlns=\"http:\/\/www.w3.org\/2000\/svg\" preserveaspectratio=\"none\">\n\t<path class=\"ux-shape-fill\" opacity=\"0.05\" d=\"M1014 264V386H206L34 300C34 300 344.42 277.16 436 221C542 156 590 160 704 209C811 255 899.11 214.94 979 346L1014 264Z\"\/>\n\t<path class=\"ux-shape-fill\" opacity=\"0.1\" d=\"M-302 55C-302 55 -66.73 263.25 50 214C178 160 283 116 353 141C445.68 174.1 534.28 256.19 588 249C692.9 235 764.52 75.94 855 131C940.61 183.09 1000 254 1000 254V328L-306 338L-302 55Z\"\/>\n\t<path class=\"ux-shape-fill\" opacity=\"0.15\" d=\"M-286 255C-286 255 -72 152 52 126C176 100 255 155 436 227C581.57 284.91 614.7 277.79 708 227C787 184 1009 3.0001 1093 164C1146 265.63 1031 293 1031 293L924 377L-288 389L-286 255Z\"\/>\n\t<path class=\"ux-shape-fill\" opacity=\"0.3\" d=\"M-24 69C-24 69 275.68 370.66 389 314C397 310 622 316 673 356C690.47 369.7 845 224 890 182C944.8 130.85 1018 92 1078 143C1154.12 207.7 1196 242 1196 242L1184 374L-28 386L-24 69Z\"\/>\n\t<path class=\"ux-shape-fill\" d=\"M-12 201C-12 201 58 284 182 258C306 232 342.29 221.23 456 264C565 305 640.82 288.36 721 249C776 222 837.5 191.31 935 253C984 284 1030 279 1030 279L1024 430L-12 440V201Z\"\/>\n<\/svg>\n\t<\/div>\n\n\t<div class=\"ux-shape-divider ux-shape-divider--bottom ux-shape-divider--style-waves-opacity-2\">\n\t\t<svg viewbox=\"0 0 1000 300\" xmlns=\"http:\/\/www.w3.org\/2000\/svg\" preserveaspectratio=\"none\">\n  <path class=\"ux-shape-fill\" opacity=\"0.15\" d=\"M0 299L-2 19.9998C153 -16.0002 308 155 413 184C515.64 212.35 562 152 645 153C725 154 787 206 874 233C939.54 253.34 975 248 1000 244.61V299H0Z\"\/>\n  <path class=\"ux-shape-fill\" opacity=\"0.3\" d=\"M0 300L-2 34C155 -9.00003 300 178 403 212C504.11 245.38 562 165 645 166C725 167 790.09 220.07 874 253C939.21 278.59 978.07 269.72 1000 263.61V300H0Z\"\/>\n  <path class=\"ux-shape-fill\" d=\"M0 300L-1 69.7099C216 56.9999 299.47 198.86 403 226C506 253 577 196 660 197C740 198 790.09 234.07 874 267C935.23 291 982 282.61 1000 277.61V300H0Z\"\/>\n<\/svg>\n\t<\/div>\n\n\t\t<div class=\"section-content relative\">\n\t\t\t\n<div class=\"row align-right\"  id=\"row-1747224172\">\n\n\t<div id=\"col-102164711\" class=\"col medium-6 small-12 large-6\"  >\n\t\t\t\t<div class=\"col-inner text-center\" style=\"background-color:rgba(255, 255, 255, 0.86);\" >\n\t\t\t\n\t\t\t\n<h1>Touristische Besichtigung von Royan<\/h1>\n<p>Nur 6 km vom <a href=\"https:\/\/www.oceanvacances.com\/de\/\"><strong>Campingplatz Oc\u00e9an Vacances<\/strong><\/a> in Saint-Georges-de-Didonne ist Royan ein ideales Ziel f\u00fcr einen Tagesausflug zwischen Str\u00e4nden, Kultur und Freizeit. Royan, das als einer der sch\u00f6nsten Badeorte der Charente-Maritime bekannt ist, bietet eine <a href=\"https:\/\/www.oceanvacances.com\/de\/royan-mit-der-familie-besuchen\/\"><strong>gro\u00dfe Auswahl an Aktivit\u00e4ten f\u00fcr die ganze Familie<\/strong><\/a> oder f\u00fcr ein Wochenende zu zweit : <a href=\"https:\/\/www.oceanvacances.com\/de\/bootsfahrten-in-royan\/\"><strong>Bootsfahrt<\/strong><\/a>, Die Stadt ist gepr\u00e4gt von Sandstr\u00e4nden, ikonischer Architektur aus den 50er Jahren, lokalen M\u00e4rkten, Meeresfr\u00fcchte-Restaurants und Wassersport.<\/p>\n\t\t<\/div>\n\t\t\t\t\n<style>\n#col-102164711 > .col-inner {\n  padding: 30px 30px 30px 30px;\n  margin: 30px 0px 0px 0px;\n  border-radius: 30px;\n}\n@media (min-width:550px) {\n  #col-102164711 > .col-inner {\n    padding: 30px 30px 30px 30px;\n    margin: 50px 0px 0px 0px;\n  }\n}\n<\/style>\n\t<\/div>\n\n\t\n<\/div>\n\t\t<\/div>\n\n\t\t\n<style>\n#section_1130615776 {\n  padding-top: 50px;\n  padding-bottom: 50px;\n}\n#section_1130615776 .ux-shape-divider--top svg {\n  height: 100px;\n  --divider-top-width: 100%;\n}\n#section_1130615776 .ux-shape-divider--top .ux-shape-fill {\n  fill: rgb(255, 255, 255);\n}\n#section_1130615776 .ux-shape-divider--bottom svg {\n  height: 150px;\n  --divider-width: 130%;\n}\n#section_1130615776 .ux-shape-divider--bottom .ux-shape-fill {\n  fill: #ffffff;\n}\n@media (min-width:550px) {\n  #section_1130615776 .ux-shape-divider--top svg {\n    height: 200px;\n    --divider-top-width: 100%;\n  }\n}\n<\/style>\n\t<\/section>\n\t\n<div class=\"row row-large align-middle\"  id=\"row-871337417\">\n\n\t<div id=\"col-1089806754\" class=\"col small-12 large-12\"  data-animate=\"fadeInLeft\">\n\t\t\t\t<div class=\"col-inner\"  >\n\t\t\t\n\t<div class=\"is-border\"\n\t\tstyle=\"border-width:0px 0px 0px 0px;margin:0px 0px 0px 0px;\">\n\t<\/div>\n\t\t\t\n\t<div id=\"text-248302402\" class=\"text\">\n\t\t\n<h2>Genie\u00dfen Sie die Str\u00e4nde von Royan<\/h2>\n\t\t\n<style>\n#text-248302402 {\n  text-align: center;\n}\n<\/style>\n\t<\/div>\n\t\n\t\t<\/div>\n\t\t\t\t\n<style>\n#col-1089806754 > .col-inner {\n  margin: 0px 0px 20px 0px;\n}\n@media (min-width:550px) {\n  #col-1089806754 > .col-inner {\n    margin: 50px 0px 0px 0px;\n  }\n}\n<\/style>\n\t<\/div>\n\n\t\n<\/div>\n<div class=\"row row-large align-middle\"  id=\"row-647201331\">\n\n\t<div id=\"col-815744129\" class=\"col medium-6 small-12 large-6\"  data-animate=\"fadeInLeft\">\n\t\t\t\t<div class=\"col-inner\"  >\n\t\t\t\n\t<div class=\"is-border\"\n\t\tstyle=\"border-width:0px 0px 0px 0px;margin:0px 0px 0px 0px;\">\n\t<\/div>\n\t\t\t\n<h3><strong>Der Strand von Foncillon<\/strong><\/h3>\n<p>Der Plage de Foncillon liegt im Herzen von Royan und ist ein kleiner, geselliger Strand, der ideal zum Baden und Entspannen ist. Der gesch\u00fctzte und leicht zug\u00e4ngliche Strand ist mit seinen Segelclubs und betreuten Aktivit\u00e4ten f\u00fcr Familien und Wassersportler gleicherma\u00dfen attraktiv. Ein angenehmer Ort, um das Meer zu genie\u00dfen, nur wenige Schritte von den Gesch\u00e4ften und Animationen des Stadtzentrums entfernt.<\/p>\n<a href=\"https:\/\/www.oceanvacances.com\/de\/die-strande-von-royan\/\" class=\"button primary\" >\n\t\t<span>Entdecken Sie alle Str\u00e4nde in Royan<\/span>\n\t<i class=\"icon-play\" aria-hidden=\"true\"><\/i><\/a>\n\n\t\t<\/div>\n\t\t\t\t\n<style>\n#col-815744129 > .col-inner {\n  margin: 0px 0px 20px 0px;\n}\n@media (min-width:550px) {\n  #col-815744129 > .col-inner {\n    margin: 50px 0px 50px 0px;\n  }\n}\n<\/style>\n\t<\/div>\n\n\t\n\n\t<div id=\"col-1806972537\" class=\"col medium-5 small-12 large-5 small-col-first\"  data-animate=\"fadeInRight\">\n\t\t\t\t<div class=\"col-inner\"  >\n\t\t\t\n\t<div class=\"is-border\"\n\t\tstyle=\"border-width:0px 0px 0px 0px;margin:0px 0px 0px 0px;\">\n\t<\/div>\n\t\t\t\n\t<div class=\"img has-hover radius-30 x md-x lg-x y md-y lg-y\" id=\"image_223943409\">\n\t\t\t\t\t\t\t\t<div class=\"img-inner image-cover dark\" style=\"padding-top:70%;\">\n\t\t\t<img loading=\"lazy\" decoding=\"async\" width=\"768\" height=\"576\" src=\"https:\/\/www.oceanvacances.com\/wp-content\/uploads\/2026\/01\/Royan_plage_de_Foncillon-768x576.jpg\" class=\"attachment-medium_large size-medium_large\" alt=\"Royan, Strand De Foncillon\" srcset=\"https:\/\/www.oceanvacances.com\/wp-content\/uploads\/2026\/01\/Royan_plage_de_Foncillon-768x576.jpg 768w, https:\/\/www.oceanvacances.com\/wp-content\/uploads\/2026\/01\/Royan_plage_de_Foncillon-370x278.jpg 370w, https:\/\/www.oceanvacances.com\/wp-content\/uploads\/2026\/01\/Royan_plage_de_Foncillon-1020x765.jpg 1020w, https:\/\/www.oceanvacances.com\/wp-content\/uploads\/2026\/01\/Royan_plage_de_Foncillon-1536x1152.jpg 1536w, https:\/\/www.oceanvacances.com\/wp-content\/uploads\/2026\/01\/Royan_plage_de_Foncillon-2048x1536.jpg 2048w, https:\/\/www.oceanvacances.com\/wp-content\/uploads\/2026\/01\/Royan_plage_de_Foncillon-16x12.jpg 16w, https:\/\/www.oceanvacances.com\/wp-content\/uploads\/2026\/01\/Royan_plage_de_Foncillon-510x383.jpg 510w\" sizes=\"auto, (max-width: 768px) 100vw, 768px\" \/>\t\t\t\t\t\t\n\t\t\t\t\t<\/div>\n\t\t\t\t\t\t\t\t\n<style>\n#image_223943409 {\n  width: 100%;\n}\n<\/style>\n\t<\/div>\n\t\n\t\t<\/div>\n\t\t\t\t\n<style>\n#col-1806972537 > .col-inner {\n  margin: 0px 0px -20px 0px;\n}\n@media (min-width:550px) {\n  #col-1806972537 > .col-inner {\n    margin: 50px 0px 50px 0px;\n  }\n}\n<\/style>\n\t<\/div>\n\n\t\n<\/div>\n<div class=\"row row-large align-middle\"  id=\"row-861425439\">\n\n\t<div id=\"col-846717235\" class=\"col medium-6 small-12 large-6\"  data-animate=\"fadeInLeft\">\n\t\t\t\t<div class=\"col-inner\"  >\n\t\t\t\n\t<div class=\"is-border\"\n\t\tstyle=\"border-width:0px 0px 0px 0px;margin:0px 0px 0px 0px;\">\n\t<\/div>\n\t\t\t\n\t<div class=\"img has-hover radius-30 x md-x lg-x y md-y lg-y\" id=\"image_1152793226\">\n\t\t\t\t\t\t\t\t<div class=\"img-inner image-cover dark\" style=\"padding-top:70%;\">\n\t\t\t<img loading=\"lazy\" decoding=\"async\" width=\"768\" height=\"576\" src=\"https:\/\/www.oceanvacances.com\/wp-content\/uploads\/2025\/12\/plage-de-la-conche-des-baleines-768x576.webp\" class=\"attachment-medium_large size-medium_large\" alt=\"Strand La Conche Des Baleines\" srcset=\"https:\/\/www.oceanvacances.com\/wp-content\/uploads\/2025\/12\/plage-de-la-conche-des-baleines-768x576.webp 768w, https:\/\/www.oceanvacances.com\/wp-content\/uploads\/2025\/12\/plage-de-la-conche-des-baleines-370x278.webp 370w, https:\/\/www.oceanvacances.com\/wp-content\/uploads\/2025\/12\/plage-de-la-conche-des-baleines-1020x765.webp 1020w, https:\/\/www.oceanvacances.com\/wp-content\/uploads\/2025\/12\/plage-de-la-conche-des-baleines-16x12.webp 16w, https:\/\/www.oceanvacances.com\/wp-content\/uploads\/2025\/12\/plage-de-la-conche-des-baleines-510x383.webp 510w, https:\/\/www.oceanvacances.com\/wp-content\/uploads\/2025\/12\/plage-de-la-conche-des-baleines.webp 1360w\" sizes=\"auto, (max-width: 768px) 100vw, 768px\" \/>\t\t\t\t\t\t\n\t\t\t\t\t<\/div>\n\t\t\t\t\t\t\t\t\n<style>\n#image_1152793226 {\n  width: 100%;\n}\n<\/style>\n\t<\/div>\n\t\n\t\t<\/div>\n\t\t\t\t\n<style>\n#col-846717235 > .col-inner {\n  margin: 0px 0px 20px 0px;\n}\n@media (min-width:550px) {\n  #col-846717235 > .col-inner {\n    margin: 50px 0px 50px 0px;\n  }\n}\n<\/style>\n\t<\/div>\n\n\t\n\n\t<div id=\"col-855589321\" class=\"col medium-5 small-12 large-5 small-col-first\"  data-animate=\"fadeInRight\">\n\t\t\t\t<div class=\"col-inner\"  >\n\t\t\t\n\t<div class=\"is-border\"\n\t\tstyle=\"border-width:0px 0px 0px 0px;margin:0px 0px 0px 0px;\">\n\t<\/div>\n\t\t\t\n<h3>Der Strand von La Conche<\/h3>\n<p>Mit seinem kilometerlangen feinen Sandstrand ist der Plage de la Grande Conche einer der sch\u00f6nsten Str\u00e4nde von Royan. Er ist ideal zum Baden mit der Familie, zum Faulenzen oder f\u00fcr einen Spaziergang am Meer und bietet auch zahlreiche Wassersportaktivit\u00e4ten: Paddeln, Segeln, Surfen oder Beachvolleyball. Eine unumg\u00e4ngliche Etappe w\u00e4hrend Ihres Aufenthalts in der N\u00e4he des Campingplatzes Oc\u00e9an Vacances.<\/p>\n\t\t<\/div>\n\t\t\t\t\n<style>\n#col-855589321 > .col-inner {\n  margin: 0px 0px -20px 0px;\n}\n@media (min-width:550px) {\n  #col-855589321 > .col-inner {\n    margin: 50px 0px 50px 0px;\n  }\n}\n<\/style>\n\t<\/div>\n\n\t\n<\/div>\n<div class=\"row\"  id=\"row-1305267900\">\n\n\t<div id=\"col-306422910\" class=\"col small-12 large-12\"  >\n\t\t\t\t<div class=\"col-inner text-center\"  >\n\t\t\t\n\t\t\t\n<h2>Entdecken Sie das historische Erbe von Royan<\/h2>\n\t\t<\/div>\n\t\t\t\t\t<\/div>\n\n\t\n<\/div>\n<div class=\"row row-large align-middle\"  id=\"row-1567263178\">\n\n\t<div id=\"col-293764137\" class=\"col medium-6 small-12 large-6\"  data-animate=\"fadeInLeft\">\n\t\t\t\t<div class=\"col-inner\"  >\n\t\t\t\n\t<div class=\"is-border\"\n\t\tstyle=\"border-width:0px 0px 0px 0px;margin:0px 0px 0px 0px;\">\n\t<\/div>\n\t\t\t\n<h3>Die Kirche Notre-Dame in Royan<\/h3>\n<p data-start=\"134\" data-end=\"513\">Die Kirche Notre-Dame de Royan ist ein echtes Symbol f\u00fcr den Wiederaufbau nach dem Krieg und darf bei Ihrem Besuch vom Campingplatz Oc\u00e9an Vacances in Saint-Georges-de-Didonne aus nicht fehlen. Diese majest\u00e4tische Kirche aus rohem Beton steht unter Denkmalschutz und fasziniert durch ihre moderne Architektur, ihre schlanke Silhouette und das Licht, das durch ihr riesiges Kirchenschiff f\u00e4llt.<\/p>\n\t\t<\/div>\n\t\t\t\t\n<style>\n#col-293764137 > .col-inner {\n  margin: 0px 0px 20px 0px;\n}\n@media (min-width:550px) {\n  #col-293764137 > .col-inner {\n    margin: 50px 0px 50px 0px;\n  }\n}\n<\/style>\n\t<\/div>\n\n\t\n\n\t<div id=\"col-1351861812\" class=\"col medium-5 small-12 large-5 small-col-first\"  data-animate=\"fadeInRight\">\n\t\t\t\t<div class=\"col-inner\"  >\n\t\t\t\n\t<div class=\"is-border\"\n\t\tstyle=\"border-width:0px 0px 0px 0px;margin:0px 0px 0px 0px;\">\n\t<\/div>\n\t\t\t\n\t<div class=\"img has-hover x md-x lg-x y md-y lg-y\" id=\"image_792342152\">\n\t\t\t\t\t\t\t\t<div class=\"img-inner image-cover dark\" style=\"padding-top:70%;\">\n\t\t\t<img loading=\"lazy\" decoding=\"async\" width=\"768\" height=\"512\" src=\"https:\/\/www.oceanvacances.com\/wp-content\/uploads\/2025\/12\/notre-dame-exterieur-a-otc-royan-atlantique-768x512.jpg\" class=\"attachment-medium_large size-medium_large\" alt=\"Notre Dame Exterieur A Otc Royan Atlantique\" srcset=\"https:\/\/www.oceanvacances.com\/wp-content\/uploads\/2025\/12\/notre-dame-exterieur-a-otc-royan-atlantique-768x512.jpg 768w, https:\/\/www.oceanvacances.com\/wp-content\/uploads\/2025\/12\/notre-dame-exterieur-a-otc-royan-atlantique-370x247.jpg 370w, https:\/\/www.oceanvacances.com\/wp-content\/uploads\/2025\/12\/notre-dame-exterieur-a-otc-royan-atlantique-1020x680.jpg 1020w, https:\/\/www.oceanvacances.com\/wp-content\/uploads\/2025\/12\/notre-dame-exterieur-a-otc-royan-atlantique-1536x1024.jpg 1536w, https:\/\/www.oceanvacances.com\/wp-content\/uploads\/2025\/12\/notre-dame-exterieur-a-otc-royan-atlantique-18x12.jpg 18w, https:\/\/www.oceanvacances.com\/wp-content\/uploads\/2025\/12\/notre-dame-exterieur-a-otc-royan-atlantique-510x340.jpg 510w, https:\/\/www.oceanvacances.com\/wp-content\/uploads\/2025\/12\/notre-dame-exterieur-a-otc-royan-atlantique.jpg 1600w\" sizes=\"auto, (max-width: 768px) 100vw, 768px\" \/>\t\t\t\t\t\t\n\t\t\t\t\t<\/div>\n\t\t\t\t\t\t\t\t\n<style>\n#image_792342152 {\n  width: 100%;\n}\n<\/style>\n\t<\/div>\n\t\n\t\t<\/div>\n\t\t\t\t\n<style>\n#col-1351861812 > .col-inner {\n  margin: 0px 0px -20px 0px;\n}\n@media (min-width:550px) {\n  #col-1351861812 > .col-inner {\n    margin: 50px 0px 50px 0px;\n  }\n}\n<\/style>\n\t<\/div>\n\n\t\n<\/div>\n<div class=\"row\"  id=\"row-1989600729\">\n\n\t<div id=\"col-43520738\" class=\"col small-12 large-12\"  >\n\t\t\t\t<div class=\"col-inner text-center\"  >\n\t\t\t\n\t\t\t\n<a href=\"https:\/\/www.oceanvacances.com\/de\/vermietung-von-ferien-in-saint-georges-de-didonne\/unterkunft\/\" class=\"button primary\" >\n\t\t<span>Mein Feriendomizil in St Georges de Didonne<\/span>\n\t<\/a>\n\n\t\t<\/div>\n\t\t\t\t\n<style>\n#col-43520738 > .col-inner {\n  margin: 20px 0px -10px 0px;\n}\n<\/style>\n\t<\/div>\n\n\t\n<\/div>\n<div class=\"row row-large align-middle\"  id=\"row-1895913950\">\n\n\t<div id=\"col-1495397270\" class=\"col medium-5 small-12 large-5 small-col-first\"  data-animate=\"fadeInLeft\">\n\t\t\t\t<div class=\"col-inner\"  >\n\t\t\t\n\t<div class=\"is-border\"\n\t\tstyle=\"border-width:0px 0px 0px 0px;margin:0px 0px 0px 0px;\">\n\t<\/div>\n\t\t\t\n\t<div class=\"img has-hover x md-x lg-x y md-y lg-y\" id=\"image_650586181\">\n\t\t\t\t\t\t\t\t<div class=\"img-inner image-cover dark\" style=\"padding-top:70%;\">\n\t\t\t<img loading=\"lazy\" decoding=\"async\" width=\"768\" height=\"512\" src=\"https:\/\/www.oceanvacances.com\/wp-content\/uploads\/2025\/12\/plage-de-pontaillac.svg\" class=\"attachment-medium_large size-medium_large\" alt=\"Strand von Pontaillac\" \/>\t\t\t\t\t\t\n\t\t\t\t\t<\/div>\n\t\t\t\t\t\t\t\t\n<style>\n#image_650586181 {\n  width: 100%;\n}\n<\/style>\n\t<\/div>\n\t\n\t\t<\/div>\n\t\t\t\t\n<style>\n#col-1495397270 > .col-inner {\n  margin: 0px 0px -20px 0px;\n}\n@media (min-width:550px) {\n  #col-1495397270 > .col-inner {\n    margin: 50px 0px 50px 0px;\n  }\n}\n<\/style>\n\t<\/div>\n\n\t\n\n\t<div id=\"col-1611192949\" class=\"col medium-6 small-12 large-6 small-col-first\"  data-animate=\"fadeInRight\">\n\t\t\t\t<div class=\"col-inner\"  >\n\t\t\t\n\t\t\t\n<h3>Das Viertel Pontaillac<\/h3>\n<p data-start=\"155\" data-end=\"530\">Nur wenige Minuten vom Campingplatz Oc\u00e9an Vacances in Saint-Georges-de-Didonne entfernt liegt das Viertel Pontaillac, einer der malerischsten Orte von Royan. Bekannt f\u00fcr seine eleganten Belle-Epoque-Villen, den von Restaurants und Caf\u00e9s ges\u00e4umten Strand und die gleichzeitig schicke und entspannte Atmosph\u00e4re, zieht Pontaillac Urlauber an, die auf der Suche nach Entspannung und Authentizit\u00e4t sind.<\/p>\n<p data-start=\"532\" data-end=\"777\">Es ist auch ein unumg\u00e4nglicher Spot f\u00fcr alle, die gerne surfen, Bodyboarding betreiben oder Stand-up-Paddling betreiben... Die Bucht ist sehr sonnig und bietet ideale Bedingungen, um das Surfen zu erlernen oder zu perfektionieren und dabei eine einzigartige Kulisse vor dem Ozean zu genie\u00dfen.<\/p>\n\t\t<\/div>\n\t\t\t\t\n<style>\n#col-1611192949 > .col-inner {\n  margin: 0px 0px 20px 0px;\n}\n@media (min-width:550px) {\n  #col-1611192949 > .col-inner {\n    margin: 50px 0px 50px 0px;\n  }\n}\n<\/style>\n\t<\/div>\n\n\t\n<\/div>\n<div class=\"row\"  id=\"row-336520939\">\n\n\t<div id=\"col-1250917296\" class=\"col small-12 large-12\"  >\n\t\t\t\t<div class=\"col-inner text-center\"  >\n\t\t\t\n\t\t\t\n<h2>Was Sie w\u00e4hrend Ihres Aufenthalts nicht verpassen sollten<\/h2>\n\t<div id=\"gap-756153688\" class=\"gap-element clearfix\" style=\"display:block; height:auto;\">\n\t\t\n<style>\n#gap-756153688 {\n  padding-top: 30px;\n}\n<\/style>\n\t<\/div>\n\t\n<a href=\"https:\/\/www.oceanvacances.com\/de\/die-unumganglichen-orte-in-royan\/\" class=\"button primary\" >\n\t\t<span>Entdecken Sie die unumg\u00e4nglichen Orte in Royan<\/span>\n\t<i class=\"icon-play\" aria-hidden=\"true\"><\/i><\/a>\n\n\t\t<\/div>\n\t\t\t\t\t<\/div>\n\n\t\n<\/div>\n<div class=\"row row-large align-middle\"  id=\"row-1320059091\">\n\n\t<div id=\"col-1614443572\" class=\"col medium-6 small-12 large-6\"  data-animate=\"fadeInLeft\">\n\t\t\t\t<div class=\"col-inner\"  >\n\t\t\t\n\t<div class=\"is-border\"\n\t\tstyle=\"border-width:0px 0px 0px 0px;margin:0px 0px 0px 0px;\">\n\t<\/div>\n\t\t\t\n<h3>Der zentrale Markt in Royan<\/h3>\n<p>Der March\u00e9 Central im Herzen von Royan ist ein Muss, wenn Sie die Produkte der Region Charente entdecken m\u00f6chten. Unter seiner ber\u00fchmten Kuppel k\u00f6nnen Sie Meeresfr\u00fcchte, K\u00e4se, Pineau und lokale Spezialit\u00e4ten probieren. Ein lebendiger und authentischer Ort, ideal, um Produzenten zu treffen und die Lebensart von Royan zu genie\u00dfen.<\/p>\n\t\t<\/div>\n\t\t\t\t\n<style>\n#col-1614443572 > .col-inner {\n  margin: 0px 0px 20px 0px;\n}\n@media (min-width:550px) {\n  #col-1614443572 > .col-inner {\n    margin: 50px 0px 50px 0px;\n  }\n}\n<\/style>\n\t<\/div>\n\n\t\n\n\t<div id=\"col-1904968577\" class=\"col medium-5 small-12 large-5 small-col-first\"  data-animate=\"fadeInRight\">\n\t\t\t\t<div class=\"col-inner\"  >\n\t\t\t\n\t<div class=\"is-border\"\n\t\tstyle=\"border-width:0px 0px 0px 0px;margin:0px 0px 0px 0px;\">\n\t<\/div>\n\t\t\t\n\t<div class=\"img has-hover x md-x lg-x y md-y lg-y\" id=\"image_1961890114\">\n\t\t\t\t\t\t\t\t<div class=\"img-inner image-cover dark\" style=\"padding-top:70%;\">\n\t\t\t<img loading=\"lazy\" decoding=\"async\" width=\"665\" height=\"428\" src=\"https:\/\/www.oceanvacances.com\/wp-content\/uploads\/2025\/12\/61-72-9521213.webp\" class=\"attachment-medium_large size-medium_large\" alt=\"Der zentrale Markt in Royan\" srcset=\"https:\/\/www.oceanvacances.com\/wp-content\/uploads\/2025\/12\/61-72-9521213.webp 665w, https:\/\/www.oceanvacances.com\/wp-content\/uploads\/2025\/12\/61-72-9521213-370x238.webp 370w, https:\/\/www.oceanvacances.com\/wp-content\/uploads\/2025\/12\/61-72-9521213-18x12.webp 18w, https:\/\/www.oceanvacances.com\/wp-content\/uploads\/2025\/12\/61-72-9521213-510x328.webp 510w\" sizes=\"auto, (max-width: 665px) 100vw, 665px\" \/>\t\t\t\t\t\t\n\t\t\t\t\t<\/div>\n\t\t\t\t\t\t\t\t\n<style>\n#image_1961890114 {\n  width: 100%;\n}\n<\/style>\n\t<\/div>\n\t\n\t\t<\/div>\n\t\t\t\t\n<style>\n#col-1904968577 > .col-inner {\n  margin: 0px 0px -20px 0px;\n}\n@media (min-width:550px) {\n  #col-1904968577 > .col-inner {\n    margin: 50px 0px 50px 0px;\n  }\n}\n<\/style>\n\t<\/div>\n\n\t\n<\/div>\n<div class=\"row row-large align-middle\"  id=\"row-890977416\">\n\n\t<div id=\"col-1964355603\" class=\"col medium-6 small-12 large-6\"  data-animate=\"fadeInLeft\">\n\t\t\t\t<div class=\"col-inner\"  >\n\t\t\t\n\t<div class=\"is-border\"\n\t\tstyle=\"border-width:0px 0px 0px 0px;margin:0px 0px 0px 0px;\">\n\t<\/div>\n\t\t\t\n\t<div class=\"img has-hover x md-x lg-x y md-y lg-y\" id=\"image_1847748717\">\n\t\t\t\t\t\t\t\t<div class=\"img-inner image-cover dark\" style=\"padding-top:70%;\">\n\t\t\t<img loading=\"lazy\" decoding=\"async\" width=\"1\" height=\"1\" src=\"https:\/\/www.oceanvacances.com\/wp-content\/uploads\/2025\/12\/159-49-26816927-768x512-1.avif\" class=\"attachment-medium_large size-medium_large\" alt=\"Das Museum von royan\" \/>\t\t\t\t\t\t\n\t\t\t\t\t<\/div>\n\t\t\t\t\t\t\t\t\n<style>\n#image_1847748717 {\n  width: 100%;\n}\n<\/style>\n\t<\/div>\n\t\n\t\t<\/div>\n\t\t\t\t\n<style>\n#col-1964355603 > .col-inner {\n  margin: 0px 0px 0px 0px;\n}\n@media (min-width:550px) {\n  #col-1964355603 > .col-inner {\n    margin: 50px 0px 50px 0px;\n  }\n}\n<\/style>\n\t<\/div>\n\n\t\n\n\t<div id=\"col-156525203\" class=\"col medium-5 small-12 large-5 small-col-first\"  data-animate=\"fadeInRight\">\n\t\t\t\t<div class=\"col-inner\"  >\n\t\t\t\n\t<div class=\"is-border\"\n\t\tstyle=\"border-width:0px 0px 0px 0px;margin:0px 0px 0px 0px;\">\n\t<\/div>\n\t\t\t\n<h3>Das Museum von Royan<\/h3>\n<p>Das im Parkviertel untergebrachte Mus\u00e9e de Royan zeigt die Geschichte der Stadt von der Belle \u00c9poque bis zum Wiederaufbau nach dem Krieg. Ein bereichernder Besuch, um die einzigartige Identit\u00e4t dieses Badeortes zu verstehen, der sich dem Meer und der modernen Architektur zuwendet.<\/p>\n\t\t<\/div>\n\t\t\t\t\n<style>\n#col-156525203 > .col-inner {\n  margin: 0px 0px -20px 0px;\n}\n@media (min-width:550px) {\n  #col-156525203 > .col-inner {\n    margin: 50px 0px 50px 0px;\n  }\n}\n<\/style>\n\t<\/div>\n\n\t\n<\/div>\n<div class=\"row row-large align-middle\"  id=\"row-486489396\">\n\n\t<div id=\"col-1956486544\" class=\"col medium-6 small-12 large-6\"  data-animate=\"fadeInLeft\">\n\t\t\t\t<div class=\"col-inner\"  >\n\t\t\t\n\t<div class=\"is-border\"\n\t\tstyle=\"border-width:0px 0px 0px 0px;margin:0px 0px 0px 0px;\">\n\t<\/div>\n\t\t\t\n<h3 class=\"entry-title\">Das Blockhaus von Royan<\/h3>\n<p>Entlang der C\u00f4te de Beaut\u00e9 von La Tremblade bis Semussac im Gro\u00dfraum Royan liegen hier und da am Strand oder an der D\u00fcnenflanke riesige Betonbl\u00f6cke verstreut. Es handelt sich um Blockh\u00e4user, ein Befestigungssystem, das von der deutschen Armee zur Verteidigung der Atlantikk\u00fcste w\u00e4hrend des Zweiten Weltkriegs errichtet wurde. Wie die Moiai auf der Osterinsel sind die Blockh\u00e4user von Royan Teil der Landschaft.<\/p>\n<a href=\"https:\/\/www.oceanvacances.com\/de\/blockhaus-royan\/\" class=\"button primary\" >\n\t\t<span>Artikel lesen<\/span>\n\t<\/a>\n\n\t\t<\/div>\n\t\t\t\t\n<style>\n#col-1956486544 > .col-inner {\n  margin: 0px 0px 20px 0px;\n}\n@media (min-width:550px) {\n  #col-1956486544 > .col-inner {\n    margin: 50px 0px 50px 0px;\n  }\n}\n<\/style>\n\t<\/div>\n\n\t\n\n\t<div id=\"col-840638288\" class=\"col medium-5 small-12 large-5 small-col-first\"  data-animate=\"fadeInRight\">\n\t\t\t\t<div class=\"col-inner\"  >\n\t\t\t\n\t<div class=\"is-border\"\n\t\tstyle=\"border-width:0px 0px 0px 0px;margin:0px 0px 0px 0px;\">\n\t<\/div>\n\t\t\t\n\t<div class=\"img has-hover x md-x lg-x y md-y lg-y\" id=\"image_203020320\">\n\t\t\t\t\t\t\t\t<div class=\"img-inner image-cover dark\" style=\"padding-top:70%;\">\n\t\t\t<img loading=\"lazy\" decoding=\"async\" width=\"768\" height=\"182\" src=\"https:\/\/www.oceanvacances.com\/wp-content\/uploads\/2023\/06\/blockaus-royan-768x182.jpg\" class=\"attachment-medium_large size-medium_large\" alt=\"Blockhaus Royan\" srcset=\"https:\/\/www.oceanvacances.com\/wp-content\/uploads\/2023\/06\/blockaus-royan-768x182.jpg 768w, https:\/\/www.oceanvacances.com\/wp-content\/uploads\/2023\/06\/blockaus-royan-370x88.jpg 370w, https:\/\/www.oceanvacances.com\/wp-content\/uploads\/2023\/06\/blockaus-royan-1020x242.jpg 1020w, https:\/\/www.oceanvacances.com\/wp-content\/uploads\/2023\/06\/blockaus-royan-1536x364.jpg 1536w, https:\/\/www.oceanvacances.com\/wp-content\/uploads\/2023\/06\/blockaus-royan-18x4.jpg 18w, https:\/\/www.oceanvacances.com\/wp-content\/uploads\/2023\/06\/blockaus-royan-510x121.jpg 510w, https:\/\/www.oceanvacances.com\/wp-content\/uploads\/2023\/06\/blockaus-royan.jpg 1900w\" sizes=\"auto, (max-width: 768px) 100vw, 768px\" \/>\t\t\t\t\t\t\n\t\t\t\t\t<\/div>\n\t\t\t\t\t\t\t\t\n<style>\n#image_203020320 {\n  width: 100%;\n}\n<\/style>\n\t<\/div>\n\t\n\t\t<\/div>\n\t\t\t\t\n<style>\n#col-840638288 > .col-inner {\n  margin: 0px 0px -20px 0px;\n}\n@media (min-width:550px) {\n  #col-840638288 > .col-inner {\n    margin: 50px 0px 50px 0px;\n  }\n}\n<\/style>\n\t<\/div>\n\n\t\n\n\t<div id=\"col-483208580\" class=\"col medium-5 small-12 large-5\"  data-animate=\"fadeInLeft\">\n\t\t\t\t<div class=\"col-inner text-center\"  >\n\t\t\t\n\t<div class=\"is-border\"\n\t\tstyle=\"border-width:0px 0px 0px 0px;margin:0px 0px 0px 0px;\">\n\t<\/div>\n\t\t\t\n\t<div id=\"text-3428892071\" class=\"text\">\n\t\t\n<h2>Weiterf\u00fchrende Informationen :<\/h2>\n\t\t\n<style>\n#text-3428892071 {\n  text-align: right;\n}\n<\/style>\n\t<\/div>\n\t\n\t\t<\/div>\n\t\t\t\t\n<style>\n#col-483208580 > .col-inner {\n  margin: 0px 0px 20px 0px;\n}\n@media (min-width:550px) {\n  #col-483208580 > .col-inner {\n    margin: 50px 0px 50px 0px;\n  }\n}\n<\/style>\n\t<\/div>\n\n\t\n\n\t<div id=\"col-764039658\" class=\"col medium-6 small-12 large-6\"  >\n\t\t\t\t<div class=\"col-inner text-left\"  >\n\t\t\t\n\t\t\t\n<a href=\"https:\/\/www.oceanvacances.com\/de\/10-grunde-fur-einen-besuch-in-royan\/\" class=\"button primary\" >\n\t\t<span>Entdecken Sie 10 Gr\u00fcnde, Royan zu besuchen<\/span>\n\t<\/a>\n\n\t\t<\/div>\n\t\t\t\t\t<\/div>\n\n\t\n<\/div>","protected":false},"excerpt":{"rendered":"","protected":false},"author":10,"featured_media":0,"parent":6421,"menu_order":0,"comment_status":"closed","ping_status":"closed","template":"page-blank.php","meta":{"_acf_changed":false,"inline_featured_image":false,"footnotes":""},"class_list":["post-9208","page","type-page","status-publish","hentry"],"acf":[],"yoast_head":"<!-- This site is optimized with the Yoast SEO plugin v27.5 - https:\/\/yoast.com\/product\/yoast-seo-wordpress\/ -->\n<title>Royan - Oc\u00e9an Vacances<\/title>\n<meta name=\"robots\" content=\"index, follow, max-snippet:-1, max-image-preview:large, max-video-preview:-1\" \/>\n<link rel=\"canonical\" href=\"https:\/\/www.oceanvacances.com\/de\/camping-charente-maritime\/urlaub-royan\/\" \/>\n<meta property=\"og:locale\" content=\"de_DE\" \/>\n<meta property=\"og:type\" content=\"article\" \/>\n<meta property=\"og:title\" content=\"Royan - Oc\u00e9an Vacances\" \/>\n<meta property=\"og:url\" content=\"https:\/\/www.oceanvacances.com\/de\/camping-charente-maritime\/urlaub-royan\/\" \/>\n<meta property=\"og:site_name\" content=\"Oc\u00e9an Vacances\" \/>\n<meta property=\"article:publisher\" content=\"https:\/\/www.facebook.com\/oceanvacances\/\" \/>\n<meta property=\"article:modified_time\" content=\"2026-03-20T13:55:52+00:00\" \/>\n<meta name=\"twitter:card\" content=\"summary_large_image\" \/>\n<meta name=\"twitter:label1\" content=\"Gesch\u00e4tzte Lesezeit\" \/>\n\t<meta name=\"twitter:data1\" content=\"5\u00a0Minuten\" \/>\n<script type=\"application\/ld+json\" class=\"yoast-schema-graph\">{\"@context\":\"https:\\\/\\\/schema.org\",\"@graph\":[{\"@type\":\"WebPage\",\"@id\":\"https:\\\/\\\/www.oceanvacances.com\\\/camping-charente-maritime\\\/vacances-royan\\\/\",\"url\":\"https:\\\/\\\/www.oceanvacances.com\\\/camping-charente-maritime\\\/vacances-royan\\\/\",\"name\":\"Royan - Oc\u00e9an Vacances\",\"isPartOf\":{\"@id\":\"https:\\\/\\\/www.oceanvacances.com\\\/#website\"},\"datePublished\":\"2025-12-05T14:55:04+00:00\",\"dateModified\":\"2026-03-20T13:55:52+00:00\",\"breadcrumb\":{\"@id\":\"https:\\\/\\\/www.oceanvacances.com\\\/camping-charente-maritime\\\/vacances-royan\\\/#breadcrumb\"},\"inLanguage\":\"de\",\"potentialAction\":[{\"@type\":\"ReadAction\",\"target\":[\"https:\\\/\\\/www.oceanvacances.com\\\/camping-charente-maritime\\\/vacances-royan\\\/\"]}]},{\"@type\":\"BreadcrumbList\",\"@id\":\"https:\\\/\\\/www.oceanvacances.com\\\/camping-charente-maritime\\\/vacances-royan\\\/#breadcrumb\",\"itemListElement\":[{\"@type\":\"ListItem\",\"position\":1,\"name\":\"Home\",\"item\":\"https:\\\/\\\/www.oceanvacances.com\\\/\"},{\"@type\":\"ListItem\",\"position\":2,\"name\":\"La R\u00e9gion\",\"item\":\"https:\\\/\\\/www.oceanvacances.com\\\/camping-charente-maritime\\\/\"},{\"@type\":\"ListItem\",\"position\":3,\"name\":\"Royan\"}]},{\"@type\":\"WebSite\",\"@id\":\"https:\\\/\\\/www.oceanvacances.com\\\/#website\",\"url\":\"https:\\\/\\\/www.oceanvacances.com\\\/\",\"name\":\"Oc\u00e9an Vacances\",\"description\":\"Votre village vacances pr\u00e8s de Royan\",\"publisher\":{\"@id\":\"https:\\\/\\\/www.oceanvacances.com\\\/#organization\"},\"alternateName\":\"Camping les Embruns d'Ol\u00e9ron\",\"potentialAction\":[{\"@type\":\"SearchAction\",\"target\":{\"@type\":\"EntryPoint\",\"urlTemplate\":\"https:\\\/\\\/www.oceanvacances.com\\\/?s={search_term_string}\"},\"query-input\":{\"@type\":\"PropertyValueSpecification\",\"valueRequired\":true,\"valueName\":\"search_term_string\"}}],\"inLanguage\":\"de\"},{\"@type\":\"Organization\",\"@id\":\"https:\\\/\\\/www.oceanvacances.com\\\/#organization\",\"name\":\"Oc\u00e9an Vacances\",\"url\":\"https:\\\/\\\/www.oceanvacances.com\\\/\",\"logo\":{\"@type\":\"ImageObject\",\"inLanguage\":\"de\",\"@id\":\"https:\\\/\\\/www.oceanvacances.com\\\/#\\\/schema\\\/logo\\\/image\\\/\",\"url\":\"https:\\\/\\\/www.oceanvacances.com\\\/wp-content\\\/uploads\\\/2025\\\/10\\\/ocean-vacances-logo-color.svg\",\"contentUrl\":\"https:\\\/\\\/www.oceanvacances.com\\\/wp-content\\\/uploads\\\/2025\\\/10\\\/ocean-vacances-logo-color.svg\",\"width\":457,\"height\":201,\"caption\":\"Oc\u00e9an Vacances\"},\"image\":{\"@id\":\"https:\\\/\\\/www.oceanvacances.com\\\/#\\\/schema\\\/logo\\\/image\\\/\"},\"sameAs\":[\"https:\\\/\\\/www.facebook.com\\\/oceanvacances\\\/\",\"https:\\\/\\\/www.youtube.com\\\/@Campaldia\",\"https:\\\/\\\/www.instagram.com\\\/campingoceanvacances\\\/\"]}]}<\/script>\n<!-- \/ Yoast SEO plugin. -->","yoast_head_json":{"title":"Royan - Oc\u00e9an Vacances","robots":{"index":"index","follow":"follow","max-snippet":"max-snippet:-1","max-image-preview":"max-image-preview:large","max-video-preview":"max-video-preview:-1"},"canonical":"https:\/\/www.oceanvacances.com\/de\/camping-charente-maritime\/urlaub-royan\/","og_locale":"de_DE","og_type":"article","og_title":"Royan - Oc\u00e9an Vacances","og_url":"https:\/\/www.oceanvacances.com\/de\/camping-charente-maritime\/urlaub-royan\/","og_site_name":"Oc\u00e9an Vacances","article_publisher":"https:\/\/www.facebook.com\/oceanvacances\/","article_modified_time":"2026-03-20T13:55:52+00:00","twitter_card":"summary_large_image","twitter_misc":{"Gesch\u00e4tzte Lesezeit":"5\u00a0Minuten"},"schema":{"@context":"https:\/\/schema.org","@graph":[{"@type":"WebPage","@id":"https:\/\/www.oceanvacances.com\/camping-charente-maritime\/vacances-royan\/","url":"https:\/\/www.oceanvacances.com\/camping-charente-maritime\/vacances-royan\/","name":"Royan - Oc\u00e9an Vacances","isPartOf":{"@id":"https:\/\/www.oceanvacances.com\/#website"},"datePublished":"2025-12-05T14:55:04+00:00","dateModified":"2026-03-20T13:55:52+00:00","breadcrumb":{"@id":"https:\/\/www.oceanvacances.com\/camping-charente-maritime\/vacances-royan\/#breadcrumb"},"inLanguage":"de","potentialAction":[{"@type":"ReadAction","target":["https:\/\/www.oceanvacances.com\/camping-charente-maritime\/vacances-royan\/"]}]},{"@type":"BreadcrumbList","@id":"https:\/\/www.oceanvacances.com\/camping-charente-maritime\/vacances-royan\/#breadcrumb","itemListElement":[{"@type":"ListItem","position":1,"name":"Home","item":"https:\/\/www.oceanvacances.com\/"},{"@type":"ListItem","position":2,"name":"La R\u00e9gion","item":"https:\/\/www.oceanvacances.com\/camping-charente-maritime\/"},{"@type":"ListItem","position":3,"name":"Royan"}]},{"@type":"WebSite","@id":"https:\/\/www.oceanvacances.com\/#website","url":"https:\/\/www.oceanvacances.com\/","name":"Ocean Vacances","description":"Ihr Feriendorf in der N\u00e4he von Royan","publisher":{"@id":"https:\/\/www.oceanvacances.com\/#organization"},"alternateName":"Camping les Embruns d'Ol\u00e9ron","potentialAction":[{"@type":"SearchAction","target":{"@type":"EntryPoint","urlTemplate":"https:\/\/www.oceanvacances.com\/?s={search_term_string}"},"query-input":{"@type":"PropertyValueSpecification","valueRequired":true,"valueName":"search_term_string"}}],"inLanguage":"de"},{"@type":"Organization","@id":"https:\/\/www.oceanvacances.com\/#organization","name":"Ocean Vacances","url":"https:\/\/www.oceanvacances.com\/","logo":{"@type":"ImageObject","inLanguage":"de","@id":"https:\/\/www.oceanvacances.com\/#\/schema\/logo\/image\/","url":"https:\/\/www.oceanvacances.com\/wp-content\/uploads\/2025\/10\/ocean-vacances-logo-color.svg","contentUrl":"https:\/\/www.oceanvacances.com\/wp-content\/uploads\/2025\/10\/ocean-vacances-logo-color.svg","width":457,"height":201,"caption":"Oc\u00e9an Vacances"},"image":{"@id":"https:\/\/www.oceanvacances.com\/#\/schema\/logo\/image\/"},"sameAs":["https:\/\/www.facebook.com\/oceanvacances\/","https:\/\/www.youtube.com\/@Campaldia","https:\/\/www.instagram.com\/campingoceanvacances\/"]}]}},"_links":{"self":[{"href":"https:\/\/www.oceanvacances.com\/de\/wp-json\/wp\/v2\/pages\/9208","targetHints":{"allow":["GET"]}}],"collection":[{"href":"https:\/\/www.oceanvacances.com\/de\/wp-json\/wp\/v2\/pages"}],"about":[{"href":"https:\/\/www.oceanvacances.com\/de\/wp-json\/wp\/v2\/types\/page"}],"author":[{"embeddable":true,"href":"https:\/\/www.oceanvacances.com\/de\/wp-json\/wp\/v2\/users\/10"}],"replies":[{"embeddable":true,"href":"https:\/\/www.oceanvacances.com\/de\/wp-json\/wp\/v2\/comments?post=9208"}],"version-history":[{"count":25,"href":"https:\/\/www.oceanvacances.com\/de\/wp-json\/wp\/v2\/pages\/9208\/revisions"}],"predecessor-version":[{"id":9736,"href":"https:\/\/www.oceanvacances.com\/de\/wp-json\/wp\/v2\/pages\/9208\/revisions\/9736"}],"up":[{"embeddable":true,"href":"https:\/\/www.oceanvacances.com\/de\/wp-json\/wp\/v2\/pages\/6421"}],"wp:attachment":[{"href":"https:\/\/www.oceanvacances.com\/de\/wp-json\/wp\/v2\/media?parent=9208"}],"curies":[{"name":"wp","href":"https:\/\/api.w.org\/{rel}","templated":true}]}}