{"id":8811,"date":"2025-11-20T11:00:07","date_gmt":"2025-11-20T10:00:07","guid":{"rendered":"https:\/\/www.oceanvacances.com\/?page_id=8811"},"modified":"2026-03-10T15:31:28","modified_gmt":"2026-03-10T14:31:28","slug":"camping-am-meer-royan","status":"publish","type":"page","link":"https:\/\/www.oceanvacances.com\/de\/camping-am-meer-royan\/","title":{"rendered":"Campingplatz am Meer"},"content":{"rendered":"<div id=\"gap-1517450349\" class=\"gap-element clearfix\" style=\"display:block; height:auto;\">\n\t\t\n<style>\n#gap-1517450349 {\n  padding-top: 50px;\n}\n@media (min-width:550px) {\n  #gap-1517450349 {\n    padding-top: 30px;\n  }\n}\n<\/style>\n\t<\/div>\n\t\n\n\t<section class=\"section\" id=\"section_1950591890\">\n\t\t<div class=\"section-bg fill\" >\n\t\t\t<img loading=\"lazy\" decoding=\"async\" width=\"1920\" height=\"1080\" src=\"https:\/\/www.oceanvacances.com\/wp-content\/uploads\/2025\/12\/HEBERGEMENTS-DAUPHIN.jpg\" class=\"bg attachment-original size-original\" alt=\"camping am meer\" \/>\t\t\t\t\t\t\n\t\t\t\n\n\t\t<\/div>\n\n\t\t\t<div class=\"ux-shape-divider ux-shape-divider--top ux-shape-divider--style-waves-opacity-3\">\n\t\t<svg viewbox=\"0 0 1000 300\" xmlns=\"http:\/\/www.w3.org\/2000\/svg\" preserveaspectratio=\"none\">\n\t<path class=\"ux-shape-fill\" opacity=\"0.05\" d=\"M1014 264V386H206L34 300C34 300 344.42 277.16 436 221C542 156 590 160 704 209C811 255 899.11 214.94 979 346L1014 264Z\"\/>\n\t<path class=\"ux-shape-fill\" opacity=\"0.1\" d=\"M-302 55C-302 55 -66.73 263.25 50 214C178 160 283 116 353 141C445.68 174.1 534.28 256.19 588 249C692.9 235 764.52 75.94 855 131C940.61 183.09 1000 254 1000 254V328L-306 338L-302 55Z\"\/>\n\t<path class=\"ux-shape-fill\" opacity=\"0.15\" d=\"M-286 255C-286 255 -72 152 52 126C176 100 255 155 436 227C581.57 284.91 614.7 277.79 708 227C787 184 1009 3.0001 1093 164C1146 265.63 1031 293 1031 293L924 377L-288 389L-286 255Z\"\/>\n\t<path class=\"ux-shape-fill\" opacity=\"0.3\" d=\"M-24 69C-24 69 275.68 370.66 389 314C397 310 622 316 673 356C690.47 369.7 845 224 890 182C944.8 130.85 1018 92 1078 143C1154.12 207.7 1196 242 1196 242L1184 374L-28 386L-24 69Z\"\/>\n\t<path class=\"ux-shape-fill\" d=\"M-12 201C-12 201 58 284 182 258C306 232 342.29 221.23 456 264C565 305 640.82 288.36 721 249C776 222 837.5 191.31 935 253C984 284 1030 279 1030 279L1024 430L-12 440V201Z\"\/>\n<\/svg>\n\t<\/div>\n\n\t<div class=\"ux-shape-divider ux-shape-divider--bottom ux-shape-divider--style-waves-opacity-2\">\n\t\t<svg viewbox=\"0 0 1000 300\" xmlns=\"http:\/\/www.w3.org\/2000\/svg\" preserveaspectratio=\"none\">\n  <path class=\"ux-shape-fill\" opacity=\"0.15\" d=\"M0 299L-2 19.9998C153 -16.0002 308 155 413 184C515.64 212.35 562 152 645 153C725 154 787 206 874 233C939.54 253.34 975 248 1000 244.61V299H0Z\"\/>\n  <path class=\"ux-shape-fill\" opacity=\"0.3\" d=\"M0 300L-2 34C155 -9.00003 300 178 403 212C504.11 245.38 562 165 645 166C725 167 790.09 220.07 874 253C939.21 278.59 978.07 269.72 1000 263.61V300H0Z\"\/>\n  <path class=\"ux-shape-fill\" d=\"M0 300L-1 69.7099C216 56.9999 299.47 198.86 403 226C506 253 577 196 660 197C740 198 790.09 234.07 874 267C935.23 291 982 282.61 1000 277.61V300H0Z\"\/>\n<\/svg>\n\t<\/div>\n\n\t\t<div class=\"section-content relative\">\n\t\t\t\n<div class=\"row align-right\"  id=\"row-1232856282\">\n\n\t<div id=\"col-2003494087\" class=\"col medium-6 small-12 large-6\"  >\n\t\t\t\t<div class=\"col-inner text-center\" style=\"background-color:rgba(255, 255, 255, 0.86);\" >\n\t\t\t\n\t\t\t\n<h1>Ein Campingplatz weniger als einen Kilometer von den Str\u00e4nden der Charente Maritime entfernt<\/h1>\n<p>Willkommen bei Oc\u00e9an Vacances, Ihrem Campingplatz in der Charente-Maritime direkt am Meer, weniger als einen Kilometer von den Str\u00e4nden von <a href=\"https:\/\/www.oceanvacances.com\/de\/camping-charente-maritime\/saint-georges-de-didonne\/\"><strong>Saint-Georges-de-Didonne<\/strong><\/a>.<\/p>\n\t\t<\/div>\n\t\t\t\t\n<style>\n#col-2003494087 > .col-inner {\n  padding: 30px 30px 30px 30px;\n  margin: 30px 0px 0px 0px;\n  border-radius: 30px;\n}\n@media (min-width:550px) {\n  #col-2003494087 > .col-inner {\n    padding: 30px 30px 30px 30px;\n    margin: 50px 0px 50px 0px;\n  }\n}\n<\/style>\n\t<\/div>\n\n\t\n<\/div>\n\t\t<\/div>\n\n\t\t\n<style>\n#section_1950591890 {\n  padding-top: 50px;\n  padding-bottom: 50px;\n}\n#section_1950591890 .section-bg img {\n  object-position: 56% 62%;\n}\n#section_1950591890 .ux-shape-divider--top svg {\n  height: 50px;\n  --divider-top-width: 100%;\n}\n#section_1950591890 .ux-shape-divider--top .ux-shape-fill {\n  fill: rgb(255,255,255);\n}\n#section_1950591890 .ux-shape-divider--bottom svg {\n  height: 150px;\n  --divider-width: 130%;\n}\n#section_1950591890 .ux-shape-divider--bottom .ux-shape-fill {\n  fill: rgb(255, 255, 255);\n}\n@media (min-width:550px) {\n  #section_1950591890 .ux-shape-divider--top svg {\n    height: 200px;\n    --divider-top-width: 100%;\n  }\n}\n<\/style>\n\t<\/section>\n\t\n\n\t<section class=\"section\" id=\"section_238367867\">\n\t\t<div class=\"section-bg fill\" >\n\t\t\t\t\t\t\t\t\t\n\t\t\t\n\n\t\t<\/div>\n\n\t\t\n\n\t\t<div class=\"section-content relative\">\n\t\t\t\n<div class=\"row row-large align-middle align-center\"  id=\"row-249346901\">\n\n\t<div id=\"col-338903505\" class=\"col medium-12 small-12 large-12 small-col-first\"  >\n\t\t\t\t<div class=\"col-inner\"  >\n\t\t\t\n\t\t\t\n\t<div id=\"text-450302972\" class=\"text\">\n\t\t\n<h2>Ein Mobilheim in der N\u00e4he der Str\u00e4nde von Saint Georges de Didonne<\/h2>\n\t\t\n<style>\n#text-450302972 {\n  text-align: center;\n}\n<\/style>\n\t<\/div>\n\t\n\t\t<\/div>\n\t\t\t\t\n<style>\n#col-338903505 > .col-inner {\n  padding: 0px 0 0px 0px;\n  margin: 0px 0px 0px 0px;\n}\n@media (min-width:550px) {\n  #col-338903505 > .col-inner {\n    padding: 0px 10% 0px 0px;\n    margin: 50px 0px 0px 0px;\n  }\n}\n@media (min-width:850px) {\n  #col-338903505 > .col-inner {\n    padding: 0px 0px 0px 0px;\n  }\n}\n<\/style>\n\t<\/div>\n\n\t\n\n\t<div id=\"col-1683626200\" class=\"col medium-12 small-12 large-8 small-col-first\"  >\n\t\t\t\t<div class=\"col-inner\"  >\n\t\t\t\n\t\t\t\n\t<div id=\"text-187086205\" class=\"text li-check\">\n\t\t\n<p><strong>Haben Sie Lust, Ihre Koffer nur wenige Schritte vom Ozean entfernt abzustellen?<\/strong> Eingebettet zwischen Ozean und Wald bietet unser 4-Sterne-Anwesen einen schnellen Zugang zu den sch\u00f6nsten Str\u00e4nden des Pays Royannais. Sie k\u00f6nnen das Meer zu Fu\u00df oder mit dem <strong><a href=\"https:\/\/www.oceanvacances.com\/de\/ile-charente-maritime-velo\/\">Fahrrad<\/a><\/strong>, Sie k\u00f6nnen hier schwimmen, surfen oder im warmen Sand entspannen. Unsere <strong><a href=\"https:\/\/www.oceanvacances.com\/de\/vermietung-von-ferien-in-saint-georges-de-didonne\/vermietung-mobilheim-royan\/\">Mobilheime<\/a><\/strong> mit allem Komfort, die in einer ruhigen und gr\u00fcnen Umgebung liegen, garantieren Ihnen einen erholsamen Aufenthalt zwischen Natur und Atlantikk\u00fcste. Lassen Sie sich von Ihrer Terrasse aus von der Meeresbrise berieseln und genie\u00dfen Sie das pure Urlaubsgef\u00fchl.<\/p>\n\t\t\t<\/div>\n\t\n<a href=\"https:\/\/www.oceanvacances.com\/de\/unterkunft\/mobile-unterkunfte\/\" class=\"button primary\" >\n\t\t<span>Buchen Sie Ihr Mobilheim in Strandn\u00e4he<\/span>\n\t<\/a>\n\n\t\t<\/div>\n\t\t\t\t\n<style>\n#col-1683626200 > .col-inner {\n  padding: 0px 0 0px 0px;\n  margin: 0px 0px 0px 0px;\n}\n@media (min-width:550px) {\n  #col-1683626200 > .col-inner {\n    padding: 0px 10% 0px 0px;\n    margin: 0px 0px 0px 0px;\n  }\n}\n@media (min-width:850px) {\n  #col-1683626200 > .col-inner {\n    padding: 0px 0px 0px 0px;\n  }\n}\n<\/style>\n\t<\/div>\n\n\t\n\n\t<div id=\"col-165869848\" class=\"col medium-4 small-12 large-4\"  >\n\t\t\t\t<div class=\"col-inner\"  >\n\t\t\t\n\t\t\t\n\t<div class=\"img has-hover x md-x lg-x y md-y lg-y\" id=\"image_1508396007\">\n\t\t\t\t\t\t\t\t<div class=\"img-inner image-cover dark\" style=\"padding-top:300px;\">\n\t\t\t<img loading=\"lazy\" decoding=\"async\" width=\"1020\" height=\"567\" src=\"https:\/\/www.oceanvacances.com\/wp-content\/uploads\/2025\/11\/planche-voile-falaises-saint-georges-a-thierry-avan-1020x567.jpg\" class=\"attachment-large size-large\" alt=\"Windsurfing Klippen Saint Georges A Thierry Avan\" srcset=\"https:\/\/www.oceanvacances.com\/wp-content\/uploads\/2025\/11\/planche-voile-falaises-saint-georges-a-thierry-avan-1020x567.jpg 1020w, https:\/\/www.oceanvacances.com\/wp-content\/uploads\/2025\/11\/planche-voile-falaises-saint-georges-a-thierry-avan-370x206.jpg 370w, https:\/\/www.oceanvacances.com\/wp-content\/uploads\/2025\/11\/planche-voile-falaises-saint-georges-a-thierry-avan-768x427.jpg 768w, https:\/\/www.oceanvacances.com\/wp-content\/uploads\/2025\/11\/planche-voile-falaises-saint-georges-a-thierry-avan-1536x854.jpg 1536w, https:\/\/www.oceanvacances.com\/wp-content\/uploads\/2025\/11\/planche-voile-falaises-saint-georges-a-thierry-avan-18x10.jpg 18w, https:\/\/www.oceanvacances.com\/wp-content\/uploads\/2025\/11\/planche-voile-falaises-saint-georges-a-thierry-avan-510x284.jpg 510w, https:\/\/www.oceanvacances.com\/wp-content\/uploads\/2025\/11\/planche-voile-falaises-saint-georges-a-thierry-avan.jpg 1600w\" sizes=\"auto, (max-width: 1020px) 100vw, 1020px\" \/>\t\t\t\t\t\t\n\t\t\t\t\t<\/div>\n\t\t\t\t\t\t\t\t\n<style>\n#image_1508396007 {\n  width: 100%;\n}\n<\/style>\n\t<\/div>\n\t\n\t\t<\/div>\n\t\t\t\t\n<style>\n#col-165869848 > .col-inner {\n  margin: 0px 0px 0px 0px;\n}\n<\/style>\n\t<\/div>\n\n\t\n\n\t<div id=\"col-505228658\" class=\"col small-12 large-12\"  >\n\t\t\t\t<div class=\"col-inner text-center\"  >\n\t\t\t\n\t\t\t\n<div class=\"row\"  id=\"row-237867703\">\n\n\t<div id=\"col-134905050\" class=\"col small-12 large-12\"  >\n\t\t\t\t<div class=\"col-inner\"  >\n\t\t\t\n\t\t\t\n<h2>Die sch\u00f6nsten <a href=\"https:\/\/www.oceanvacances.com\/de\/camping-am-meer-royan\/\"><strong>Str\u00e4nde<\/strong> <\/a>von Charente Maritime rund um den Campingplatz<\/h2>\n\t\t<\/div>\n\t\t\t\t\t<\/div>\n\n\t\n<\/div>\n\t\t<\/div>\n\t\t\t\t\n<style>\n#col-505228658 > .col-inner {\n  margin: 0px 0px 0px 0px;\n}\n@media (min-width:550px) {\n  #col-505228658 > .col-inner {\n    margin: 30px 0px 0px 0px;\n  }\n}\n<\/style>\n\t<\/div>\n\n\t\n<\/div>\n<div class=\"row align-middle align-center\"  id=\"row-331962864\">\n\n\t<div id=\"col-168399806\" class=\"col medium-4 small-12 large-4\"  >\n\t\t\t\t<div class=\"col-inner\"  >\n\t\t\t\n\t\t\t\n\t<div class=\"img has-hover x md-x lg-x y md-y lg-y\" id=\"image_1287406271\">\n\t\t\t\t\t\t\t\t<div class=\"img-inner image-cover dark\" style=\"padding-top:300px;\">\n\t\t\t<img loading=\"lazy\" decoding=\"async\" width=\"1600\" height=\"922\" src=\"https:\/\/www.oceanvacances.com\/wp-content\/uploads\/2025\/11\/plage-de-la-grande-conche-\u00a9-Thierry-Avan.webp\" class=\"attachment-original size-original\" alt=\"Strand De La Grande Conche \u00a9 Thierry Avan\" srcset=\"https:\/\/www.oceanvacances.com\/wp-content\/uploads\/2025\/11\/plage-de-la-grande-conche-\u00a9-Thierry-Avan.webp 1600w, https:\/\/www.oceanvacances.com\/wp-content\/uploads\/2025\/11\/plage-de-la-grande-conche-\u00a9-Thierry-Avan-370x213.webp 370w, https:\/\/www.oceanvacances.com\/wp-content\/uploads\/2025\/11\/plage-de-la-grande-conche-\u00a9-Thierry-Avan-1020x588.webp 1020w, https:\/\/www.oceanvacances.com\/wp-content\/uploads\/2025\/11\/plage-de-la-grande-conche-\u00a9-Thierry-Avan-768x443.webp 768w, https:\/\/www.oceanvacances.com\/wp-content\/uploads\/2025\/11\/plage-de-la-grande-conche-\u00a9-Thierry-Avan-1536x885.webp 1536w, https:\/\/www.oceanvacances.com\/wp-content\/uploads\/2025\/11\/plage-de-la-grande-conche-\u00a9-Thierry-Avan-18x10.webp 18w, https:\/\/www.oceanvacances.com\/wp-content\/uploads\/2025\/11\/plage-de-la-grande-conche-\u00a9-Thierry-Avan-510x294.webp 510w\" sizes=\"auto, (max-width: 1600px) 100vw, 1600px\" \/>\t\t\t\t\t\t\n\t\t\t\t\t<\/div>\n\t\t\t\t\t\t\t\t\n<style>\n#image_1287406271 {\n  width: 100%;\n}\n<\/style>\n\t<\/div>\n\t\n\t\t<\/div>\n\t\t\t\t\t<\/div>\n\n\t\n\n\t<div id=\"col-972666624\" class=\"col medium-12 small-12 large-8\"  >\n\t\t\t\t<div class=\"col-inner\"  >\n\t\t\t\n\t\t\t\n\t<div id=\"text-264276175\" class=\"text li-check\">\n\t\t\n<h3>Der Strand von La Grande Conche<\/h3>\n<p>Der Strand Grande Conche liegt in Royan, nur wenige Minuten vom Campingplatz entfernt, und ist einer der symboltr\u00e4chtigsten Str\u00e4nde der Charente-Maritime. Mit seinem 2,5 km langen feinen Sandstrand, der von wei\u00dfen H\u00fctten und Belle-Epoque-Villen ges\u00e4umt ist, bietet er eine einzigartige Kulisse f\u00fcr Ihre Badefreuden und Spazierg\u00e4nge mit der Familie. Sein sanftes Gef\u00e4lle und das ruhige Wasser machen ihn zu einem idealen Strand f\u00fcr Kinder, w\u00e4hrend Wasserratten die vor Ort angebotenen Wassersportarten genie\u00dfen werden: Paddle, Windsurfen, Kajak oder Bojen.<br \/>\n\t\t\t<\/div>\n\t\n\t\t<\/div>\n\t\t\t\t\n<style>\n#col-972666624 > .col-inner {\n  padding: 0px 0 0px 0px;\n  margin: 0px 0px 0px 0px;\n}\n@media (min-width:550px) {\n  #col-972666624 > .col-inner {\n    padding: 0px 10% 0px 0px;\n    margin: 50px 0px 0px 0px;\n  }\n}\n@media (min-width:850px) {\n  #col-972666624 > .col-inner {\n    padding: 0px 50px 0px 0px;\n  }\n}\n<\/style>\n\t<\/div>\n\n\t\n<\/div>\n<div class=\"row align-middle align-center\"  id=\"row-1723920751\">\n\n\t<div id=\"col-1856269121\" class=\"col medium-12 small-12 large-8\"  >\n\t\t\t\t<div class=\"col-inner\"  >\n\t\t\t\n\t\t\t\n\t<div id=\"text-7671020\" class=\"text li-check\">\n\t\t\n<h3>Der gro\u00dfe Strand von Saint-Georges-de-Didonne<\/h3>\n<p>Nur wenige Minuten vom Campingplatz entfernt erstreckt sich der Grande Plage von Saint-Georges-de-Didonne am Fu\u00dfe der Klippen von Suzac. Diese weite Bucht mit hellem Sand besticht durch ihre famili\u00e4re und ruhige Atmosph\u00e4re und ist ideal f\u00fcr ganze Tage voller Badespa\u00df und Spiele am Wasser. Nutzen Sie die Segelschulen, Kinderclubs und Terrassen am Meer, um Ihren Urlaub mit den F\u00fc\u00dfen im Sand in vollen Z\u00fcgen zu genie\u00dfen. Die Stadt ist auch der Ausgangspunkt f\u00fcr herrliche Fahrradtouren entlang der K\u00fcste zwischen Ozean und Pinienwald.<br \/>\n\t\t\t<\/div>\n\t\n\t\t<\/div>\n\t\t\t\t\n<style>\n#col-1856269121 > .col-inner {\n  padding: 0px 0 0px 0px;\n  margin: 0px 0px 0px 0px;\n}\n@media (min-width:550px) {\n  #col-1856269121 > .col-inner {\n    padding: 0px 10% 0px 0px;\n    margin: 50px 0px 0px 0px;\n  }\n}\n@media (min-width:850px) {\n  #col-1856269121 > .col-inner {\n    padding: 0px 50px 0px 0px;\n  }\n}\n<\/style>\n\t<\/div>\n\n\t\n\n\t<div id=\"col-1273720660\" class=\"col medium-4 small-12 large-4\"  >\n\t\t\t\t<div class=\"col-inner\"  >\n\t\t\t\n\t\t\t\n\t<div class=\"img has-hover x md-x lg-x y md-y lg-y\" id=\"image_158025374\">\n\t\t\t\t\t\t\t\t<div class=\"img-inner image-cover dark\" style=\"padding-top:300px;\">\n\t\t\t<img loading=\"lazy\" decoding=\"async\" width=\"800\" height=\"520\" src=\"https:\/\/www.oceanvacances.com\/wp-content\/uploads\/2025\/11\/plage-de-saint-georges-de-didonne-\u00a9-Thierry-Avan.webp\" class=\"attachment-large size-large\" alt=\"Strand von Saint Georges De Didonne \u00a9 Thierry Avan\" srcset=\"https:\/\/www.oceanvacances.com\/wp-content\/uploads\/2025\/11\/plage-de-saint-georges-de-didonne-\u00a9-Thierry-Avan.webp 800w, https:\/\/www.oceanvacances.com\/wp-content\/uploads\/2025\/11\/plage-de-saint-georges-de-didonne-\u00a9-Thierry-Avan-370x241.webp 370w, https:\/\/www.oceanvacances.com\/wp-content\/uploads\/2025\/11\/plage-de-saint-georges-de-didonne-\u00a9-Thierry-Avan-768x499.webp 768w, https:\/\/www.oceanvacances.com\/wp-content\/uploads\/2025\/11\/plage-de-saint-georges-de-didonne-\u00a9-Thierry-Avan-18x12.webp 18w, https:\/\/www.oceanvacances.com\/wp-content\/uploads\/2025\/11\/plage-de-saint-georges-de-didonne-\u00a9-Thierry-Avan-510x332.webp 510w\" sizes=\"auto, (max-width: 800px) 100vw, 800px\" \/>\t\t\t\t\t\t\n\t\t\t\t\t<\/div>\n\t\t\t\t\t\t\t\t\n<style>\n#image_158025374 {\n  width: 100%;\n}\n<\/style>\n\t<\/div>\n\t\n\t\t<\/div>\n\t\t\t\t\t<\/div>\n\n\t\n<\/div>\n<div class=\"row align-middle align-center\"  id=\"row-133272929\">\n\n\t<div id=\"col-2008204356\" class=\"col medium-4 small-12 large-4\"  >\n\t\t\t\t<div class=\"col-inner\"  >\n\t\t\t\n\t\t\t\n\t<div class=\"img has-hover x md-x lg-x y md-y lg-y\" id=\"image_1850334599\">\n\t\t\t\t\t\t\t\t<div class=\"img-inner image-cover dark\" style=\"padding-top:300px;\">\n\t\t\t<img loading=\"lazy\" decoding=\"async\" width=\"1020\" height=\"680\" src=\"https:\/\/www.oceanvacances.com\/wp-content\/uploads\/2025\/11\/concheau-suzac-saint-georges-de-didonne-a-thierry-avan-1020x680.jpg\" class=\"attachment-large size-large\" alt=\"Concheau Suzac Saint Georges De Didonne A Thierry Avan\" srcset=\"https:\/\/www.oceanvacances.com\/wp-content\/uploads\/2025\/11\/concheau-suzac-saint-georges-de-didonne-a-thierry-avan-1020x680.jpg 1020w, https:\/\/www.oceanvacances.com\/wp-content\/uploads\/2025\/11\/concheau-suzac-saint-georges-de-didonne-a-thierry-avan-370x247.jpg 370w, https:\/\/www.oceanvacances.com\/wp-content\/uploads\/2025\/11\/concheau-suzac-saint-georges-de-didonne-a-thierry-avan-768x512.jpg 768w, https:\/\/www.oceanvacances.com\/wp-content\/uploads\/2025\/11\/concheau-suzac-saint-georges-de-didonne-a-thierry-avan-1536x1024.jpg 1536w, https:\/\/www.oceanvacances.com\/wp-content\/uploads\/2025\/11\/concheau-suzac-saint-georges-de-didonne-a-thierry-avan-18x12.jpg 18w, https:\/\/www.oceanvacances.com\/wp-content\/uploads\/2025\/11\/concheau-suzac-saint-georges-de-didonne-a-thierry-avan-510x340.jpg 510w, https:\/\/www.oceanvacances.com\/wp-content\/uploads\/2025\/11\/concheau-suzac-saint-georges-de-didonne-a-thierry-avan.jpg 1600w\" sizes=\"auto, (max-width: 1020px) 100vw, 1020px\" \/>\t\t\t\t\t\t\n\t\t\t\t\t<\/div>\n\t\t\t\t\t\t\t\t\n<style>\n#image_1850334599 {\n  width: 100%;\n}\n<\/style>\n\t<\/div>\n\t\n\t\t<\/div>\n\t\t\t\t\t<\/div>\n\n\t\n\n\t<div id=\"col-1337009105\" class=\"col medium-12 small-12 large-8\"  >\n\t\t\t\t<div class=\"col-inner\"  >\n\t\t\t\n\t\t\t\n\t<div id=\"text-1417179524\" class=\"text li-check\">\n\t\t\n<h3>Bucht von Suzac<\/h3>\n<p>Nur wenige Schritte vom Campingplatz entfernt liegt die Bucht von Suzac, ein kleines Juwel, das zwischen W\u00e4ldern und Klippen versteckt ist.<br \/>\nDiese zu Fu\u00df erreichbare Ecke des Naturparadieses ist perfekt f\u00fcr diejenigen, die Ruhe und Authentizit\u00e4t suchen. Umgeben von Strandkiefern und goldenen Felsen bietet die Bucht ein au\u00dfergew\u00f6hnliches Panorama auf den Atlantischen Ozean. Es ist der perfekte Ort f\u00fcr ein Picknick mit Blick auf das Meer, einen Moment der Entspannung in der Sonne oder einen kontemplativen Spaziergang bei Sonnenuntergang.<br \/>\n\t\t\t<\/div>\n\t\n<a href=\"https:\/\/thelisresa.webcamp.fr\/list.php?camping=oceanvacances&#038;PHPSESSID=o478226ablkgttliiu6f6u73jg&#038;begin=2025-11-24&#038;end=2025-12-01&#038;type=2&#038;nb_pers=2&#038;duration=7\" class=\"button primary\" >\n\t\t<span>Buchen Sie<\/span>\n\t<i class=\"icon-play\" aria-hidden=\"true\"><\/i><\/a>\n\n\t\t<\/div>\n\t\t\t\t\n<style>\n#col-1337009105 > .col-inner {\n  padding: 0px 0 0px 0px;\n  margin: 0px 0px 0px 0px;\n}\n@media (min-width:550px) {\n  #col-1337009105 > .col-inner {\n    padding: 0px 10% 0px 0px;\n    margin: 50px 0px 0px 0px;\n  }\n}\n@media (min-width:850px) {\n  #col-1337009105 > .col-inner {\n    padding: 0px 50px 0px 0px;\n  }\n}\n<\/style>\n\t<\/div>\n\n\t\n<\/div>\n\t\t<\/div>\n\n\t\t\n<style>\n#section_238367867 {\n  padding-top: 0px;\n  padding-bottom: 0px;\n}\n<\/style>\n\t<\/section>","protected":false},"excerpt":{"rendered":"","protected":false},"author":7,"featured_media":0,"parent":0,"menu_order":0,"comment_status":"closed","ping_status":"closed","template":"page-blank.php","meta":{"_acf_changed":false,"inline_featured_image":false,"footnotes":""},"class_list":["post-8811","page","type-page","status-publish","hentry"],"acf":[],"yoast_head":"<!-- This site is optimized with the Yoast SEO plugin v27.5 - https:\/\/yoast.com\/product\/yoast-seo-wordpress\/ -->\n<title>Camping en bord de mer en Charente Maritime<\/title>\n<meta name=\"description\" content=\"S\u00e9journez les pieds dans l\u2019eau \u00e0 Saint Georges de Didonne ! Camping en bord de mer pour des vacances entre plage, nature et d\u00e9tente.\" \/>\n<meta name=\"robots\" content=\"index, follow, max-snippet:-1, max-image-preview:large, max-video-preview:-1\" \/>\n<link rel=\"canonical\" href=\"https:\/\/www.oceanvacances.com\/de\/camping-am-meer-royan\/\" \/>\n<meta property=\"og:locale\" content=\"de_DE\" \/>\n<meta property=\"og:type\" content=\"article\" \/>\n<meta property=\"og:title\" content=\"Camping en bord de mer en Charente Maritime\" \/>\n<meta property=\"og:description\" content=\"S\u00e9journez les pieds dans l\u2019eau \u00e0 Saint Georges de Didonne ! Camping en bord de mer pour des vacances entre plage, nature et d\u00e9tente.\" \/>\n<meta property=\"og:url\" content=\"https:\/\/www.oceanvacances.com\/de\/camping-am-meer-royan\/\" \/>\n<meta property=\"og:site_name\" content=\"Oc\u00e9an Vacances\" \/>\n<meta property=\"article:publisher\" content=\"https:\/\/www.facebook.com\/oceanvacances\/\" \/>\n<meta property=\"article:modified_time\" content=\"2026-03-10T14:31:28+00:00\" \/>\n<meta name=\"twitter:card\" content=\"summary_large_image\" \/>\n<meta name=\"twitter:label1\" content=\"Gesch\u00e4tzte Lesezeit\" \/>\n\t<meta name=\"twitter:data1\" content=\"4\u00a0Minuten\" \/>\n<script type=\"application\/ld+json\" class=\"yoast-schema-graph\">{\"@context\":\"https:\\\/\\\/schema.org\",\"@graph\":[{\"@type\":\"WebPage\",\"@id\":\"https:\\\/\\\/www.oceanvacances.com\\\/camping-bord-de-mer-royan\\\/\",\"url\":\"https:\\\/\\\/www.oceanvacances.com\\\/camping-bord-de-mer-royan\\\/\",\"name\":\"Camping en bord de mer en Charente Maritime\",\"isPartOf\":{\"@id\":\"https:\\\/\\\/www.oceanvacances.com\\\/#website\"},\"datePublished\":\"2025-11-20T10:00:07+00:00\",\"dateModified\":\"2026-03-10T14:31:28+00:00\",\"description\":\"S\u00e9journez les pieds dans l\u2019eau \u00e0 Saint Georges de Didonne ! Camping en bord de mer pour des vacances entre plage, nature et d\u00e9tente.\",\"breadcrumb\":{\"@id\":\"https:\\\/\\\/www.oceanvacances.com\\\/camping-bord-de-mer-royan\\\/#breadcrumb\"},\"inLanguage\":\"de\",\"potentialAction\":[{\"@type\":\"ReadAction\",\"target\":[\"https:\\\/\\\/www.oceanvacances.com\\\/camping-bord-de-mer-royan\\\/\"]}]},{\"@type\":\"BreadcrumbList\",\"@id\":\"https:\\\/\\\/www.oceanvacances.com\\\/camping-bord-de-mer-royan\\\/#breadcrumb\",\"itemListElement\":[{\"@type\":\"ListItem\",\"position\":1,\"name\":\"Home\",\"item\":\"https:\\\/\\\/www.oceanvacances.com\\\/\"},{\"@type\":\"ListItem\",\"position\":2,\"name\":\"Camping bord de mer\"}]},{\"@type\":\"WebSite\",\"@id\":\"https:\\\/\\\/www.oceanvacances.com\\\/#website\",\"url\":\"https:\\\/\\\/www.oceanvacances.com\\\/\",\"name\":\"Oc\u00e9an Vacances\",\"description\":\"Votre village vacances pr\u00e8s de Royan\",\"publisher\":{\"@id\":\"https:\\\/\\\/www.oceanvacances.com\\\/#organization\"},\"alternateName\":\"Camping les Embruns d'Ol\u00e9ron\",\"potentialAction\":[{\"@type\":\"SearchAction\",\"target\":{\"@type\":\"EntryPoint\",\"urlTemplate\":\"https:\\\/\\\/www.oceanvacances.com\\\/?s={search_term_string}\"},\"query-input\":{\"@type\":\"PropertyValueSpecification\",\"valueRequired\":true,\"valueName\":\"search_term_string\"}}],\"inLanguage\":\"de\"},{\"@type\":\"Organization\",\"@id\":\"https:\\\/\\\/www.oceanvacances.com\\\/#organization\",\"name\":\"Oc\u00e9an Vacances\",\"url\":\"https:\\\/\\\/www.oceanvacances.com\\\/\",\"logo\":{\"@type\":\"ImageObject\",\"inLanguage\":\"de\",\"@id\":\"https:\\\/\\\/www.oceanvacances.com\\\/#\\\/schema\\\/logo\\\/image\\\/\",\"url\":\"https:\\\/\\\/www.oceanvacances.com\\\/wp-content\\\/uploads\\\/2025\\\/10\\\/ocean-vacances-logo-color.svg\",\"contentUrl\":\"https:\\\/\\\/www.oceanvacances.com\\\/wp-content\\\/uploads\\\/2025\\\/10\\\/ocean-vacances-logo-color.svg\",\"width\":457,\"height\":201,\"caption\":\"Oc\u00e9an Vacances\"},\"image\":{\"@id\":\"https:\\\/\\\/www.oceanvacances.com\\\/#\\\/schema\\\/logo\\\/image\\\/\"},\"sameAs\":[\"https:\\\/\\\/www.facebook.com\\\/oceanvacances\\\/\",\"https:\\\/\\\/www.youtube.com\\\/@Campaldia\",\"https:\\\/\\\/www.instagram.com\\\/campingoceanvacances\\\/\"]}]}<\/script>\n<!-- \/ Yoast SEO plugin. -->","yoast_head_json":{"title":"Campingplatz am Meer in der Charente Maritime","description":"Verbringen Sie Ihren Aufenthalt mit den F\u00fc\u00dfen im Wasser in Saint Georges de Didonne! Campingplatz am Meer f\u00fcr einen Urlaub zwischen Strand, Natur und Entspannung.","robots":{"index":"index","follow":"follow","max-snippet":"max-snippet:-1","max-image-preview":"max-image-preview:large","max-video-preview":"max-video-preview:-1"},"canonical":"https:\/\/www.oceanvacances.com\/de\/camping-am-meer-royan\/","og_locale":"de_DE","og_type":"article","og_title":"Camping en bord de mer en Charente Maritime","og_description":"S\u00e9journez les pieds dans l\u2019eau \u00e0 Saint Georges de Didonne ! Camping en bord de mer pour des vacances entre plage, nature et d\u00e9tente.","og_url":"https:\/\/www.oceanvacances.com\/de\/camping-am-meer-royan\/","og_site_name":"Oc\u00e9an Vacances","article_publisher":"https:\/\/www.facebook.com\/oceanvacances\/","article_modified_time":"2026-03-10T14:31:28+00:00","twitter_card":"summary_large_image","twitter_misc":{"Gesch\u00e4tzte Lesezeit":"4\u00a0Minuten"},"schema":{"@context":"https:\/\/schema.org","@graph":[{"@type":"WebPage","@id":"https:\/\/www.oceanvacances.com\/camping-bord-de-mer-royan\/","url":"https:\/\/www.oceanvacances.com\/camping-bord-de-mer-royan\/","name":"Campingplatz am Meer in der Charente Maritime","isPartOf":{"@id":"https:\/\/www.oceanvacances.com\/#website"},"datePublished":"2025-11-20T10:00:07+00:00","dateModified":"2026-03-10T14:31:28+00:00","description":"Verbringen Sie Ihren Aufenthalt mit den F\u00fc\u00dfen im Wasser in Saint Georges de Didonne! Campingplatz am Meer f\u00fcr einen Urlaub zwischen Strand, Natur und Entspannung.","breadcrumb":{"@id":"https:\/\/www.oceanvacances.com\/camping-bord-de-mer-royan\/#breadcrumb"},"inLanguage":"de","potentialAction":[{"@type":"ReadAction","target":["https:\/\/www.oceanvacances.com\/camping-bord-de-mer-royan\/"]}]},{"@type":"BreadcrumbList","@id":"https:\/\/www.oceanvacances.com\/camping-bord-de-mer-royan\/#breadcrumb","itemListElement":[{"@type":"ListItem","position":1,"name":"Home","item":"https:\/\/www.oceanvacances.com\/"},{"@type":"ListItem","position":2,"name":"Camping bord de mer"}]},{"@type":"WebSite","@id":"https:\/\/www.oceanvacances.com\/#website","url":"https:\/\/www.oceanvacances.com\/","name":"Ocean Vacances","description":"Ihr Feriendorf in der N\u00e4he von Royan","publisher":{"@id":"https:\/\/www.oceanvacances.com\/#organization"},"alternateName":"Camping les Embruns d'Ol\u00e9ron","potentialAction":[{"@type":"SearchAction","target":{"@type":"EntryPoint","urlTemplate":"https:\/\/www.oceanvacances.com\/?s={search_term_string}"},"query-input":{"@type":"PropertyValueSpecification","valueRequired":true,"valueName":"search_term_string"}}],"inLanguage":"de"},{"@type":"Organization","@id":"https:\/\/www.oceanvacances.com\/#organization","name":"Ocean Vacances","url":"https:\/\/www.oceanvacances.com\/","logo":{"@type":"ImageObject","inLanguage":"de","@id":"https:\/\/www.oceanvacances.com\/#\/schema\/logo\/image\/","url":"https:\/\/www.oceanvacances.com\/wp-content\/uploads\/2025\/10\/ocean-vacances-logo-color.svg","contentUrl":"https:\/\/www.oceanvacances.com\/wp-content\/uploads\/2025\/10\/ocean-vacances-logo-color.svg","width":457,"height":201,"caption":"Oc\u00e9an Vacances"},"image":{"@id":"https:\/\/www.oceanvacances.com\/#\/schema\/logo\/image\/"},"sameAs":["https:\/\/www.facebook.com\/oceanvacances\/","https:\/\/www.youtube.com\/@Campaldia","https:\/\/www.instagram.com\/campingoceanvacances\/"]}]}},"_links":{"self":[{"href":"https:\/\/www.oceanvacances.com\/de\/wp-json\/wp\/v2\/pages\/8811","targetHints":{"allow":["GET"]}}],"collection":[{"href":"https:\/\/www.oceanvacances.com\/de\/wp-json\/wp\/v2\/pages"}],"about":[{"href":"https:\/\/www.oceanvacances.com\/de\/wp-json\/wp\/v2\/types\/page"}],"author":[{"embeddable":true,"href":"https:\/\/www.oceanvacances.com\/de\/wp-json\/wp\/v2\/users\/7"}],"replies":[{"embeddable":true,"href":"https:\/\/www.oceanvacances.com\/de\/wp-json\/wp\/v2\/comments?post=8811"}],"version-history":[{"count":20,"href":"https:\/\/www.oceanvacances.com\/de\/wp-json\/wp\/v2\/pages\/8811\/revisions"}],"predecessor-version":[{"id":9671,"href":"https:\/\/www.oceanvacances.com\/de\/wp-json\/wp\/v2\/pages\/8811\/revisions\/9671"}],"wp:attachment":[{"href":"https:\/\/www.oceanvacances.com\/de\/wp-json\/wp\/v2\/media?parent=8811"}],"curies":[{"name":"wp","href":"https:\/\/api.w.org\/{rel}","templated":true}]}}