{"id":8771,"date":"2025-11-19T18:05:50","date_gmt":"2025-11-19T17:05:50","guid":{"rendered":"https:\/\/www.oceanvacances.com\/?page_id=8771"},"modified":"2026-03-24T16:34:57","modified_gmt":"2026-03-24T15:34:57","slug":"hotel-saint-georges-de-didonne","status":"publish","type":"page","link":"https:\/\/www.oceanvacances.com\/de\/hotel-saint-georges-de-didonne\/","title":{"rendered":"Hotel Saint Georges de Didonne"},"content":{"rendered":"<div id=\"gap-972806340\" class=\"gap-element clearfix\" style=\"display:block; height:auto;\">\n\t\t\n<style>\n#gap-972806340 {\n  padding-top: 50px;\n}\n@media (min-width:550px) {\n  #gap-972806340 {\n    padding-top: 30px;\n  }\n}\n<\/style>\n\t<\/div>\n\t\n\n\t<section class=\"section\" id=\"section_1664144196\">\n\t\t<div class=\"section-bg fill\" >\n\t\t\t<img loading=\"lazy\" decoding=\"async\" width=\"2560\" height=\"1707\" src=\"https:\/\/www.oceanvacances.com\/wp-content\/uploads\/2025\/11\/Allees30-scaled.jpg\" class=\"bg attachment-original size-original\" alt=\"Alleen30\" \/>\t\t\t\t\t\t\n\t\t\t\n\n\t\t<\/div>\n\n\t\t\t<div class=\"ux-shape-divider ux-shape-divider--top ux-shape-divider--style-waves-opacity-3\">\n\t\t<svg viewbox=\"0 0 1000 300\" xmlns=\"http:\/\/www.w3.org\/2000\/svg\" preserveaspectratio=\"none\">\n\t<path class=\"ux-shape-fill\" opacity=\"0.05\" d=\"M1014 264V386H206L34 300C34 300 344.42 277.16 436 221C542 156 590 160 704 209C811 255 899.11 214.94 979 346L1014 264Z\"\/>\n\t<path class=\"ux-shape-fill\" opacity=\"0.1\" d=\"M-302 55C-302 55 -66.73 263.25 50 214C178 160 283 116 353 141C445.68 174.1 534.28 256.19 588 249C692.9 235 764.52 75.94 855 131C940.61 183.09 1000 254 1000 254V328L-306 338L-302 55Z\"\/>\n\t<path class=\"ux-shape-fill\" opacity=\"0.15\" d=\"M-286 255C-286 255 -72 152 52 126C176 100 255 155 436 227C581.57 284.91 614.7 277.79 708 227C787 184 1009 3.0001 1093 164C1146 265.63 1031 293 1031 293L924 377L-288 389L-286 255Z\"\/>\n\t<path class=\"ux-shape-fill\" opacity=\"0.3\" d=\"M-24 69C-24 69 275.68 370.66 389 314C397 310 622 316 673 356C690.47 369.7 845 224 890 182C944.8 130.85 1018 92 1078 143C1154.12 207.7 1196 242 1196 242L1184 374L-28 386L-24 69Z\"\/>\n\t<path class=\"ux-shape-fill\" d=\"M-12 201C-12 201 58 284 182 258C306 232 342.29 221.23 456 264C565 305 640.82 288.36 721 249C776 222 837.5 191.31 935 253C984 284 1030 279 1030 279L1024 430L-12 440V201Z\"\/>\n<\/svg>\n\t<\/div>\n\n\t<div class=\"ux-shape-divider ux-shape-divider--bottom ux-shape-divider--style-waves-opacity-2\">\n\t\t<svg viewbox=\"0 0 1000 300\" xmlns=\"http:\/\/www.w3.org\/2000\/svg\" preserveaspectratio=\"none\">\n  <path class=\"ux-shape-fill\" opacity=\"0.15\" d=\"M0 299L-2 19.9998C153 -16.0002 308 155 413 184C515.64 212.35 562 152 645 153C725 154 787 206 874 233C939.54 253.34 975 248 1000 244.61V299H0Z\"\/>\n  <path class=\"ux-shape-fill\" opacity=\"0.3\" d=\"M0 300L-2 34C155 -9.00003 300 178 403 212C504.11 245.38 562 165 645 166C725 167 790.09 220.07 874 253C939.21 278.59 978.07 269.72 1000 263.61V300H0Z\"\/>\n  <path class=\"ux-shape-fill\" d=\"M0 300L-1 69.7099C216 56.9999 299.47 198.86 403 226C506 253 577 196 660 197C740 198 790.09 234.07 874 267C935.23 291 982 282.61 1000 277.61V300H0Z\"\/>\n<\/svg>\n\t<\/div>\n\n\t\t<div class=\"section-content relative\">\n\t\t\t\n<div class=\"row align-right\"  id=\"row-1238168925\">\n\n\t<div id=\"col-1613091102\" class=\"col medium-6 small-12 large-6\"  >\n\t\t\t\t<div class=\"col-inner text-center\" style=\"background-color:rgba(255, 255, 255, 0.86);\" >\n\t\t\t\n\t\t\t\n<h1>Hotel** in Saint Georges de Didonne in der Charente Maritime<\/h1>\n<p>Im Herzen des Waldes von Suzac gelegen, nur 800 Meter vom Ozean entfernt und in unmittelbarer N\u00e4he von<a href=\"https:\/\/www.oceanvacances.com\/de\/camping-charente-maritime\/urlaub-royan\/\"><strong> Royan<\/strong><\/a>, Das Hotel der Domaine Oc\u00e9an Vacances empf\u00e4ngt Sie zu denselben Terminen wie der Campingplatz f\u00fcr einen komfortablen, erholsamen Aufenthalt in der N\u00e4he der sch\u00f6nsten Orte der Welt. <a href=\"https:\/\/www.oceanvacances.com\/de\/camping-am-meer-royan\/\"><strong>Str\u00e4nde<\/strong><\/a> von Charente-Maritime.<\/p>\n<p><strong>Das Hotel wird ab dem 01. April 2026 ge\u00f6ffnet sein.<\/strong><\/p>\n\t\t<\/div>\n\t\t\t\t\n<style>\n#col-1613091102 > .col-inner {\n  padding: 30px 30px 30px 30px;\n  margin: 30px 0px 0px 0px;\n  border-radius: 30px;\n}\n@media (min-width:550px) {\n  #col-1613091102 > .col-inner {\n    padding: 30px 30px 30px 30px;\n    margin: 50px 0px 50px 0px;\n  }\n}\n<\/style>\n\t<\/div>\n\n\t\n<\/div>\n\t\t<\/div>\n\n\t\t\n<style>\n#section_1664144196 {\n  padding-top: 50px;\n  padding-bottom: 50px;\n}\n#section_1664144196 .section-bg img {\n  object-position: 4% 64%;\n}\n#section_1664144196 .ux-shape-divider--top svg {\n  height: 50px;\n  --divider-top-width: 100%;\n}\n#section_1664144196 .ux-shape-divider--top .ux-shape-fill {\n  fill: rgb(255,255,255);\n}\n#section_1664144196 .ux-shape-divider--bottom svg {\n  height: 150px;\n  --divider-width: 130%;\n}\n#section_1664144196 .ux-shape-divider--bottom .ux-shape-fill {\n  fill: rgb(255, 255, 255);\n}\n@media (min-width:550px) {\n  #section_1664144196 .ux-shape-divider--top svg {\n    height: 200px;\n    --divider-top-width: 100%;\n  }\n}\n<\/style>\n\t<\/section>\n\t\n\n\t<section class=\"section\" id=\"section_427478675\">\n\t\t<div class=\"section-bg fill\" >\n\t\t\t\t\t\t\t\t\t\n\t\t\t\n\n\t\t<\/div>\n\n\t\t\n\n\t\t<div class=\"section-content relative\">\n\t\t\t\n<div class=\"row row-large align-middle align-center\"  id=\"row-1721447103\">\n\n\t<div id=\"col-400772710\" class=\"col medium-6 small-12 large-6\"  >\n\t\t\t\t<div class=\"col-inner\"  >\n\t\t\t\n\t\t\t\n\t<div class=\"img has-hover x md-x lg-x y md-y lg-y\" id=\"image_1417984962\">\n\t\t\t\t\t\t\t\t<div class=\"img-inner image-cover dark\" style=\"padding-top:300px;\">\n\t\t\t<img loading=\"lazy\" decoding=\"async\" width=\"1020\" height=\"680\" src=\"https:\/\/www.oceanvacances.com\/wp-content\/uploads\/2025\/10\/chambre-d-hotel-ocean-vacances-avec-chambre-familiale-a-saint-georges-de-didonne-2-1020x680.png\" class=\"attachment-large size-large\" alt=\"Zimmer D Hotel Ocean Ferien Mit Familienzimmer in Saint Georges De Didonne\" srcset=\"https:\/\/www.oceanvacances.com\/wp-content\/uploads\/2025\/10\/chambre-d-hotel-ocean-vacances-avec-chambre-familiale-a-saint-georges-de-didonne-2-1020x680.png 1020w, https:\/\/www.oceanvacances.com\/wp-content\/uploads\/2025\/10\/chambre-d-hotel-ocean-vacances-avec-chambre-familiale-a-saint-georges-de-didonne-2-370x247.png 370w, https:\/\/www.oceanvacances.com\/wp-content\/uploads\/2025\/10\/chambre-d-hotel-ocean-vacances-avec-chambre-familiale-a-saint-georges-de-didonne-2-768x512.png 768w, https:\/\/www.oceanvacances.com\/wp-content\/uploads\/2025\/10\/chambre-d-hotel-ocean-vacances-avec-chambre-familiale-a-saint-georges-de-didonne-2-18x12.png 18w, https:\/\/www.oceanvacances.com\/wp-content\/uploads\/2025\/10\/chambre-d-hotel-ocean-vacances-avec-chambre-familiale-a-saint-georges-de-didonne-2-510x340.png 510w, https:\/\/www.oceanvacances.com\/wp-content\/uploads\/2025\/10\/chambre-d-hotel-ocean-vacances-avec-chambre-familiale-a-saint-georges-de-didonne-2.png 1200w\" sizes=\"auto, (max-width: 1020px) 100vw, 1020px\" \/>\t\t\t\t\t\t\n\t\t\t\t\t<\/div>\n\t\t\t\t\t\t\t\t\n<style>\n#image_1417984962 {\n  width: 100%;\n}\n<\/style>\n\t<\/div>\n\t\n\t\t<\/div>\n\t\t\t\t\n<style>\n#col-400772710 > .col-inner {\n  margin: 0px 0px 0px 0px;\n}\n@media (min-width:550px) {\n  #col-400772710 > .col-inner {\n    margin: 50px 0px 0px 0px;\n  }\n}\n<\/style>\n\t<\/div>\n\n\t\n\n\t<div id=\"col-1416162587\" class=\"col medium-12 small-12 large-6 small-col-first\"  >\n\t\t\t\t<div class=\"col-inner\"  >\n\t\t\t\n\t\t\t\n<p>In einer bewaldeten und landschaftlich reizvollen Umgebung bietet unser 2-Sterne-Hotel 25 klimatisierte Zimmer, die sich ideal f\u00fcr ein Wochenende zu zweit, einen Familienurlaub oder einen Ausflug mit Freunden eignen.<\/p>\n<p>Wenn Sie im Hotel \u00fcbernachten, genie\u00dfen Sie eine komfortable Unterkunft mit direktem Zugang zu allen Einrichtungen des Feriendorfes : <strong><a href=\"https:\/\/www.oceanvacances.com\/de\/camping-swimmingpool-royan\/\">beheizter Pool<\/a><\/strong>, Rutschen, <a href=\"https:\/\/www.oceanvacances.com\/de\/camping-am-meer-royan\/entspannungsraum\/\"><strong>Spa<\/strong><\/a>, <strong><a href=\"https:\/\/www.oceanvacances.com\/de\/camping-am-meer-royan\/camping-animationen-charente-maritime\/\">Unterhaltung<\/a><\/strong>, Sportpl\u00e4tze, Minigolf, <strong><a href=\"https:\/\/www.oceanvacances.com\/de\/camping-am-meer-royan\/geschafte\/\">Snackbar<\/a><\/strong>\u2026<\/p>\n\t\t<\/div>\n\t\t\t\t\n<style>\n#col-1416162587 > .col-inner {\n  padding: 0px 0px 0px 0px;\n  margin: 30px 0px 0px 0px;\n}\n@media (min-width:550px) {\n  #col-1416162587 > .col-inner {\n    margin: 50px 0px 0px 0px;\n  }\n}\n<\/style>\n\t<\/div>\n\n\t\n<\/div>\n<div class=\"row row-large align-middle\"  id=\"row-1866891047\">\n\n\t<div id=\"col-1578750196\" class=\"col medium-12 small-12 large-12 small-col-first\"  >\n\t\t\t\t<div class=\"col-inner\"  >\n\t\t\t\n\t\t\t\n<h2>Hotelzimmer in Saint Georges de Didonne<\/h2>\n\t\t<\/div>\n\t\t\t\t\n<style>\n#col-1578750196 > .col-inner {\n  padding: 0px 0 0px 0px;\n  margin: 0px 0px 0px 0px;\n}\n@media (min-width:550px) {\n  #col-1578750196 > .col-inner {\n    padding: 0px 10% 0px 0px;\n    margin: 50px 0px 0px 0px;\n  }\n}\n@media (min-width:850px) {\n  #col-1578750196 > .col-inner {\n    padding: 0px 0px 0px 0px;\n  }\n}\n<\/style>\n\t<\/div>\n\n\t\n\n\t<div id=\"col-924321367\" class=\"col medium-12 small-12 large-6 small-col-first\"  >\n\t\t\t\t<div class=\"col-inner\"  >\n\t\t\t\n\t\t\t\n\t<div id=\"text-824138972\" class=\"text li-check\">\n\t\t\n<p>Unser Hotel stellt Ihnen drei Arten von Zimmern zur Verf\u00fcgung, die 1 bis 4 Personen beherbergen k\u00f6nnen und alle ausgestattet sind mit :<\/p>\n<ul>\n<li>Klimaanlage<\/li>\n<li>eigenes Badezimmer (Dusche + WC)<\/li>\n<li>Fernsehen<\/li>\n<li>Ablagen<\/li>\n<li>B\u00fcro<\/li>\n<li>unabh\u00e4ngiger Zugang von au\u00dfen<\/li>\n<li>Fr\u00fchst\u00fcck inbegriffen<\/li>\n<\/ul>\n<p>Perfekt, um das milde Klima und die nat\u00fcrliche Atmosph\u00e4re des Anwesens in vollen Z\u00fcgen zu genie\u00dfen.<br \/>\n\t\t\t<\/div>\n\t\n\t\t<\/div>\n\t\t\t\t\n<style>\n#col-924321367 > .col-inner {\n  padding: 0px 0 0px 0px;\n  margin: 0px 0px 0px 0px;\n}\n@media (min-width:550px) {\n  #col-924321367 > .col-inner {\n    padding: 0px 10% 0px 0px;\n    margin: 0px 0px 0px 0px;\n  }\n}\n@media (min-width:850px) {\n  #col-924321367 > .col-inner {\n    padding: 0px 0px 0px 0px;\n  }\n}\n<\/style>\n\t<\/div>\n\n\t\n\n\t<div id=\"col-809950303\" class=\"col medium-5 small-12 large-5\"  >\n\t\t\t\t<div class=\"col-inner\"  >\n\t\t\t\n\t\t\t\n\t<div class=\"img has-hover x md-x lg-x y md-y lg-y\" id=\"image_1272791687\">\n\t\t\t\t\t\t\t\t<div class=\"img-inner image-cover dark\" style=\"padding-top:300px;\">\n\t\t\t<img loading=\"lazy\" decoding=\"async\" width=\"1020\" height=\"680\" src=\"https:\/\/www.oceanvacances.com\/wp-content\/uploads\/2025\/11\/hotel-pour-famille-1020x680.png\" class=\"attachment-large size-large\" alt=\"Hotel F\u00fcr Familien\" srcset=\"https:\/\/www.oceanvacances.com\/wp-content\/uploads\/2025\/11\/hotel-pour-famille-1020x680.png 1020w, https:\/\/www.oceanvacances.com\/wp-content\/uploads\/2025\/11\/hotel-pour-famille-370x247.png 370w, https:\/\/www.oceanvacances.com\/wp-content\/uploads\/2025\/11\/hotel-pour-famille-768x512.png 768w, https:\/\/www.oceanvacances.com\/wp-content\/uploads\/2025\/11\/hotel-pour-famille-18x12.png 18w, https:\/\/www.oceanvacances.com\/wp-content\/uploads\/2025\/11\/hotel-pour-famille-510x340.png 510w, https:\/\/www.oceanvacances.com\/wp-content\/uploads\/2025\/11\/hotel-pour-famille.png 1200w\" sizes=\"auto, (max-width: 1020px) 100vw, 1020px\" \/>\t\t\t\t\t\t\n\t\t\t\t\t<\/div>\n\t\t\t\t\t\t\t\t\n<style>\n#image_1272791687 {\n  width: 100%;\n}\n<\/style>\n\t<\/div>\n\t\n\t\t<\/div>\n\t\t\t\t\n<style>\n#col-809950303 > .col-inner {\n  margin: 0px 0px 0px 0px;\n}\n<\/style>\n\t<\/div>\n\n\t\n<\/div>\n<div class=\"row align-center\"  id=\"row-1286544542\">\n\n\t<div id=\"col-979102668\" class=\"col medium-5 small-12 large-5\"  >\n\t\t\t\t<div class=\"col-inner\"  >\n\t\t\t\n\t\t\t\n\t<div class=\"img has-hover x md-x lg-x y md-y lg-y\" id=\"image_266599438\">\n\t\t\t\t\t\t\t\t<div class=\"img-inner image-cover dark\" style=\"padding-top:300px;\">\n\t\t\t<img loading=\"lazy\" decoding=\"async\" width=\"1020\" height=\"680\" src=\"https:\/\/www.oceanvacances.com\/wp-content\/uploads\/2025\/10\/chambre-hotel-pour-2-personnes-a-saint-georges-de-didonne-1020x680.png\" class=\"attachment-large size-large\" alt=\"Zimmer Hotel F\u00fcr 2 Personen in Saint Georges De Didonne\" srcset=\"https:\/\/www.oceanvacances.com\/wp-content\/uploads\/2025\/10\/chambre-hotel-pour-2-personnes-a-saint-georges-de-didonne-1020x680.png 1020w, https:\/\/www.oceanvacances.com\/wp-content\/uploads\/2025\/10\/chambre-hotel-pour-2-personnes-a-saint-georges-de-didonne-370x247.png 370w, https:\/\/www.oceanvacances.com\/wp-content\/uploads\/2025\/10\/chambre-hotel-pour-2-personnes-a-saint-georges-de-didonne-768x512.png 768w, https:\/\/www.oceanvacances.com\/wp-content\/uploads\/2025\/10\/chambre-hotel-pour-2-personnes-a-saint-georges-de-didonne-18x12.png 18w, https:\/\/www.oceanvacances.com\/wp-content\/uploads\/2025\/10\/chambre-hotel-pour-2-personnes-a-saint-georges-de-didonne-510x340.png 510w, https:\/\/www.oceanvacances.com\/wp-content\/uploads\/2025\/10\/chambre-hotel-pour-2-personnes-a-saint-georges-de-didonne.png 1200w\" sizes=\"auto, (max-width: 1020px) 100vw, 1020px\" \/>\t\t\t\t\t\t\n\t\t\t\t\t<\/div>\n\t\t\t\t\t\t\t\t\n<style>\n#image_266599438 {\n  width: 100%;\n}\n<\/style>\n\t<\/div>\n\t\n\t\t<\/div>\n\t\t\t\t\n<style>\n#col-979102668 > .col-inner {\n  margin: 0px 0px 0px 0px;\n}\n@media (min-width:550px) {\n  #col-979102668 > .col-inner {\n    margin: 50px 0px 0px 0px;\n  }\n}\n<\/style>\n\t<\/div>\n\n\t\n\n\t<div id=\"col-404417490\" class=\"col medium-12 small-12 large-7 small-col-first\"  >\n\t\t\t\t<div class=\"col-inner\"  >\n\t\t\t\n\t\t\t\n\t<div id=\"text-1135227526\" class=\"text li-check\">\n\t\t\n<h3>Die Twins-Zimmer<\/h3>\n<p>Ideal f\u00fcr einen Aufenthalt mit Freunden, eine Gesch\u00e4ftsreise oder ein Wochenende mit einem Paar, das getrennt schlafen m\u00f6chte, verf\u00fcgen unsere 11 Doppelzimmer (im Erdgeschoss) \u00fcber :<\/p>\n<ul>\n<li>2 Einzelbetten<\/li>\n<li>9 bis 13 m\u00b2 je nach Konfiguration<\/li>\n<li>direkter Zugang von au\u00dfen<\/li>\n<li>Klimaanlage<\/li>\n<li>Fr\u00fchst\u00fcck inbegriffen<\/li>\n<\/ul>\n\t\t\t<\/div>\n\t\n<a href=\"https:\/\/www.oceanvacances.com\/de\/unterkunft-3\/mietunterkunfte-2-personen\/zimmer-twin-betten\/\" class=\"button primary\" >\n\t\t<span>ich buche<\/span>\n\t<\/a>\n\n\t\t<\/div>\n\t\t\t\t\n<style>\n#col-404417490 > .col-inner {\n  padding: 0px 0 0px 0px;\n  margin: 0px 0px 0px 0px;\n}\n@media (min-width:550px) {\n  #col-404417490 > .col-inner {\n    padding: 0px 10% 0px 0px;\n    margin: 50px 0px 0px 0px;\n  }\n}\n@media (min-width:850px) {\n  #col-404417490 > .col-inner {\n    padding: 0px 50px 0px 0px;\n  }\n}\n<\/style>\n\t<\/div>\n\n\t\n<\/div>\n<div class=\"row align-center\"  id=\"row-1449290986\">\n\n\t<div id=\"col-549802899\" class=\"col medium-12 small-12 large-7\"  >\n\t\t\t\t<div class=\"col-inner\"  >\n\t\t\t\n\t\t\t\n\t<div id=\"text-4027736997\" class=\"text li-check\">\n\t\t\n<h3>Die Doppelzimmer<\/h3>\n<p>Im Obergeschoss gelegen und \u00fcber einen Au\u00dfengang erreichbar, bieten unsere 12 Doppelzimmer :<\/p>\n<ul>\n<li>ein Doppelbett (160 cm)<\/li>\n<li>9 bis 13 m\u00b2<\/li>\n<li>einen eigenen Eingang<\/li>\n<li>Klimaanlage<\/li>\n<li>Fr\u00fchst\u00fcck inbegriffen<\/li>\n<\/ul>\n<p>Sie sind komfortabel und praktisch und eignen sich perfekt f\u00fcr Paare oder Alleinreisende.<br \/>\n\t\t\t<\/div>\n\t\n<a href=\"https:\/\/www.oceanvacances.com\/de\/unterkunft-3\/mobile-unterkunfte\/zimmer-doppelbetten\/\" class=\"button primary\" >\n\t\t<span>ich buche<\/span>\n\t<\/a>\n\n\t\t<\/div>\n\t\t\t\t\n<style>\n#col-549802899 > .col-inner {\n  padding: 0px 0 0px 0px;\n  margin: 0px 0px 30px 0px;\n}\n@media (min-width:550px) {\n  #col-549802899 > .col-inner {\n    padding: 0px 10% 0px 0px;\n    margin: 50px 0px 0px 0px;\n  }\n}\n@media (min-width:850px) {\n  #col-549802899 > .col-inner {\n    padding: 0px 50px 0px 0px;\n  }\n}\n<\/style>\n\t<\/div>\n\n\t\n\n\t<div id=\"col-284364674\" class=\"col medium-5 small-12 large-5\"  >\n\t\t\t\t<div class=\"col-inner\"  >\n\t\t\t\n\t\t\t\n\t<div class=\"img has-hover x md-x lg-x y md-y lg-y\" id=\"image_1497607342\">\n\t\t\t\t\t\t\t\t<div class=\"img-inner image-cover dark\" style=\"padding-top:300px;\">\n\t\t\t<img loading=\"lazy\" decoding=\"async\" width=\"1020\" height=\"680\" src=\"https:\/\/www.oceanvacances.com\/wp-content\/uploads\/2025\/10\/chambre-hotel-pour-2-personnes-a-saint-georges-de-didonne-1-1020x680.png\" class=\"attachment-large size-large\" alt=\"Zimmer Hotel F\u00fcr 2 Personen in Saint Georges De Didonne\" srcset=\"https:\/\/www.oceanvacances.com\/wp-content\/uploads\/2025\/10\/chambre-hotel-pour-2-personnes-a-saint-georges-de-didonne-1-1020x680.png 1020w, https:\/\/www.oceanvacances.com\/wp-content\/uploads\/2025\/10\/chambre-hotel-pour-2-personnes-a-saint-georges-de-didonne-1-370x247.png 370w, https:\/\/www.oceanvacances.com\/wp-content\/uploads\/2025\/10\/chambre-hotel-pour-2-personnes-a-saint-georges-de-didonne-1-768x512.png 768w, https:\/\/www.oceanvacances.com\/wp-content\/uploads\/2025\/10\/chambre-hotel-pour-2-personnes-a-saint-georges-de-didonne-1-18x12.png 18w, https:\/\/www.oceanvacances.com\/wp-content\/uploads\/2025\/10\/chambre-hotel-pour-2-personnes-a-saint-georges-de-didonne-1-510x340.png 510w, https:\/\/www.oceanvacances.com\/wp-content\/uploads\/2025\/10\/chambre-hotel-pour-2-personnes-a-saint-georges-de-didonne-1.png 1200w\" sizes=\"auto, (max-width: 1020px) 100vw, 1020px\" \/>\t\t\t\t\t\t\n\t\t\t\t\t<\/div>\n\t\t\t\t\t\t\t\t\n<style>\n#image_1497607342 {\n  width: 100%;\n}\n<\/style>\n\t<\/div>\n\t\n\t\t<\/div>\n\t\t\t\t\n<style>\n#col-284364674 > .col-inner {\n  margin: 0px 0px 0px 0px;\n}\n@media (min-width:550px) {\n  #col-284364674 > .col-inner {\n    margin: 50px 0px 0px 0px;\n  }\n}\n<\/style>\n\t<\/div>\n\n\t\n<\/div>\n<div class=\"row align-center\"  id=\"row-1896179218\">\n\n\t<div id=\"col-340306992\" class=\"col medium-5 small-12 large-5\"  >\n\t\t\t\t<div class=\"col-inner\"  >\n\t\t\t\n\t\t\t\n\t<div class=\"img has-hover x md-x lg-x y md-y lg-y\" id=\"image_1452778930\">\n\t\t\t\t\t\t\t\t<div class=\"img-inner image-cover dark\" style=\"padding-top:300px;\">\n\t\t\t<img loading=\"lazy\" decoding=\"async\" width=\"1020\" height=\"680\" src=\"https:\/\/www.oceanvacances.com\/wp-content\/uploads\/2025\/10\/hotel-ocean-vacances-avec-chambre-familiale-a-saint-georges-de-didonne-1020x680.png\" class=\"attachment-large size-large\" alt=\"Hotel Ocean Vacances Mit Familienzimmer in Saint Georges De Didonne\" srcset=\"https:\/\/www.oceanvacances.com\/wp-content\/uploads\/2025\/10\/hotel-ocean-vacances-avec-chambre-familiale-a-saint-georges-de-didonne-1020x680.png 1020w, https:\/\/www.oceanvacances.com\/wp-content\/uploads\/2025\/10\/hotel-ocean-vacances-avec-chambre-familiale-a-saint-georges-de-didonne-370x247.png 370w, https:\/\/www.oceanvacances.com\/wp-content\/uploads\/2025\/10\/hotel-ocean-vacances-avec-chambre-familiale-a-saint-georges-de-didonne-768x512.png 768w, https:\/\/www.oceanvacances.com\/wp-content\/uploads\/2025\/10\/hotel-ocean-vacances-avec-chambre-familiale-a-saint-georges-de-didonne-18x12.png 18w, https:\/\/www.oceanvacances.com\/wp-content\/uploads\/2025\/10\/hotel-ocean-vacances-avec-chambre-familiale-a-saint-georges-de-didonne-510x340.png 510w, https:\/\/www.oceanvacances.com\/wp-content\/uploads\/2025\/10\/hotel-ocean-vacances-avec-chambre-familiale-a-saint-georges-de-didonne.png 1200w\" sizes=\"auto, (max-width: 1020px) 100vw, 1020px\" \/>\t\t\t\t\t\t\n\t\t\t\t\t<\/div>\n\t\t\t\t\t\t\t\t\n<style>\n#image_1452778930 {\n  width: 100%;\n}\n<\/style>\n\t<\/div>\n\t\n\t\t<\/div>\n\t\t\t\t\n<style>\n#col-340306992 > .col-inner {\n  margin: 0px 0px 0px 0px;\n}\n@media (min-width:550px) {\n  #col-340306992 > .col-inner {\n    margin: 50px 0px 0px 0px;\n  }\n}\n<\/style>\n\t<\/div>\n\n\t\n\n\t<div id=\"col-2131697308\" class=\"col medium-12 small-12 large-7 small-col-first\"  >\n\t\t\t\t<div class=\"col-inner\"  >\n\t\t\t\n\t\t\t\n\t<div id=\"text-3624077234\" class=\"text li-check\">\n\t\t\n<h3>Die Familienzimmer<\/h3>\n<p>F\u00fcr Aufenthalte mit Kindern bietet unser Hotel 2 Familienzimmer, bestehend aus :<\/p>\n<ul>\n<li>ein Elternschlafzimmer (Bett 160 cm)<\/li>\n<li>einen Kinderbereich mit Etagenbetten<\/li>\n<li>20 m\u00b2<\/li>\n<li>eine private Terrasse<\/li>\n<li>Klimaanlage<\/li>\n<li>Fr\u00fchst\u00fcck inbegriffen<\/li>\n<\/ul>\n<p>So k\u00f6nnen Sie einen angenehmen Platz f\u00fcr die ganze Familie genie\u00dfen, nur wenige Schritte von den Aktivit\u00e4ten des Landgutes entfernt.<br \/>\n\t\t\t<\/div>\n\t\n<a href=\"https:\/\/www.oceanvacances.com\/de\/unterkunft-3\/mietunterkunfte-4-personen\/familienzimmer\/\" class=\"button primary\" >\n\t\t<span>ich buche<\/span>\n\t<\/a>\n\n\t\t<\/div>\n\t\t\t\t\n<style>\n#col-2131697308 > .col-inner {\n  padding: 0px 0 0px 0px;\n  margin: 0px 0px 30px 0px;\n}\n@media (min-width:550px) {\n  #col-2131697308 > .col-inner {\n    padding: 0px 10% 0px 0px;\n    margin: 50px 0px 0px 0px;\n  }\n}\n@media (min-width:850px) {\n  #col-2131697308 > .col-inner {\n    padding: 0px 50px 0px 0px;\n  }\n}\n<\/style>\n\t<\/div>\n\n\t\n<\/div>\n<div class=\"row row-large align-center\"  id=\"row-1527314025\">\n\n\t<div id=\"col-1272319751\" class=\"col medium-12 small-12 large-12 small-col-first\"  >\n\t\t\t\t<div class=\"col-inner\"  >\n\t\t\t\n\t\t\t\n<h2>Die Dienstleistungen unseres Hotels** in Charente Maritime<\/h2>\n\t\t<\/div>\n\t\t\t\t\n<style>\n#col-1272319751 > .col-inner {\n  padding: 0px 0 0px 0px;\n  margin: 0px 0px 0px 0px;\n}\n@media (min-width:550px) {\n  #col-1272319751 > .col-inner {\n    padding: 0px 10% 0px 0px;\n    margin: 50px 0px 0px 0px;\n  }\n}\n@media (min-width:850px) {\n  #col-1272319751 > .col-inner {\n    padding: 0px 0px 0px 0px;\n  }\n}\n<\/style>\n\t<\/div>\n\n\t\n\n\t<div id=\"col-1486925220\" class=\"col medium-12 small-12 large-8 small-col-first\"  >\n\t\t\t\t<div class=\"col-inner\"  >\n\t\t\t\n\t\t\t\n\t<div id=\"text-2263271316\" class=\"text li-check\">\n\t\t\n<p>In unserem 2-Sterne-Hotel profitieren Sie von Dienstleistungen, die darauf ausgelegt sind, Ihnen das Leben leichter zu machen:<\/p>\n<ul>\n<li>Inbegriffene Dienstleistungen<\/li>\n<li>Umkehrbare Klimaanlage<\/li>\n<li>Handt\u00fccher<\/li>\n<li>Wifi-Zugang in den Zimmern<\/li>\n<li>1 Parkplatz<\/li>\n<li>Nichtraucherzimmer<\/li>\n<li>Sicherheit durch individuellen Zugangscode<\/li>\n<li>Zugang zu Animationen<\/li>\n<li>Zugang zum Wasserbereich vom 1. Mai bis Mitte September (Schwimmb\u00e4der, Planschbecken, Rutschen, Jacuzzi, Schwimmfluss...)\u00a0<\/li>\n<\/ul>\n\t\t\t<\/div>\n\t\n\t\t<\/div>\n\t\t\t\t\n<style>\n#col-1486925220 > .col-inner {\n  padding: 0px 0 0px 0px;\n  margin: 0px 0px 0px 0px;\n}\n@media (min-width:550px) {\n  #col-1486925220 > .col-inner {\n    padding: 0px 10% 0px 0px;\n    margin: 0px 0px 0px 0px;\n  }\n}\n@media (min-width:850px) {\n  #col-1486925220 > .col-inner {\n    padding: 0px 0px 0px 0px;\n  }\n}\n<\/style>\n\t<\/div>\n\n\t\n\n\t<div id=\"col-1765865610\" class=\"col medium-12 small-12 large-4 small-col-first\"  >\n\t\t\t\t<div class=\"col-inner\"  >\n\t\t\t\n\t\t\t\n\t<div id=\"text-2295325649\" class=\"text li-check\">\n\t\t\n<p><strong>In der Hochsaison<\/strong><\/p>\n<ul>\n<li>Kontinentales Fr\u00fchst\u00fcck inbegriffen<\/li>\n<li>Nachtw\u00e4chter<\/li>\n<\/ul>\n<p><strong>In der Nebensaison<\/strong><\/p>\n<ul>\n<li>Kontinentales Fr\u00fchst\u00fcck inbegriffen<\/li>\n<\/ul>\n\t\t\t<\/div>\n\t\n\t\t<\/div>\n\t\t\t\t\n<style>\n#col-1765865610 > .col-inner {\n  padding: 0px 0 0px 0px;\n  margin: 0px 0px 0px 0px;\n}\n@media (min-width:550px) {\n  #col-1765865610 > .col-inner {\n    padding: 0px 10% 0px 0px;\n    margin: 0px 0px 0px 0px;\n  }\n}\n@media (min-width:850px) {\n  #col-1765865610 > .col-inner {\n    padding: 0px 0px 0px 0px;\n  }\n}\n<\/style>\n\t<\/div>\n\n\t\n<\/div>\n<div class=\"row row-large align-middle align-center\"  id=\"row-797125738\">\n\n\t<div id=\"col-1118279268\" class=\"col medium-12 small-12 large-12 small-col-first\"  >\n\t\t\t\t<div class=\"col-inner\"  >\n\t\t\t\n\t\t\t\n<h2>Hochwertige Ausstattung f\u00fcr ein familienfreundliches Camping****<\/h2>\n<p>Ein Aufenthalt auf dem Campingplatz von Oc\u00e9an Vacances bedeutet, den Komfort einer 4-Sterne-Anlage inmitten einer Dom\u00e4ne mit Premium-Ausstattung zu genie\u00dfen.<\/p>\n\t\t<\/div>\n\t\t\t\t\n<style>\n#col-1118279268 > .col-inner {\n  padding: 0px 0 0px 0px;\n  margin: 0px 0px 0px 0px;\n}\n@media (min-width:550px) {\n  #col-1118279268 > .col-inner {\n    padding: 0px 10% 0px 0px;\n    margin: 50px 0px 0px 0px;\n  }\n}\n@media (min-width:850px) {\n  #col-1118279268 > .col-inner {\n    padding: 0px 0px 0px 0px;\n  }\n}\n<\/style>\n\t<\/div>\n\n\t\n\n\t<div id=\"col-961853488\" class=\"col medium-5 small-12 large-5\"  >\n\t\t\t\t<div class=\"col-inner\"  >\n\t\t\t\n\t\t\t\n\t<div class=\"img has-hover x md-x lg-x y md-y lg-y\" id=\"image_324426745\">\n\t\t\t\t\t\t\t\t<div class=\"img-inner image-cover dark\" style=\"padding-top:300px;\">\n\t\t\t<img loading=\"lazy\" decoding=\"async\" width=\"1020\" height=\"892\" src=\"https:\/\/www.oceanvacances.com\/wp-content\/uploads\/2025\/11\/Bulles-sites-1020x892.png\" class=\"attachment-large size-large\" alt=\"Blasen Standorte\" srcset=\"https:\/\/www.oceanvacances.com\/wp-content\/uploads\/2025\/11\/Bulles-sites-1020x892.png 1020w, https:\/\/www.oceanvacances.com\/wp-content\/uploads\/2025\/11\/Bulles-sites-370x324.png 370w, https:\/\/www.oceanvacances.com\/wp-content\/uploads\/2025\/11\/Bulles-sites-768x672.png 768w, https:\/\/www.oceanvacances.com\/wp-content\/uploads\/2025\/11\/Bulles-sites-14x12.png 14w, https:\/\/www.oceanvacances.com\/wp-content\/uploads\/2025\/11\/Bulles-sites-510x446.png 510w, https:\/\/www.oceanvacances.com\/wp-content\/uploads\/2025\/11\/Bulles-sites.png 1500w\" sizes=\"auto, (max-width: 1020px) 100vw, 1020px\" \/>\t\t\t\t\t\t\n\t\t\t\t\t<\/div>\n\t\t\t\t\t\t\t\t\n<style>\n#image_324426745 {\n  width: 100%;\n}\n<\/style>\n\t<\/div>\n\t\n\t\t<\/div>\n\t\t\t\t\n<style>\n#col-961853488 > .col-inner {\n  margin: 0px 0px 30px 0px;\n}\n@media (min-width:550px) {\n  #col-961853488 > .col-inner {\n    margin: 0px 0px 0px 0px;\n  }\n}\n<\/style>\n\t<\/div>\n\n\t\n\n\t<div id=\"col-196661035\" class=\"col medium-12 small-12 large-6 small-col-first\"  >\n\t\t\t\t<div class=\"col-inner\"  >\n\t\t\t\n\t\t\t\n\t<div id=\"text-2822256641\" class=\"text li-check\">\n\t\t\n<h3>Ein kompletter Wasserbereich<\/h3>\n<ul>\n<li>Gro\u00df <a href=\"https:\/\/www.oceanvacances.com\/de\/camping-swimmingpool-royan\/\"><strong>beheiztes Becken<\/strong> <\/a>140 m\u00b2 (80 cm bis 1,40 m)<\/li>\n<li>Schwimmender Fluss<\/li>\n<li>Jacuzzi<\/li>\n<li>Planschbecken 40 cm<\/li>\n<li>Rutschen (R\u00f6hre + Pentagliss)<\/li>\n<li>Spielbereiche f\u00fcr Kinder<\/li>\n<li>Liegest\u00fchle, schattige Bereiche und Solarium<\/li>\n<\/ul>\n\t\t\t<\/div>\n\t\n\t\t<\/div>\n\t\t\t\t\n<style>\n#col-196661035 > .col-inner {\n  padding: 0px 0 0px 0px;\n  margin: 0px 0px 0px 0px;\n}\n@media (min-width:550px) {\n  #col-196661035 > .col-inner {\n    padding: 0px 10% 0px 0px;\n    margin: 0px 0px 0px 0px;\n  }\n}\n@media (min-width:850px) {\n  #col-196661035 > .col-inner {\n    padding: 0px 0px 0px 0px;\n  }\n}\n<\/style>\n\t<\/div>\n\n\t\n<\/div>\n<div class=\"row row-large align-middle align-center\"  id=\"row-497379488\">\n\n\t<div id=\"col-916274715\" class=\"col medium-12 small-12 large-4 small-col-first\"  >\n\t\t\t\t<div class=\"col-inner\"  >\n\t\t\t\n\t\t\t\n\t<div id=\"text-4200785189\" class=\"text li-check\">\n\t\t\n<h3>Ein Wellnessbereich<\/h3>\n<ul>\n<li>Jacuzzi<\/li>\n<li>Hamam<\/li>\n<li>Sporthalle<\/li>\n<\/ul>\n<p>Die Geb\u00fchren von de <a href=\"https:\/\/www.oceanvacances.com\/de\/camping-am-meer-royan\/entspannungsraum\/\"><strong>der Entspannungsbereich<\/strong><\/a> sind an der Rezeption erh\u00e4ltlich.<\/p>\n\t\t\t<\/div>\n\t\n\t\t<\/div>\n\t\t\t\t\n<style>\n#col-916274715 > .col-inner {\n  padding: 0px 0 0px 0px;\n  margin: 0px 0px 0px 0px;\n}\n@media (min-width:550px) {\n  #col-916274715 > .col-inner {\n    padding: 0px 10% 0px 0px;\n    margin: 50px 0px 0px 0px;\n  }\n}\n@media (min-width:850px) {\n  #col-916274715 > .col-inner {\n    padding: 0px 0px 0px 0px;\n  }\n}\n<\/style>\n\t<\/div>\n\n\t\n\n\t<div id=\"col-1627600420\" class=\"col medium-5 small-12 large-5\"  >\n\t\t\t\t<div class=\"col-inner\"  >\n\t\t\t\n\t\t\t\n\t<div class=\"img has-hover x md-x lg-x y md-y lg-y\" id=\"image_623819902\">\n\t\t\t\t\t\t\t\t<div class=\"img-inner image-cover dark\" style=\"padding-top:300px;\">\n\t\t\t<img loading=\"lazy\" decoding=\"async\" width=\"1020\" height=\"680\" src=\"https:\/\/www.oceanvacances.com\/wp-content\/uploads\/2025\/11\/hamman-jacuzzi-saint-georges-de-didonne-1020x680.png\" class=\"attachment-large size-large\" alt=\"Hamman Jacuzzi Saint Georges De Didonne\" srcset=\"https:\/\/www.oceanvacances.com\/wp-content\/uploads\/2025\/11\/hamman-jacuzzi-saint-georges-de-didonne-1020x680.png 1020w, https:\/\/www.oceanvacances.com\/wp-content\/uploads\/2025\/11\/hamman-jacuzzi-saint-georges-de-didonne-370x247.png 370w, https:\/\/www.oceanvacances.com\/wp-content\/uploads\/2025\/11\/hamman-jacuzzi-saint-georges-de-didonne-768x512.png 768w, https:\/\/www.oceanvacances.com\/wp-content\/uploads\/2025\/11\/hamman-jacuzzi-saint-georges-de-didonne-18x12.png 18w, https:\/\/www.oceanvacances.com\/wp-content\/uploads\/2025\/11\/hamman-jacuzzi-saint-georges-de-didonne-510x340.png 510w, https:\/\/www.oceanvacances.com\/wp-content\/uploads\/2025\/11\/hamman-jacuzzi-saint-georges-de-didonne.png 1200w\" sizes=\"auto, (max-width: 1020px) 100vw, 1020px\" \/>\t\t\t\t\t\t\n\t\t\t\t\t<\/div>\n\t\t\t\t\t\t\t\t\n<style>\n#image_623819902 {\n  width: 100%;\n}\n<\/style>\n\t<\/div>\n\t\n\t\t<\/div>\n\t\t\t\t\n<style>\n#col-1627600420 > .col-inner {\n  margin: 0px 0px 30px 0px;\n}\n@media (min-width:550px) {\n  #col-1627600420 > .col-inner {\n    margin: 50px 0px 0px 0px;\n  }\n}\n<\/style>\n\t<\/div>\n\n\t\n<\/div>\n<div class=\"row row-large align-middle align-center\"  id=\"row-219065572\">\n\n\t<div id=\"col-1148383090\" class=\"col medium-5 small-12 large-5\"  >\n\t\t\t\t<div class=\"col-inner\"  >\n\t\t\t\n\t\t\t\n\t<div class=\"img has-hover x md-x lg-x y md-y lg-y\" id=\"image_1302264200\">\n\t\t\t\t\t\t\t\t<div class=\"img-inner image-cover dark\" style=\"padding-top:300px;\">\n\t\t\t<img loading=\"lazy\" decoding=\"async\" width=\"1020\" height=\"680\" src=\"https:\/\/www.oceanvacances.com\/wp-content\/uploads\/2025\/11\/animations-au-camping-ocean-vacances-1020x680.png\" class=\"attachment-large size-large\" alt=\"Animationen Auf Dem Campingplatz Oc\u00e9an Vacances\" srcset=\"https:\/\/www.oceanvacances.com\/wp-content\/uploads\/2025\/11\/animations-au-camping-ocean-vacances-1020x680.png 1020w, https:\/\/www.oceanvacances.com\/wp-content\/uploads\/2025\/11\/animations-au-camping-ocean-vacances-370x247.png 370w, https:\/\/www.oceanvacances.com\/wp-content\/uploads\/2025\/11\/animations-au-camping-ocean-vacances-768x512.png 768w, https:\/\/www.oceanvacances.com\/wp-content\/uploads\/2025\/11\/animations-au-camping-ocean-vacances-18x12.png 18w, https:\/\/www.oceanvacances.com\/wp-content\/uploads\/2025\/11\/animations-au-camping-ocean-vacances-510x340.png 510w, https:\/\/www.oceanvacances.com\/wp-content\/uploads\/2025\/11\/animations-au-camping-ocean-vacances.png 1200w\" sizes=\"auto, (max-width: 1020px) 100vw, 1020px\" \/>\t\t\t\t\t\t\n\t\t\t\t\t<\/div>\n\t\t\t\t\t\t\t\t\n<style>\n#image_1302264200 {\n  width: 100%;\n}\n<\/style>\n\t<\/div>\n\t\n\t\t<\/div>\n\t\t\t\t\n<style>\n#col-1148383090 > .col-inner {\n  margin: 0px 0px 30px 0px;\n}\n@media (min-width:550px) {\n  #col-1148383090 > .col-inner {\n    margin: 50px 0px 0px 0px;\n  }\n}\n<\/style>\n\t<\/div>\n\n\t\n\n\t<div id=\"col-2106243782\" class=\"col medium-12 small-12 large-6 small-col-first\"  >\n\t\t\t\t<div class=\"col-inner\"  >\n\t\t\t\n\t\t\t\n\t<div id=\"text-1269093413\" class=\"text li-check\">\n\t\t\n<h3>Zahlreiche Aktivit\u00e4ten<\/h3>\n<ul>\n<li><a href=\"https:\/\/www.oceanvacances.com\/de\/camping-am-meer-royan\/camping-animationen-charente-maritime\/\"><strong>Unterhaltung<\/strong><\/a> tags\u00fcber und abends (nur im Juli und August).<\/li>\n<li>Minigolf<\/li>\n<li>Sportpl\u00e4tze<\/li>\n<li>Kinderclub<\/li>\n<li>Aperitifspiele, Kabarettabende, Shows...<\/li>\n<\/ul>\n\t\t\t<\/div>\n\t\n\t\t<\/div>\n\t\t\t\t\n<style>\n#col-2106243782 > .col-inner {\n  padding: 0px 0 0px 0px;\n  margin: 0px 0px 0px 0px;\n}\n@media (min-width:550px) {\n  #col-2106243782 > .col-inner {\n    padding: 0px 10% 0px 0px;\n    margin: 50px 0px 0px 0px;\n  }\n}\n@media (min-width:850px) {\n  #col-2106243782 > .col-inner {\n    padding: 0px 0px 0px 0px;\n  }\n}\n<\/style>\n\t<\/div>\n\n\t\n<\/div>\n<div class=\"row row-large align-middle align-center\"  id=\"row-1779271683\">\n\n\t<div id=\"col-1947845057\" class=\"col medium-12 small-12 large-5 small-col-first\"  >\n\t\t\t\t<div class=\"col-inner\"  >\n\t\t\t\n\t\t\t\n\t<div id=\"text-2743744838\" class=\"text li-check\">\n\t\t\n<h3>Praktische Dienste<\/h3>\n<ul>\n<li><a href=\"https:\/\/www.oceanvacances.com\/de\/camping-am-meer-royan\/geschafte\/\"><strong>Snackbar<\/strong> <\/a>nur im Juli und August.<\/li>\n<li>Schneller Zugang zum Strand<\/li>\n<li>N\u00e4he <a href=\"https:\/\/www.oceanvacances.com\/de\/camping-charente-maritime\/\"><strong>Royan<\/strong><\/a>, Meschers, <a href=\"https:\/\/www.oceanvacances.com\/de\/besuche-talmont-sur-gironde\/\"><strong>Talmont-sur-Gironde<\/strong><\/a>\u2026<\/li>\n<\/ul>\n\t\t\t<\/div>\n\t\n\t\t<\/div>\n\t\t\t\t\n<style>\n#col-1947845057 > .col-inner {\n  padding: 0px 0 0px 0px;\n  margin: 0px 0px 0px 0px;\n}\n@media (min-width:550px) {\n  #col-1947845057 > .col-inner {\n    padding: 0px 10% 0px 0px;\n    margin: 50px 0px 0px 0px;\n  }\n}\n@media (min-width:850px) {\n  #col-1947845057 > .col-inner {\n    padding: 0px 0px 0px 0px;\n  }\n}\n<\/style>\n\t<\/div>\n\n\t\n\n\t<div id=\"col-606171500\" class=\"col medium-5 small-12 large-5\"  >\n\t\t\t\t<div class=\"col-inner\"  >\n\t\t\t\n\t\t\t\n\t<div class=\"img has-hover x md-x lg-x y md-y lg-y\" id=\"image_884153284\">\n\t\t\t\t\t\t\t\t<div class=\"img-inner image-cover dark\" style=\"padding-top:300px;\">\n\t\t\t<img loading=\"lazy\" decoding=\"async\" width=\"1020\" height=\"680\" src=\"https:\/\/www.oceanvacances.com\/wp-content\/uploads\/2025\/11\/snack-ocean-vacances-1020x680.png\" class=\"attachment-large size-large\" alt=\"Snack Oc\u00e9an Vacances\" srcset=\"https:\/\/www.oceanvacances.com\/wp-content\/uploads\/2025\/11\/snack-ocean-vacances-1020x680.png 1020w, https:\/\/www.oceanvacances.com\/wp-content\/uploads\/2025\/11\/snack-ocean-vacances-370x247.png 370w, https:\/\/www.oceanvacances.com\/wp-content\/uploads\/2025\/11\/snack-ocean-vacances-768x512.png 768w, https:\/\/www.oceanvacances.com\/wp-content\/uploads\/2025\/11\/snack-ocean-vacances-18x12.png 18w, https:\/\/www.oceanvacances.com\/wp-content\/uploads\/2025\/11\/snack-ocean-vacances-510x340.png 510w, https:\/\/www.oceanvacances.com\/wp-content\/uploads\/2025\/11\/snack-ocean-vacances.png 1200w\" sizes=\"auto, (max-width: 1020px) 100vw, 1020px\" \/>\t\t\t\t\t\t\n\t\t\t\t\t<\/div>\n\t\t\t\t\t\t\t\t\n<style>\n#image_884153284 {\n  width: 100%;\n}\n<\/style>\n\t<\/div>\n\t\n\t\t<\/div>\n\t\t\t\t\n<style>\n#col-606171500 > .col-inner {\n  margin: 0px 0px 0px 0px;\n}\n@media (min-width:550px) {\n  #col-606171500 > .col-inner {\n    margin: 50px 0px 0px 0px;\n  }\n}\n<\/style>\n\t<\/div>\n\n\t\n\n\t<div id=\"col-1296795788\" class=\"col medium-12 small-12 large-12 small-col-first\"  >\n\t\t\t\t<div class=\"col-inner text-center\"  >\n\t\t\t\n\t\t\t\n<a href=\"https:\/\/www.oceanvacances.com\/de\/unterkunft\/hotel\/\" class=\"button primary\" >\n\t\t<span>Ich buche ein Hotelzimmer<\/span>\n\t<\/a>\n\n\t\t<\/div>\n\t\t\t\t\n<style>\n#col-1296795788 > .col-inner {\n  padding: 0px 0 0px 0px;\n  margin: 0px 0px 0px 0px;\n}\n@media (min-width:550px) {\n  #col-1296795788 > .col-inner {\n    padding: 0px 10% 0px 0px;\n    margin: 50px 0px 0px 0px;\n  }\n}\n@media (min-width:850px) {\n  #col-1296795788 > .col-inner {\n    padding: 0px 0px 0px 0px;\n  }\n}\n<\/style>\n\t<\/div>\n\n\t\n<\/div>\n\t\t<\/div>\n\n\t\t\n<style>\n#section_427478675 {\n  padding-top: 0px;\n  padding-bottom: 0px;\n}\n<\/style>\n\t<\/section>\n\t\n\n\t<section class=\"section\" id=\"section_395430344\">\n\t\t<div class=\"section-bg fill\" >\n\t\t\t\t\t\t\t\t\t\n\t\t\t\n\t<div class=\"is-border\"\n\t\tstyle=\"border-width:0px 0px 0px 0px;\">\n\t<\/div>\n\n\t\t<\/div>\n\n\t\t\n\n\t\t<div class=\"section-content relative\">\n\t\t\t\n<div class=\"row align-center\"  id=\"row-772596610\">\n\n\t<div id=\"col-1846256313\" class=\"col medium-10 small-12 large-10\"  >\n\t\t\t\t<div class=\"col-inner\"  >\n\t\t\t\n\t\t\t\n<h2 style=\"margin-bottom: 30px;\">Fragen zu unserem Hotel<\/h2>\n<div class=\"accordion\">\n\t<div id=\"accordion-3292235119\" class=\"accordion-item\">\n\t\t<a id=\"accordion-3292235119-label\" class=\"accordion-title plain\" href=\"#accordion-item-les-chambres-sont-elles-climatis\u00e9es-?\" aria-expanded=\"false\" aria-controls=\"accordion-3292235119-content\">\n\t\t\t<button class=\"toggle\" aria-label=\"Umschalten\"><i class=\"icon-angle-down\" aria-hidden=\"true\"><\/i><\/button>\n\t\t\t<span>Sind die Zimmer klimatisiert?<\/span>\n\t\t<\/a>\n\t\t<div id=\"accordion-3292235119-content\" class=\"accordion-inner\" aria-labelledby=\"accordion-3292235119-label\">\n\t\t\t\n<p>Ja, alle Zimmer des Hotels sind klimatisiert.<\/p>\n\t\t<\/div>\n\t<\/div>\n\t\n\t<div id=\"accordion-900247649\" class=\"accordion-item\">\n\t\t<a id=\"accordion-900247649-label\" class=\"accordion-title plain\" href=\"#accordion-item-quels-sont-les-horaires-du-check-in-et-check-out-?\" aria-expanded=\"false\" aria-controls=\"accordion-900247649-content\">\n\t\t\t<button class=\"toggle\" aria-label=\"Umschalten\"><i class=\"icon-angle-down\" aria-hidden=\"true\"><\/i><\/button>\n\t\t\t<span>Wie sind die Zeiten f\u00fcr Check-in und Check-out?<\/span>\n\t\t<\/a>\n\t\t<div id=\"accordion-900247649-content\" class=\"accordion-inner\" aria-labelledby=\"accordion-900247649-label\">\n\t\t\t\n<div>Wir bem\u00fchen uns, Ihnen die Schl\u00fcssel f\u00fcr Ihr Zimmer zu \u00fcbergeben.\u00a0<strong>ab 15 Uhr<\/strong>. Es kann jedoch zu einer leichten Verz\u00f6gerung kommen; wir danken Ihnen im Voraus f\u00fcr Ihr Verst\u00e4ndnis.<\/div>\n<div>\u00a0<\/div>\n<div>Wir bitten Sie daher, Ihr Zimmer zu r\u00e4umen.<strong>\u00a0um 10 Uhr<\/strong>\u00a0am Tag Ihrer Abreise.<\/div>\n\t\t<\/div>\n\t<\/div>\n\t\n\t<div id=\"accordion-2692764851\" class=\"accordion-item\">\n\t\t<a id=\"accordion-2692764851-label\" class=\"accordion-title plain\" href=\"#accordion-item-peut-on-acc\u00e9der-au-parc-aquatique-en-s\u00e9journant-\u00e0-l\u2019h\u00f4tel-?\" aria-expanded=\"false\" aria-controls=\"accordion-2692764851-content\">\n\t\t\t<button class=\"toggle\" aria-label=\"Umschalten\"><i class=\"icon-angle-down\" aria-hidden=\"true\"><\/i><\/button>\n\t\t\t<span>Kann man den Wasserpark betreten, wenn man im Hotel \u00fcbernachtet?<\/span>\n\t\t<\/a>\n\t\t<div id=\"accordion-2692764851-content\" class=\"accordion-inner\" aria-labelledby=\"accordion-2692764851-label\">\n\t\t\t\n<p>Ja, der Zugang zu allen Schwimmb\u00e4dern ist unbegrenzt.<\/p>\n\t\t<\/div>\n\t<\/div>\n\t\n\t<div id=\"accordion-3314845557\" class=\"accordion-item\">\n\t\t<a id=\"accordion-3314845557-label\" class=\"accordion-title plain\" href=\"#accordion-item-les-animaux-sont-ils-accept\u00e9s-?\" aria-expanded=\"false\" aria-controls=\"accordion-3314845557-content\">\n\t\t\t<button class=\"toggle\" aria-label=\"Umschalten\"><i class=\"icon-angle-down\" aria-hidden=\"true\"><\/i><\/button>\n\t\t\t<span>Sind Haustiere erlaubt?<\/span>\n\t\t<\/a>\n\t\t<div id=\"accordion-3314845557-content\" class=\"accordion-inner\" aria-labelledby=\"accordion-3314845557-label\">\n\t\t\t\n<p>Nein, Haustiere sind in den Hotelzimmern nicht erlaubt.<\/p>\n\t\t<\/div>\n\t<\/div>\n\t\n\t<div id=\"accordion-1288243048\" class=\"accordion-item\">\n\t\t<a id=\"accordion-1288243048-label\" class=\"accordion-title plain\" href=\"#accordion-item-l\u2019h\u00f4tel-est-il-accessible-aux-personnes-\u00e0-mobilit\u00e9-r\u00e9duite-?\" aria-expanded=\"false\" aria-controls=\"accordion-1288243048-content\">\n\t\t\t<button class=\"toggle\" aria-label=\"Umschalten\"><i class=\"icon-angle-down\" aria-hidden=\"true\"><\/i><\/button>\n\t\t\t<span>Ist das Hotel f\u00fcr Menschen mit eingeschr\u00e4nkter Mobilit\u00e4t zug\u00e4nglich?<\/span>\n\t\t<\/a>\n\t\t<div id=\"accordion-1288243048-content\" class=\"accordion-inner\" aria-labelledby=\"accordion-1288243048-label\">\n\t\t\t\n<p>Das Hotel ist nicht f\u00fcr Personen mit eingeschr\u00e4nkter Mobilit\u00e4t geeignet, sowohl aufgrund seiner Infrastruktur als auch aufgrund seines Zugangs, der f\u00fcr Rollstuhlfahrer oder Personen mit eingeschr\u00e4nkter Mobilit\u00e4t ungeeignet ist.<\/p>\n\t\t<\/div>\n\t<\/div>\n\t\n\t<div id=\"accordion-1934428459\" class=\"accordion-item\">\n\t\t<a id=\"accordion-1934428459-label\" class=\"accordion-title plain\" href=\"#accordion-item-y-a-t-il-un-parking-?\" aria-expanded=\"false\" aria-controls=\"accordion-1934428459-content\">\n\t\t\t<button class=\"toggle\" aria-label=\"Umschalten\"><i class=\"icon-angle-down\" aria-hidden=\"true\"><\/i><\/button>\n\t\t\t<span>Gibt es einen Parkplatz?<\/span>\n\t\t<\/a>\n\t\t<div id=\"accordion-1934428459-content\" class=\"accordion-inner\" aria-labelledby=\"accordion-1934428459-label\">\n\t\t\t\n<p>Ja, ein Parkplatz ist f\u00fcr jedes Zimmer inbegriffen.<\/p>\n\t\t<\/div>\n\t<\/div>\n\t\n<\/div>\n\t\t<\/div>\n\t\t\t\t\n<style>\n#col-1846256313 > .col-inner {\n  margin: 0px 0px 0px 0px;\n}\n@media (min-width:550px) {\n  #col-1846256313 > .col-inner {\n    margin: 50px 0px 0px 0px;\n  }\n}\n<\/style>\n\t<\/div>\n\n\t\n<\/div>\n\t\t<\/div>\n\n\t\t\n<style>\n#section_395430344 {\n  padding-top: 30px;\n  padding-bottom: 30px;\n}\n<\/style>\n\t<\/section>","protected":false},"excerpt":{"rendered":"","protected":false},"author":7,"featured_media":0,"parent":0,"menu_order":0,"comment_status":"closed","ping_status":"closed","template":"page-blank.php","meta":{"_acf_changed":false,"inline_featured_image":false,"footnotes":""},"class_list":["post-8771","page","type-page","status-publish","hentry"],"acf":[],"yoast_head":"<!-- This site is optimized with the Yoast SEO plugin v27.5 - https:\/\/yoast.com\/product\/yoast-seo-wordpress\/ -->\n<title>H\u00f4tel \u00e0 Saint Georges de Didonne en Charente Maritime<\/title>\n<meta name=\"description\" content=\"Offrez-vous une escapade \u00e0 Saint Georges de Didonne ! H\u00f4tel en Charente-Maritime avec chambres confortables et acc\u00e8s rapide \u00e0 la plage.\" \/>\n<meta name=\"robots\" content=\"index, follow, max-snippet:-1, max-image-preview:large, max-video-preview:-1\" \/>\n<link rel=\"canonical\" href=\"https:\/\/www.oceanvacances.com\/de\/hotel-saint-georges-de-didonne\/\" \/>\n<meta property=\"og:locale\" content=\"de_DE\" \/>\n<meta property=\"og:type\" content=\"article\" \/>\n<meta property=\"og:title\" content=\"H\u00f4tel \u00e0 Saint Georges de Didonne en Charente Maritime\" \/>\n<meta property=\"og:description\" content=\"Offrez-vous une escapade \u00e0 Saint Georges de Didonne ! H\u00f4tel en Charente-Maritime avec chambres confortables et acc\u00e8s rapide \u00e0 la plage.\" \/>\n<meta property=\"og:url\" content=\"https:\/\/www.oceanvacances.com\/de\/hotel-saint-georges-de-didonne\/\" \/>\n<meta property=\"og:site_name\" content=\"Oc\u00e9an Vacances\" \/>\n<meta property=\"article:publisher\" content=\"https:\/\/www.facebook.com\/oceanvacances\/\" \/>\n<meta property=\"article:modified_time\" content=\"2026-03-24T15:34:57+00:00\" \/>\n<meta name=\"twitter:card\" content=\"summary_large_image\" \/>\n<meta name=\"twitter:label1\" content=\"Gesch\u00e4tzte Lesezeit\" \/>\n\t<meta name=\"twitter:data1\" content=\"7\u00a0Minuten\" \/>\n<script type=\"application\/ld+json\" class=\"yoast-schema-graph\">{\"@context\":\"https:\\\/\\\/schema.org\",\"@graph\":[{\"@type\":\"WebPage\",\"@id\":\"https:\\\/\\\/www.oceanvacances.com\\\/hotel-saint-georges-de-didonne\\\/\",\"url\":\"https:\\\/\\\/www.oceanvacances.com\\\/hotel-saint-georges-de-didonne\\\/\",\"name\":\"H\u00f4tel \u00e0 Saint Georges de Didonne en Charente Maritime\",\"isPartOf\":{\"@id\":\"https:\\\/\\\/www.oceanvacances.com\\\/#website\"},\"datePublished\":\"2025-11-19T17:05:50+00:00\",\"dateModified\":\"2026-03-24T15:34:57+00:00\",\"description\":\"Offrez-vous une escapade \u00e0 Saint Georges de Didonne ! H\u00f4tel en Charente-Maritime avec chambres confortables et acc\u00e8s rapide \u00e0 la plage.\",\"breadcrumb\":{\"@id\":\"https:\\\/\\\/www.oceanvacances.com\\\/hotel-saint-georges-de-didonne\\\/#breadcrumb\"},\"inLanguage\":\"de\",\"potentialAction\":[{\"@type\":\"ReadAction\",\"target\":[\"https:\\\/\\\/www.oceanvacances.com\\\/hotel-saint-georges-de-didonne\\\/\"]}]},{\"@type\":\"BreadcrumbList\",\"@id\":\"https:\\\/\\\/www.oceanvacances.com\\\/hotel-saint-georges-de-didonne\\\/#breadcrumb\",\"itemListElement\":[{\"@type\":\"ListItem\",\"position\":1,\"name\":\"Home\",\"item\":\"https:\\\/\\\/www.oceanvacances.com\\\/\"},{\"@type\":\"ListItem\",\"position\":2,\"name\":\"H\u00f4tel Saint Georges de Didonne\"}]},{\"@type\":\"WebSite\",\"@id\":\"https:\\\/\\\/www.oceanvacances.com\\\/#website\",\"url\":\"https:\\\/\\\/www.oceanvacances.com\\\/\",\"name\":\"Oc\u00e9an Vacances\",\"description\":\"Votre village vacances pr\u00e8s de Royan\",\"publisher\":{\"@id\":\"https:\\\/\\\/www.oceanvacances.com\\\/#organization\"},\"alternateName\":\"Camping les Embruns d'Ol\u00e9ron\",\"potentialAction\":[{\"@type\":\"SearchAction\",\"target\":{\"@type\":\"EntryPoint\",\"urlTemplate\":\"https:\\\/\\\/www.oceanvacances.com\\\/?s={search_term_string}\"},\"query-input\":{\"@type\":\"PropertyValueSpecification\",\"valueRequired\":true,\"valueName\":\"search_term_string\"}}],\"inLanguage\":\"de\"},{\"@type\":\"Organization\",\"@id\":\"https:\\\/\\\/www.oceanvacances.com\\\/#organization\",\"name\":\"Oc\u00e9an Vacances\",\"url\":\"https:\\\/\\\/www.oceanvacances.com\\\/\",\"logo\":{\"@type\":\"ImageObject\",\"inLanguage\":\"de\",\"@id\":\"https:\\\/\\\/www.oceanvacances.com\\\/#\\\/schema\\\/logo\\\/image\\\/\",\"url\":\"https:\\\/\\\/www.oceanvacances.com\\\/wp-content\\\/uploads\\\/2025\\\/10\\\/ocean-vacances-logo-color.svg\",\"contentUrl\":\"https:\\\/\\\/www.oceanvacances.com\\\/wp-content\\\/uploads\\\/2025\\\/10\\\/ocean-vacances-logo-color.svg\",\"width\":457,\"height\":201,\"caption\":\"Oc\u00e9an Vacances\"},\"image\":{\"@id\":\"https:\\\/\\\/www.oceanvacances.com\\\/#\\\/schema\\\/logo\\\/image\\\/\"},\"sameAs\":[\"https:\\\/\\\/www.facebook.com\\\/oceanvacances\\\/\",\"https:\\\/\\\/www.youtube.com\\\/@Campaldia\",\"https:\\\/\\\/www.instagram.com\\\/campingoceanvacances\\\/\"]}]}<\/script>\n<!-- \/ Yoast SEO plugin. -->","yoast_head_json":{"title":"Hotel in Saint Georges de Didonne in Charente Maritime","description":"G\u00f6nnen Sie sich eine Auszeit in Saint Georges de Didonne! Hotel in der Charente-Maritime mit komfortablen Zimmern und schnellem Zugang zum Strand.","robots":{"index":"index","follow":"follow","max-snippet":"max-snippet:-1","max-image-preview":"max-image-preview:large","max-video-preview":"max-video-preview:-1"},"canonical":"https:\/\/www.oceanvacances.com\/de\/hotel-saint-georges-de-didonne\/","og_locale":"de_DE","og_type":"article","og_title":"H\u00f4tel \u00e0 Saint Georges de Didonne en Charente Maritime","og_description":"Offrez-vous une escapade \u00e0 Saint Georges de Didonne ! H\u00f4tel en Charente-Maritime avec chambres confortables et acc\u00e8s rapide \u00e0 la plage.","og_url":"https:\/\/www.oceanvacances.com\/de\/hotel-saint-georges-de-didonne\/","og_site_name":"Oc\u00e9an Vacances","article_publisher":"https:\/\/www.facebook.com\/oceanvacances\/","article_modified_time":"2026-03-24T15:34:57+00:00","twitter_card":"summary_large_image","twitter_misc":{"Gesch\u00e4tzte Lesezeit":"7\u00a0Minuten"},"schema":{"@context":"https:\/\/schema.org","@graph":[{"@type":"WebPage","@id":"https:\/\/www.oceanvacances.com\/hotel-saint-georges-de-didonne\/","url":"https:\/\/www.oceanvacances.com\/hotel-saint-georges-de-didonne\/","name":"Hotel in Saint Georges de Didonne in Charente Maritime","isPartOf":{"@id":"https:\/\/www.oceanvacances.com\/#website"},"datePublished":"2025-11-19T17:05:50+00:00","dateModified":"2026-03-24T15:34:57+00:00","description":"G\u00f6nnen Sie sich eine Auszeit in Saint Georges de Didonne! Hotel in der Charente-Maritime mit komfortablen Zimmern und schnellem Zugang zum Strand.","breadcrumb":{"@id":"https:\/\/www.oceanvacances.com\/hotel-saint-georges-de-didonne\/#breadcrumb"},"inLanguage":"de","potentialAction":[{"@type":"ReadAction","target":["https:\/\/www.oceanvacances.com\/hotel-saint-georges-de-didonne\/"]}]},{"@type":"BreadcrumbList","@id":"https:\/\/www.oceanvacances.com\/hotel-saint-georges-de-didonne\/#breadcrumb","itemListElement":[{"@type":"ListItem","position":1,"name":"Home","item":"https:\/\/www.oceanvacances.com\/"},{"@type":"ListItem","position":2,"name":"H\u00f4tel Saint Georges de Didonne"}]},{"@type":"WebSite","@id":"https:\/\/www.oceanvacances.com\/#website","url":"https:\/\/www.oceanvacances.com\/","name":"Ocean Vacances","description":"Ihr Feriendorf in der N\u00e4he von Royan","publisher":{"@id":"https:\/\/www.oceanvacances.com\/#organization"},"alternateName":"Camping les Embruns d'Ol\u00e9ron","potentialAction":[{"@type":"SearchAction","target":{"@type":"EntryPoint","urlTemplate":"https:\/\/www.oceanvacances.com\/?s={search_term_string}"},"query-input":{"@type":"PropertyValueSpecification","valueRequired":true,"valueName":"search_term_string"}}],"inLanguage":"de"},{"@type":"Organization","@id":"https:\/\/www.oceanvacances.com\/#organization","name":"Ocean Vacances","url":"https:\/\/www.oceanvacances.com\/","logo":{"@type":"ImageObject","inLanguage":"de","@id":"https:\/\/www.oceanvacances.com\/#\/schema\/logo\/image\/","url":"https:\/\/www.oceanvacances.com\/wp-content\/uploads\/2025\/10\/ocean-vacances-logo-color.svg","contentUrl":"https:\/\/www.oceanvacances.com\/wp-content\/uploads\/2025\/10\/ocean-vacances-logo-color.svg","width":457,"height":201,"caption":"Oc\u00e9an Vacances"},"image":{"@id":"https:\/\/www.oceanvacances.com\/#\/schema\/logo\/image\/"},"sameAs":["https:\/\/www.facebook.com\/oceanvacances\/","https:\/\/www.youtube.com\/@Campaldia","https:\/\/www.instagram.com\/campingoceanvacances\/"]}]}},"_links":{"self":[{"href":"https:\/\/www.oceanvacances.com\/de\/wp-json\/wp\/v2\/pages\/8771","targetHints":{"allow":["GET"]}}],"collection":[{"href":"https:\/\/www.oceanvacances.com\/de\/wp-json\/wp\/v2\/pages"}],"about":[{"href":"https:\/\/www.oceanvacances.com\/de\/wp-json\/wp\/v2\/types\/page"}],"author":[{"embeddable":true,"href":"https:\/\/www.oceanvacances.com\/de\/wp-json\/wp\/v2\/users\/7"}],"replies":[{"embeddable":true,"href":"https:\/\/www.oceanvacances.com\/de\/wp-json\/wp\/v2\/comments?post=8771"}],"version-history":[{"count":48,"href":"https:\/\/www.oceanvacances.com\/de\/wp-json\/wp\/v2\/pages\/8771\/revisions"}],"predecessor-version":[{"id":9741,"href":"https:\/\/www.oceanvacances.com\/de\/wp-json\/wp\/v2\/pages\/8771\/revisions\/9741"}],"wp:attachment":[{"href":"https:\/\/www.oceanvacances.com\/de\/wp-json\/wp\/v2\/media?parent=8771"}],"curies":[{"name":"wp","href":"https:\/\/api.w.org\/{rel}","templated":true}]}}